{"id":17,"date":"2016-08-30T20:50:18","date_gmt":"2016-08-30T18:50:18","guid":{"rendered":"http:\/\/oronsko.org\/?page_id=17"},"modified":"2022-05-24T19:55:56","modified_gmt":"2022-05-24T17:55:56","slug":"galeria","status":"publish","type":"page","link":"https:\/\/oronsko.org\/?page_id=17","title":{"rendered":"Galeria"},"content":{"rendered":"\r\n<div class=\"ngg-albumoverview\">\r\n\r\n\t<!-- List of galleries -->\r\n\t\r\n\t<div class=\"ngg-album-compact\">\r\n\t\t<div class=\"ngg-album-compactbox\">\r\n\t\t\t<div class=\"ngg-album-link\">\r\n\t\t\t\t<a class=\"Link\" href=\"https:\/\/oronsko.org\/?page_id=17&amp;album=3&amp;gallery=202\">\r\n\t\t\t\t\t<img decoding=\"async\" class=\"Thumb\" alt=\"Ostatnie po\u017cegnanie Stanis\u0142awa Sasina\" src=\"https:\/\/oronsko.org\/wp-content\/gallery\/ostatnie-pozegnanie-stanislawa-sasina\/thumbs\/thumbs_img_20240210_151550.jpg\"\/>\r\n\t\t\t\t<\/a>\r\n\t\t\t<\/div>\r\n\t\t<\/div>\r\n\t\t<h4><a class=\"ngg-album-desc\" title=\"Ostatnie po\u017cegnanie Stanis\u0142awa Sasina\" href=\"https:\/\/oronsko.org\/?page_id=17&amp;album=3&amp;gallery=202\" >Ostatnie po\u017cegnanie Stanis\u0142awa Sasina<\/a><\/h4>\r\n\t\t\t\t<p><strong>7<\/strong> Photos<\/p>\r\n\t\t\t<\/div>\r\n\r\n \t\r\n\t<div class=\"ngg-album-compact\">\r\n\t\t<div class=\"ngg-album-compactbox\">\r\n\t\t\t<div class=\"ngg-album-link\">\r\n\t\t\t\t<a class=\"Link\" href=\"https:\/\/oronsko.org\/?page_id=17&amp;album=3&amp;gallery=201\">\r\n\t\t\t\t\t<img decoding=\"async\" class=\"Thumb\" alt=\"XI Forum Dyskusyjne Lokalnych NGO\u2019s\" src=\"https:\/\/oronsko.org\/wp-content\/gallery\/xi-forum-dyskusyjne-lokalnych-ngos\/thumbs\/thumbs_dsc_7816.jpg\"\/>\r\n\t\t\t\t<\/a>\r\n\t\t\t<\/div>\r\n\t\t<\/div>\r\n\t\t<h4><a class=\"ngg-album-desc\" title=\"XI Forum Dyskusyjne Lokalnych NGO\u2019s\" href=\"https:\/\/oronsko.org\/?page_id=17&amp;album=3&amp;gallery=201\" >XI Forum Dyskusyjne Lokalnych NGO\u2019s<\/a><\/h4>\r\n\t\t\t\t<p><strong>48<\/strong> Photos<\/p>\r\n\t\t\t<\/div>\r\n\r\n \t\r\n\t<div class=\"ngg-album-compact\">\r\n\t\t<div class=\"ngg-album-compactbox\">\r\n\t\t\t<div class=\"ngg-album-link\">\r\n\t\t\t\t<a class=\"Link\" href=\"https:\/\/oronsko.org\/?page_id=17&amp;album=3&amp;gallery=200\">\r\n\t\t\t\t\t<img decoding=\"async\" class=\"Thumb\" alt=\"Dzie\u0144 Otwarty w SOiRGO\" src=\"https:\/\/oronsko.org\/wp-content\/gallery\/dzien-otwarty-w-soirgo\/thumbs\/thumbs_a.jpg\"\/>\r\n\t\t\t\t<\/a>\r\n\t\t\t<\/div>\r\n\t\t<\/div>\r\n\t\t<h4><a class=\"ngg-album-desc\" title=\"Dzie\u0144 Otwarty w SOiRGO\" href=\"https:\/\/oronsko.org\/?page_id=17&amp;album=3&amp;gallery=200\" >Dzie\u0144 Otwarty w SOiRGO<\/a><\/h4>\r\n\t\t\t\t<p><strong>16<\/strong> Photos<\/p>\r\n\t\t\t<\/div>\r\n\r\n \t\r\n\t<div class=\"ngg-album-compact\">\r\n\t\t<div class=\"ngg-album-compactbox\">\r\n\t\t\t<div class=\"ngg-album-link\">\r\n\t\t\t\t<a class=\"Link\" href=\"https:\/\/oronsko.org\/?page_id=17&amp;album=3&amp;gallery=199\">\r\n\t\t\t\t\t<img decoding=\"async\" class=\"Thumb\" alt=\"Wyjazd senior\u00f3w do Teatru Wielkiego\" src=\"https:\/\/oronsko.org\/wp-content\/gallery\/wyjazd-seniorow-do-teatru-wielkiego\/thumbs\/thumbs_kwadryga-apollina.jpg\"\/>\r\n\t\t\t\t<\/a>\r\n\t\t\t<\/div>\r\n\t\t<\/div>\r\n\t\t<h4><a class=\"ngg-album-desc\" title=\"Wyjazd senior\u00f3w do Teatru Wielkiego\" href=\"https:\/\/oronsko.org\/?page_id=17&amp;album=3&amp;gallery=199\" >Wyjazd senior\u00f3w do Teatru Wielkiego<\/a><\/h4>\r\n\t\t\t\t<p><strong>6<\/strong> Photos<\/p>\r\n\t\t\t<\/div>\r\n\r\n \t\r\n\t<div class=\"ngg-album-compact\">\r\n\t\t<div class=\"ngg-album-compactbox\">\r\n\t\t\t<div class=\"ngg-album-link\">\r\n\t\t\t\t<a class=\"Link\" href=\"https:\/\/oronsko.org\/?page_id=17&amp;album=3&amp;gallery=198\">\r\n\t\t\t\t\t<img decoding=\"async\" class=\"Thumb\" alt=\"Zabawa andrzejkowa senior\u00f3w\" src=\"https:\/\/oronsko.org\/wp-content\/gallery\/zabawa-andrzejkowa-seniorow\/thumbs\/thumbs_dsc_6696.jpg\"\/>\r\n\t\t\t\t<\/a>\r\n\t\t\t<\/div>\r\n\t\t<\/div>\r\n\t\t<h4><a class=\"ngg-album-desc\" title=\"Zabawa andrzejkowa senior\u00f3w\" href=\"https:\/\/oronsko.org\/?page_id=17&amp;album=3&amp;gallery=198\" >Zabawa andrzejkowa senior\u00f3w<\/a><\/h4>\r\n\t\t\t\t<p><strong>27<\/strong> Photos<\/p>\r\n\t\t\t<\/div>\r\n\r\n \t\r\n\t<div class=\"ngg-album-compact\">\r\n\t\t<div class=\"ngg-album-compactbox\">\r\n\t\t\t<div class=\"ngg-album-link\">\r\n\t\t\t\t<a class=\"Link\" href=\"https:\/\/oronsko.org\/?page_id=17&amp;album=3&amp;gallery=197\">\r\n\t\t\t\t\t<img decoding=\"async\" class=\"Thumb\" alt=\"\u015awi\u0119to Niepodleg\u0142o\u015bci w Oro\u0144sku\" src=\"https:\/\/oronsko.org\/wp-content\/gallery\/swieto-niepodleglosci-w-oronsku_2\/thumbs\/thumbs_dsc_6633.jpg\"\/>\r\n\t\t\t\t<\/a>\r\n\t\t\t<\/div>\r\n\t\t<\/div>\r\n\t\t<h4><a class=\"ngg-album-desc\" title=\"\u015awi\u0119to Niepodleg\u0142o\u015bci w Oro\u0144sku\" href=\"https:\/\/oronsko.org\/?page_id=17&amp;album=3&amp;gallery=197\" >\u015awi\u0119to Niepodleg\u0142o\u015bci w Oro\u0144sku<\/a><\/h4>\r\n\t\t\t\t<p><strong>14<\/strong> Photos<\/p>\r\n\t\t\t<\/div>\r\n\r\n \t\r\n\t<div class=\"ngg-album-compact\">\r\n\t\t<div class=\"ngg-album-compactbox\">\r\n\t\t\t<div class=\"ngg-album-link\">\r\n\t\t\t\t<a class=\"Link\" href=\"https:\/\/oronsko.org\/?page_id=17&amp;album=3&amp;gallery=196\">\r\n\t\t\t\t\t<img decoding=\"async\" class=\"Thumb\" alt=\"Seniorzy na warsztatach ceramicznych\" src=\"https:\/\/oronsko.org\/wp-content\/gallery\/seniorzy-na-warsztatach-ceramicznych\/thumbs\/thumbs_dsc_6596.jpg\"\/>\r\n\t\t\t\t<\/a>\r\n\t\t\t<\/div>\r\n\t\t<\/div>\r\n\t\t<h4><a class=\"ngg-album-desc\" title=\"Seniorzy na warsztatach ceramicznych\" href=\"https:\/\/oronsko.org\/?page_id=17&amp;album=3&amp;gallery=196\" >Seniorzy na warsztatach ceramicznych<\/a><\/h4>\r\n\t\t\t\t<p><strong>5<\/strong> Photos<\/p>\r\n\t\t\t<\/div>\r\n\r\n \t\r\n\t<div class=\"ngg-album-compact\">\r\n\t\t<div class=\"ngg-album-compactbox\">\r\n\t\t\t<div class=\"ngg-album-link\">\r\n\t\t\t\t<a class=\"Link\" href=\"https:\/\/oronsko.org\/?page_id=17&amp;album=3&amp;gallery=195\">\r\n\t\t\t\t\t<img decoding=\"async\" class=\"Thumb\" alt=\"Pota\u0144c\u00f3wka i biesiada w \u0141aziskach\" src=\"https:\/\/oronsko.org\/wp-content\/gallery\/potancowka-i-biesiada-w-laziskach\/thumbs\/thumbs_dsc_6333.jpg\"\/>\r\n\t\t\t\t<\/a>\r\n\t\t\t<\/div>\r\n\t\t<\/div>\r\n\t\t<h4><a class=\"ngg-album-desc\" title=\"Pota\u0144c\u00f3wka i biesiada w \u0141aziskach\" href=\"https:\/\/oronsko.org\/?page_id=17&amp;album=3&amp;gallery=195\" >Pota\u0144c\u00f3wka i biesiada w \u0141aziskach<\/a><\/h4>\r\n\t\t\t\t<p><strong>23<\/strong> Photos<\/p>\r\n\t\t\t<\/div>\r\n\r\n \t\r\n\t<div class=\"ngg-album-compact\">\r\n\t\t<div class=\"ngg-album-compactbox\">\r\n\t\t\t<div class=\"ngg-album-link\">\r\n\t\t\t\t<a class=\"Link\" href=\"https:\/\/oronsko.org\/?page_id=17&amp;album=3&amp;gallery=194\">\r\n\t\t\t\t\t<img decoding=\"async\" class=\"Thumb\" alt=\"Rajd Rowerowy dla Niepodleg\u0142ej\" src=\"https:\/\/oronsko.org\/wp-content\/gallery\/rajd-rowerowy-dla-niepodleglej\/thumbs\/thumbs_dsc_6154.jpg\"\/>\r\n\t\t\t\t<\/a>\r\n\t\t\t<\/div>\r\n\t\t<\/div>\r\n\t\t<h4><a class=\"ngg-album-desc\" title=\"Rajd Rowerowy dla Niepodleg\u0142ej\" href=\"https:\/\/oronsko.org\/?page_id=17&amp;album=3&amp;gallery=194\" >Rajd Rowerowy dla Niepodleg\u0142ej<\/a><\/h4>\r\n\t\t\t\t<p><strong>22<\/strong> Photos<\/p>\r\n\t\t\t<\/div>\r\n\r\n \t\r\n\t<div class=\"ngg-album-compact\">\r\n\t\t<div class=\"ngg-album-compactbox\">\r\n\t\t\t<div class=\"ngg-album-link\">\r\n\t\t\t\t<a class=\"Link\" href=\"https:\/\/oronsko.org\/?page_id=17&amp;album=3&amp;gallery=193\">\r\n\t\t\t\t\t<img decoding=\"async\" class=\"Thumb\" alt=\"Winobranie w winnicy Nowy M\u0142yn\" src=\"https:\/\/oronsko.org\/wp-content\/gallery\/winobranie-w-winnicy-nowy-mlyn_1\/thumbs\/thumbs_img_20231017_163957.jpg\"\/>\r\n\t\t\t\t<\/a>\r\n\t\t\t<\/div>\r\n\t\t<\/div>\r\n\t\t<h4><a class=\"ngg-album-desc\" title=\"Winobranie w winnicy Nowy M\u0142yn\" href=\"https:\/\/oronsko.org\/?page_id=17&amp;album=3&amp;gallery=193\" >Winobranie w winnicy Nowy M\u0142yn<\/a><\/h4>\r\n\t\t\t\t<p><strong>9<\/strong> Photos<\/p>\r\n\t\t\t<\/div>\r\n\r\n \t\r\n\t<div class=\"ngg-album-compact\">\r\n\t\t<div class=\"ngg-album-compactbox\">\r\n\t\t\t<div class=\"ngg-album-link\">\r\n\t\t\t\t<a class=\"Link\" href=\"https:\/\/oronsko.org\/?page_id=17&amp;album=3&amp;gallery=192\">\r\n\t\t\t\t\t<img decoding=\"async\" class=\"Thumb\" alt=\"Wizyta w Muzeum Historii Radomia\" src=\"https:\/\/oronsko.org\/wp-content\/gallery\/wizyta-w-muzeum-historii-radomia\/thumbs\/thumbs_img_20230929_105746.jpg\"\/>\r\n\t\t\t\t<\/a>\r\n\t\t\t<\/div>\r\n\t\t<\/div>\r\n\t\t<h4><a class=\"ngg-album-desc\" title=\"Wizyta w Muzeum Historii Radomia\" href=\"https:\/\/oronsko.org\/?page_id=17&amp;album=3&amp;gallery=192\" >Wizyta w Muzeum Historii Radomia<\/a><\/h4>\r\n\t\t\t\t<p><strong>4<\/strong> Photos<\/p>\r\n\t\t\t<\/div>\r\n\r\n \t\r\n\t<div class=\"ngg-album-compact\">\r\n\t\t<div class=\"ngg-album-compactbox\">\r\n\t\t\t<div class=\"ngg-album-link\">\r\n\t\t\t\t<a class=\"Link\" href=\"https:\/\/oronsko.org\/?page_id=17&amp;album=3&amp;gallery=191\">\r\n\t\t\t\t\t<img decoding=\"async\" class=\"Thumb\" alt=\"Wycieczka do Puszczy Kozienickiej\" src=\"https:\/\/oronsko.org\/wp-content\/gallery\/wycieczka-do-puszczy-kozienickiej\/thumbs\/thumbs_img_20230930_120323.jpg\"\/>\r\n\t\t\t\t<\/a>\r\n\t\t\t<\/div>\r\n\t\t<\/div>\r\n\t\t<h4><a class=\"ngg-album-desc\" title=\"Wycieczka do Puszczy Kozienickiej\" href=\"https:\/\/oronsko.org\/?page_id=17&amp;album=3&amp;gallery=191\" >Wycieczka do Puszczy Kozienickiej<\/a><\/h4>\r\n\t\t\t\t<p><strong>12<\/strong> Photos<\/p>\r\n\t\t\t<\/div>\r\n\r\n \t\r\n\t<div class=\"ngg-album-compact\">\r\n\t\t<div class=\"ngg-album-compactbox\">\r\n\t\t\t<div class=\"ngg-album-link\">\r\n\t\t\t\t<a class=\"Link\" href=\"https:\/\/oronsko.org\/?page_id=17&amp;album=3&amp;gallery=190\">\r\n\t\t\t\t\t<img decoding=\"async\" class=\"Thumb\" alt=\"Wy\u015bcig kolarski \u2013 II Memoria\u0142 S. Che\u0142mi\u0144skiego\" src=\"https:\/\/oronsko.org\/wp-content\/gallery\/wyscig-kolarski-ii-memorial-s-chelminskiego\/thumbs\/thumbs_dsc_5891.jpg\"\/>\r\n\t\t\t\t<\/a>\r\n\t\t\t<\/div>\r\n\t\t<\/div>\r\n\t\t<h4><a class=\"ngg-album-desc\" title=\"Wy\u015bcig kolarski \u2013 II Memoria\u0142 S. Che\u0142mi\u0144skiego\" href=\"https:\/\/oronsko.org\/?page_id=17&amp;album=3&amp;gallery=190\" >Wy\u015bcig kolarski \u2013 II Memoria\u0142 S. Che\u0142mi\u0144skiego<\/a><\/h4>\r\n\t\t\t\t<p><strong>28<\/strong> Photos<\/p>\r\n\t\t\t<\/div>\r\n\r\n \t\r\n\t<div class=\"ngg-album-compact\">\r\n\t\t<div class=\"ngg-album-compactbox\">\r\n\t\t\t<div class=\"ngg-album-link\">\r\n\t\t\t\t<a class=\"Link\" href=\"https:\/\/oronsko.org\/?page_id=17&amp;album=3&amp;gallery=189\">\r\n\t\t\t\t\t<img decoding=\"async\" class=\"Thumb\" alt=\"Szkolenie z pierwszej pomocy\" src=\"https:\/\/oronsko.org\/wp-content\/gallery\/szkolenie-z-pierwszej-pomocy\/thumbs\/thumbs_dsc_5575.jpg\"\/>\r\n\t\t\t\t<\/a>\r\n\t\t\t<\/div>\r\n\t\t<\/div>\r\n\t\t<h4><a class=\"ngg-album-desc\" title=\"Szkolenie z pierwszej pomocy\" href=\"https:\/\/oronsko.org\/?page_id=17&amp;album=3&amp;gallery=189\" >Szkolenie z pierwszej pomocy<\/a><\/h4>\r\n\t\t\t\t<p><strong>8<\/strong> Photos<\/p>\r\n\t\t\t<\/div>\r\n\r\n \t\r\n\t<div class=\"ngg-album-compact\">\r\n\t\t<div class=\"ngg-album-compactbox\">\r\n\t\t\t<div class=\"ngg-album-link\">\r\n\t\t\t\t<a class=\"Link\" href=\"https:\/\/oronsko.org\/?page_id=17&amp;album=3&amp;gallery=188\">\r\n\t\t\t\t\t<img decoding=\"async\" class=\"Thumb\" alt=\"100-lecie OSP w Oro\u0144sku\" src=\"https:\/\/oronsko.org\/wp-content\/gallery\/100-lecie-osp-w-oronsku\/thumbs\/thumbs_dsc_0988-01.jpg\"\/>\r\n\t\t\t\t<\/a>\r\n\t\t\t<\/div>\r\n\t\t<\/div>\r\n\t\t<h4><a class=\"ngg-album-desc\" title=\"100-lecie OSP w Oro\u0144sku\" href=\"https:\/\/oronsko.org\/?page_id=17&amp;album=3&amp;gallery=188\" >100-lecie OSP w Oro\u0144sku<\/a><\/h4>\r\n\t\t\t\t<p><strong>21<\/strong> Photos<\/p>\r\n\t\t\t<\/div>\r\n\r\n \t\r\n\t<div class=\"ngg-album-compact\">\r\n\t\t<div class=\"ngg-album-compactbox\">\r\n\t\t\t<div class=\"ngg-album-link\">\r\n\t\t\t\t<a class=\"Link\" href=\"https:\/\/oronsko.org\/?page_id=17&amp;album=3&amp;gallery=187\">\r\n\t\t\t\t\t<img decoding=\"async\" class=\"Thumb\" alt=\"Do\u017cynki i pota\u0144c\u00f3wka w Tomaszowie\" src=\"https:\/\/oronsko.org\/wp-content\/gallery\/dozynki-i-potancowka-w-tomaszowie\/thumbs\/thumbs_dsc_5214.jpg\"\/>\r\n\t\t\t\t<\/a>\r\n\t\t\t<\/div>\r\n\t\t<\/div>\r\n\t\t<h4><a class=\"ngg-album-desc\" title=\"Do\u017cynki i pota\u0144c\u00f3wka w Tomaszowie\" href=\"https:\/\/oronsko.org\/?page_id=17&amp;album=3&amp;gallery=187\" >Do\u017cynki i pota\u0144c\u00f3wka w Tomaszowie<\/a><\/h4>\r\n\t\t\t\t<p><strong>47<\/strong> Photos<\/p>\r\n\t\t\t<\/div>\r\n\r\n \t\r\n\t<div class=\"ngg-album-compact\">\r\n\t\t<div class=\"ngg-album-compactbox\">\r\n\t\t\t<div class=\"ngg-album-link\">\r\n\t\t\t\t<a class=\"Link\" href=\"https:\/\/oronsko.org\/?page_id=17&amp;album=3&amp;gallery=186\">\r\n\t\t\t\t\t<img decoding=\"async\" class=\"Thumb\" alt=\"Koncert muzyki klasycznej u Brandta\" src=\"https:\/\/oronsko.org\/wp-content\/gallery\/koncert-muzyki-klasycznej-u-brandta\/thumbs\/thumbs_dsc_3816.jpg\"\/>\r\n\t\t\t\t<\/a>\r\n\t\t\t<\/div>\r\n\t\t<\/div>\r\n\t\t<h4><a class=\"ngg-album-desc\" title=\"Koncert muzyki klasycznej u Brandta\" href=\"https:\/\/oronsko.org\/?page_id=17&amp;album=3&amp;gallery=186\" >Koncert muzyki klasycznej u Brandta<\/a><\/h4>\r\n\t\t\t\t<p><strong>12<\/strong> Photos<\/p>\r\n\t\t\t<\/div>\r\n\r\n \t\r\n\t<div class=\"ngg-album-compact\">\r\n\t\t<div class=\"ngg-album-compactbox\">\r\n\t\t\t<div class=\"ngg-album-link\">\r\n\t\t\t\t<a class=\"Link\" href=\"https:\/\/oronsko.org\/?page_id=17&amp;album=3&amp;gallery=185\">\r\n\t\t\t\t\t<img decoding=\"async\" class=\"Thumb\" alt=\"Nowy w\u00f3z stra\u017cacki w OSP Oro\u0144sko\" src=\"https:\/\/oronsko.org\/wp-content\/gallery\/nowy-woz-strazacki-w-osp-oronsko\/thumbs\/thumbs_dsc_3700.jpg\"\/>\r\n\t\t\t\t<\/a>\r\n\t\t\t<\/div>\r\n\t\t<\/div>\r\n\t\t<h4><a class=\"ngg-album-desc\" title=\"Nowy w\u00f3z stra\u017cacki w OSP Oro\u0144sko\" href=\"https:\/\/oronsko.org\/?page_id=17&amp;album=3&amp;gallery=185\" >Nowy w\u00f3z stra\u017cacki w OSP Oro\u0144sko<\/a><\/h4>\r\n\t\t\t\t<p><strong>15<\/strong> Photos<\/p>\r\n\t\t\t<\/div>\r\n\r\n \t\r\n\t<div class=\"ngg-album-compact\">\r\n\t\t<div class=\"ngg-album-compactbox\">\r\n\t\t\t<div class=\"ngg-album-link\">\r\n\t\t\t\t<a class=\"Link\" href=\"https:\/\/oronsko.org\/?page_id=17&amp;album=3&amp;gallery=184\">\r\n\t\t\t\t\t<img decoding=\"async\" class=\"Thumb\" alt=\"Przegl\u0105d zespo\u0142\u00f3w ludowych\" src=\"https:\/\/oronsko.org\/wp-content\/gallery\/przeglad-zespolow-ludowych\/thumbs\/thumbs_img_20230702_134502079.jpg\"\/>\r\n\t\t\t\t<\/a>\r\n\t\t\t<\/div>\r\n\t\t<\/div>\r\n\t\t<h4><a class=\"ngg-album-desc\" title=\"Przegl\u0105d zespo\u0142\u00f3w ludowych\" href=\"https:\/\/oronsko.org\/?page_id=17&amp;album=3&amp;gallery=184\" >Przegl\u0105d zespo\u0142\u00f3w ludowych<\/a><\/h4>\r\n\t\t\t\t<p><strong>9<\/strong> Photos<\/p>\r\n\t\t\t<\/div>\r\n\r\n \t\r\n\t<div class=\"ngg-album-compact\">\r\n\t\t<div class=\"ngg-album-compactbox\">\r\n\t\t\t<div class=\"ngg-album-link\">\r\n\t\t\t\t<a class=\"Link\" href=\"https:\/\/oronsko.org\/?page_id=17&amp;album=3&amp;gallery=183\">\r\n\t\t\t\t\t<img decoding=\"async\" class=\"Thumb\" alt=\"Maj\u00f3wkowe spotkanie senior\u00f3w\" src=\"https:\/\/oronsko.org\/wp-content\/gallery\/majowkowe-spotkanie-seniorow\/thumbs\/thumbs_dsc_2994.jpg\"\/>\r\n\t\t\t\t<\/a>\r\n\t\t\t<\/div>\r\n\t\t<\/div>\r\n\t\t<h4><a class=\"ngg-album-desc\" title=\"Maj\u00f3wkowe spotkanie senior\u00f3w\" href=\"https:\/\/oronsko.org\/?page_id=17&amp;album=3&amp;gallery=183\" >Maj\u00f3wkowe spotkanie senior\u00f3w<\/a><\/h4>\r\n\t\t\t\t<p><strong>9<\/strong> Photos<\/p>\r\n\t\t\t<\/div>\r\n\r\n \t\r\n\t<div class=\"ngg-album-compact\">\r\n\t\t<div class=\"ngg-album-compactbox\">\r\n\t\t\t<div class=\"ngg-album-link\">\r\n\t\t\t\t<a class=\"Link\" href=\"https:\/\/oronsko.org\/?page_id=17&amp;album=3&amp;gallery=182\">\r\n\t\t\t\t\t<img decoding=\"async\" class=\"Thumb\" alt=\"Imprezy maj\u00f3wkowe w Gminie Oro\u0144sko\" src=\"https:\/\/oronsko.org\/wp-content\/gallery\/imprezy-majowkowe-w-gminie-oronsko\/thumbs\/thumbs_img_20230430_164559.jpg\"\/>\r\n\t\t\t\t<\/a>\r\n\t\t\t<\/div>\r\n\t\t<\/div>\r\n\t\t<h4><a class=\"ngg-album-desc\" title=\"Imprezy maj\u00f3wkowe w Gminie Oro\u0144sko\" href=\"https:\/\/oronsko.org\/?page_id=17&amp;album=3&amp;gallery=182\" >Imprezy maj\u00f3wkowe w Gminie Oro\u0144sko<\/a><\/h4>\r\n\t\t\t\t<p><strong>23<\/strong> Photos<\/p>\r\n\t\t\t<\/div>\r\n\r\n \t\r\n\t<div class=\"ngg-album-compact\">\r\n\t\t<div class=\"ngg-album-compactbox\">\r\n\t\t\t<div class=\"ngg-album-link\">\r\n\t\t\t\t<a class=\"Link\" href=\"https:\/\/oronsko.org\/?page_id=17&amp;album=3&amp;gallery=181\">\r\n\t\t\t\t\t<img decoding=\"async\" class=\"Thumb\" alt=\"Turniej pi\u0142ki siatkowej m\u0119\u017cczyzn\" src=\"https:\/\/oronsko.org\/wp-content\/gallery\/turniej-pilki-siatkowej-mezczyzn\/thumbs\/thumbs_img_20221218_152155.jpg\"\/>\r\n\t\t\t\t<\/a>\r\n\t\t\t<\/div>\r\n\t\t<\/div>\r\n\t\t<h4><a class=\"ngg-album-desc\" title=\"Turniej pi\u0142ki siatkowej m\u0119\u017cczyzn\" href=\"https:\/\/oronsko.org\/?page_id=17&amp;album=3&amp;gallery=181\" >Turniej pi\u0142ki siatkowej m\u0119\u017cczyzn<\/a><\/h4>\r\n\t\t\t\t<p><strong>7<\/strong> Photos<\/p>\r\n\t\t\t<\/div>\r\n\r\n \t\r\n\t<div class=\"ngg-album-compact\">\r\n\t\t<div class=\"ngg-album-compactbox\">\r\n\t\t\t<div class=\"ngg-album-link\">\r\n\t\t\t\t<a class=\"Link\" href=\"https:\/\/oronsko.org\/?page_id=17&amp;album=3&amp;gallery=180\">\r\n\t\t\t\t\t<img decoding=\"async\" class=\"Thumb\" alt=\"Spotkanie z ciekawym cz\u0142owiekiem\" src=\"https:\/\/oronsko.org\/wp-content\/gallery\/spotkanie-z-ciekawym-czlowiekiem_1\/thumbs\/thumbs_dsc_0620.jpg\"\/>\r\n\t\t\t\t<\/a>\r\n\t\t\t<\/div>\r\n\t\t<\/div>\r\n\t\t<h4><a class=\"ngg-album-desc\" title=\"Spotkanie z ciekawym cz\u0142owiekiem\" href=\"https:\/\/oronsko.org\/?page_id=17&amp;album=3&amp;gallery=180\" >Spotkanie z ciekawym cz\u0142owiekiem<\/a><\/h4>\r\n\t\t\t\t<p><strong>10<\/strong> Photos<\/p>\r\n\t\t\t<\/div>\r\n\r\n \t\r\n\t<div class=\"ngg-album-compact\">\r\n\t\t<div class=\"ngg-album-compactbox\">\r\n\t\t\t<div class=\"ngg-album-link\">\r\n\t\t\t\t<a class=\"Link\" href=\"https:\/\/oronsko.org\/?page_id=17&amp;album=3&amp;gallery=179\">\r\n\t\t\t\t\t<img decoding=\"async\" class=\"Thumb\" alt=\"Wystawa Historia Biblii\" src=\"https:\/\/oronsko.org\/wp-content\/gallery\/wystawa-historia-biblii\/thumbs\/thumbs_dsc_0294.jpg\"\/>\r\n\t\t\t\t<\/a>\r\n\t\t\t<\/div>\r\n\t\t<\/div>\r\n\t\t<h4><a class=\"ngg-album-desc\" title=\"Wystawa Historia Biblii\" href=\"https:\/\/oronsko.org\/?page_id=17&amp;album=3&amp;gallery=179\" >Wystawa Historia Biblii<\/a><\/h4>\r\n\t\t\t\t<p><strong>24<\/strong> Photos<\/p>\r\n\t\t\t<\/div>\r\n\r\n \t\r\n\t<div class=\"ngg-album-compact\">\r\n\t\t<div class=\"ngg-album-compactbox\">\r\n\t\t\t<div class=\"ngg-album-link\">\r\n\t\t\t\t<a class=\"Link\" href=\"https:\/\/oronsko.org\/?page_id=17&amp;album=3&amp;gallery=178\">\r\n\t\t\t\t\t<img decoding=\"async\" class=\"Thumb\" alt=\"Relacja z X Forum Dyskusyjnego\" src=\"https:\/\/oronsko.org\/wp-content\/gallery\/relacja-z-x-forum-dyskusyjnego\/thumbs\/thumbs_dsc_0165.jpg\"\/>\r\n\t\t\t\t<\/a>\r\n\t\t\t<\/div>\r\n\t\t<\/div>\r\n\t\t<h4><a class=\"ngg-album-desc\" title=\"Relacja z X Forum Dyskusyjnego\" href=\"https:\/\/oronsko.org\/?page_id=17&amp;album=3&amp;gallery=178\" >Relacja z X Forum Dyskusyjnego<\/a><\/h4>\r\n\t\t\t\t<p><strong>39<\/strong> Photos<\/p>\r\n\t\t\t<\/div>\r\n\r\n \t\r\n\t<div class=\"ngg-album-compact\">\r\n\t\t<div class=\"ngg-album-compactbox\">\r\n\t\t\t<div class=\"ngg-album-link\">\r\n\t\t\t\t<a class=\"Link\" href=\"https:\/\/oronsko.org\/?page_id=17&amp;album=3&amp;gallery=177\">\r\n\t\t\t\t\t<img decoding=\"async\" class=\"Thumb\" alt=\"Obchody \u015awi\u0119ta Niepodleg\u0142o\u015bci\" src=\"https:\/\/oronsko.org\/wp-content\/gallery\/obchody-swieta-niepodleglosci\/thumbs\/thumbs_dsc_9997.jpg\"\/>\r\n\t\t\t\t<\/a>\r\n\t\t\t<\/div>\r\n\t\t<\/div>\r\n\t\t<h4><a class=\"ngg-album-desc\" title=\"Obchody \u015awi\u0119ta Niepodleg\u0142o\u015bci\" href=\"https:\/\/oronsko.org\/?page_id=17&amp;album=3&amp;gallery=177\" >Obchody \u015awi\u0119ta Niepodleg\u0142o\u015bci<\/a><\/h4>\r\n\t\t\t\t<p><strong>15<\/strong> Photos<\/p>\r\n\t\t\t<\/div>\r\n\r\n \t\r\n\t<div class=\"ngg-album-compact\">\r\n\t\t<div class=\"ngg-album-compactbox\">\r\n\t\t\t<div class=\"ngg-album-link\">\r\n\t\t\t\t<a class=\"Link\" href=\"https:\/\/oronsko.org\/?page_id=17&amp;album=3&amp;gallery=176\">\r\n\t\t\t\t\t<img decoding=\"async\" class=\"Thumb\" alt=\"Winobranie w winnicy Nowy M\u0142yn\" src=\"https:\/\/oronsko.org\/wp-content\/gallery\/winobranie-w-winnicy-nowy-mlyn\/thumbs\/thumbs_img_20221008_114704.jpg\"\/>\r\n\t\t\t\t<\/a>\r\n\t\t\t<\/div>\r\n\t\t<\/div>\r\n\t\t<h4><a class=\"ngg-album-desc\" title=\"Winobranie w winnicy Nowy M\u0142yn\" href=\"https:\/\/oronsko.org\/?page_id=17&amp;album=3&amp;gallery=176\" >Winobranie w winnicy Nowy M\u0142yn<\/a><\/h4>\r\n\t\t\t\t<p><strong>46<\/strong> Photos<\/p>\r\n\t\t\t<\/div>\r\n\r\n \t\r\n\t<div class=\"ngg-album-compact\">\r\n\t\t<div class=\"ngg-album-compactbox\">\r\n\t\t\t<div class=\"ngg-album-link\">\r\n\t\t\t\t<a class=\"Link\" href=\"https:\/\/oronsko.org\/?page_id=17&amp;album=3&amp;gallery=175\">\r\n\t\t\t\t\t<img decoding=\"async\" class=\"Thumb\" alt=\"Seniorzy zako\u0144czyli swoje projekty\" src=\"https:\/\/oronsko.org\/wp-content\/gallery\/seniorzy-zakonczyli-swoje-projekty\/thumbs\/thumbs_dsc_9887.jpg\"\/>\r\n\t\t\t\t<\/a>\r\n\t\t\t<\/div>\r\n\t\t<\/div>\r\n\t\t<h4><a class=\"ngg-album-desc\" title=\"Seniorzy zako\u0144czyli swoje projekty\" href=\"https:\/\/oronsko.org\/?page_id=17&amp;album=3&amp;gallery=175\" >Seniorzy zako\u0144czyli swoje projekty<\/a><\/h4>\r\n\t\t\t\t<p><strong>26<\/strong> Photos<\/p>\r\n\t\t\t<\/div>\r\n\r\n \t\r\n\t<div class=\"ngg-album-compact\">\r\n\t\t<div class=\"ngg-album-compactbox\">\r\n\t\t\t<div class=\"ngg-album-link\">\r\n\t\t\t\t<a class=\"Link\" href=\"https:\/\/oronsko.org\/?page_id=17&amp;album=3&amp;gallery=174\">\r\n\t\t\t\t\t<img decoding=\"async\" class=\"Thumb\" alt=\"IV Dzie\u0144 Ekonomii Spo\u0142ecznej\" src=\"https:\/\/oronsko.org\/wp-content\/gallery\/iv-dzien-ekonomii-spolecznej\/thumbs\/thumbs_bn9a9002.jpg\"\/>\r\n\t\t\t\t<\/a>\r\n\t\t\t<\/div>\r\n\t\t<\/div>\r\n\t\t<h4><a class=\"ngg-album-desc\" title=\"IV Dzie\u0144 Ekonomii Spo\u0142ecznej\" href=\"https:\/\/oronsko.org\/?page_id=17&amp;album=3&amp;gallery=174\" >IV Dzie\u0144 Ekonomii Spo\u0142ecznej<\/a><\/h4>\r\n\t\t\t\t<p><strong>12<\/strong> Photos<\/p>\r\n\t\t\t<\/div>\r\n\r\n \t\r\n\t<div class=\"ngg-album-compact\">\r\n\t\t<div class=\"ngg-album-compactbox\">\r\n\t\t\t<div class=\"ngg-album-link\">\r\n\t\t\t\t<a class=\"Link\" href=\"https:\/\/oronsko.org\/?page_id=17&amp;album=3&amp;gallery=173\">\r\n\t\t\t\t\t<img decoding=\"async\" class=\"Thumb\" alt=\"Spotkanie integracyjne w Tomaszowie\" src=\"https:\/\/oronsko.org\/wp-content\/gallery\/spotkanie-integracyjne-w-tomaszowie\/thumbs\/thumbs_dsc_9770.jpg\"\/>\r\n\t\t\t\t<\/a>\r\n\t\t\t<\/div>\r\n\t\t<\/div>\r\n\t\t<h4><a class=\"ngg-album-desc\" title=\"Spotkanie integracyjne w Tomaszowie\" href=\"https:\/\/oronsko.org\/?page_id=17&amp;album=3&amp;gallery=173\" >Spotkanie integracyjne w Tomaszowie<\/a><\/h4>\r\n\t\t\t\t<p><strong>53<\/strong> Photos<\/p>\r\n\t\t\t<\/div>\r\n\r\n \t\r\n\t<div class=\"ngg-album-compact\">\r\n\t\t<div class=\"ngg-album-compactbox\">\r\n\t\t\t<div class=\"ngg-album-link\">\r\n\t\t\t\t<a class=\"Link\" href=\"https:\/\/oronsko.org\/?page_id=17&amp;album=3&amp;gallery=172\">\r\n\t\t\t\t\t<img decoding=\"async\" class=\"Thumb\" alt=\"Uroczysto\u015bci jubileuszowe parafii\" src=\"https:\/\/oronsko.org\/wp-content\/gallery\/uroczystosci-jubileuszowe-parafii\/thumbs\/thumbs_dsc_9336.jpg\"\/>\r\n\t\t\t\t<\/a>\r\n\t\t\t<\/div>\r\n\t\t<\/div>\r\n\t\t<h4><a class=\"ngg-album-desc\" title=\"Uroczysto\u015bci jubileuszowe parafii\" href=\"https:\/\/oronsko.org\/?page_id=17&amp;album=3&amp;gallery=172\" >Uroczysto\u015bci jubileuszowe parafii<\/a><\/h4>\r\n\t\t\t\t<p><strong>28<\/strong> Photos<\/p>\r\n\t\t\t<\/div>\r\n\r\n \t\r\n\t<div class=\"ngg-album-compact\">\r\n\t\t<div class=\"ngg-album-compactbox\">\r\n\t\t\t<div class=\"ngg-album-link\">\r\n\t\t\t\t<a class=\"Link\" href=\"https:\/\/oronsko.org\/?page_id=17&amp;album=3&amp;gallery=171\">\r\n\t\t\t\t\t<img decoding=\"async\" class=\"Thumb\" alt=\"Pota\u0144c\u00f3wka w Oro\u0144sku\" src=\"https:\/\/oronsko.org\/wp-content\/gallery\/potancowka-w-oronsku\/thumbs\/thumbs_dsc_8833.jpg\"\/>\r\n\t\t\t\t<\/a>\r\n\t\t\t<\/div>\r\n\t\t<\/div>\r\n\t\t<h4><a class=\"ngg-album-desc\" title=\"Pota\u0144c\u00f3wka w Oro\u0144sku\" href=\"https:\/\/oronsko.org\/?page_id=17&amp;album=3&amp;gallery=171\" >Pota\u0144c\u00f3wka w Oro\u0144sku<\/a><\/h4>\r\n\t\t\t\t<p><strong>25<\/strong> Photos<\/p>\r\n\t\t\t<\/div>\r\n\r\n \t\r\n\t<div class=\"ngg-album-compact\">\r\n\t\t<div class=\"ngg-album-compactbox\">\r\n\t\t\t<div class=\"ngg-album-link\">\r\n\t\t\t\t<a class=\"Link\" href=\"https:\/\/oronsko.org\/?page_id=17&amp;album=3&amp;gallery=170\">\r\n\t\t\t\t\t<img decoding=\"async\" class=\"Thumb\" alt=\"65 lat parafii - spotkanie integracyjne\" src=\"https:\/\/oronsko.org\/wp-content\/gallery\/65-lat-parafii-spotkanie-integracyjne\/thumbs\/thumbs_dsc_8528.jpg\"\/>\r\n\t\t\t\t<\/a>\r\n\t\t\t<\/div>\r\n\t\t<\/div>\r\n\t\t<h4><a class=\"ngg-album-desc\" title=\"65 lat parafii - spotkanie integracyjne\" href=\"https:\/\/oronsko.org\/?page_id=17&amp;album=3&amp;gallery=170\" >65 lat parafii - spotkanie integracyjne<\/a><\/h4>\r\n\t\t\t\t<p><strong>57<\/strong> Photos<\/p>\r\n\t\t\t<\/div>\r\n\r\n \t\r\n\t<div class=\"ngg-album-compact\">\r\n\t\t<div class=\"ngg-album-compactbox\">\r\n\t\t\t<div class=\"ngg-album-link\">\r\n\t\t\t\t<a class=\"Link\" href=\"https:\/\/oronsko.org\/?page_id=17&amp;album=3&amp;gallery=169\">\r\n\t\t\t\t\t<img decoding=\"async\" class=\"Thumb\" alt=\"150 lat Ko\u015bcio\u0142a w Wysokiej\" src=\"https:\/\/oronsko.org\/wp-content\/gallery\/150-lat-kosciola-w-wysokiej\/thumbs\/thumbs_img_9517.jpg\"\/>\r\n\t\t\t\t<\/a>\r\n\t\t\t<\/div>\r\n\t\t<\/div>\r\n\t\t<h4><a class=\"ngg-album-desc\" title=\"150 lat Ko\u015bcio\u0142a w Wysokiej\" href=\"https:\/\/oronsko.org\/?page_id=17&amp;album=3&amp;gallery=169\" >150 lat Ko\u015bcio\u0142a w Wysokiej<\/a><\/h4>\r\n\t\t\t\t<p><strong>34<\/strong> Photos<\/p>\r\n\t\t\t<\/div>\r\n\r\n \t\r\n\t<div class=\"ngg-album-compact\">\r\n\t\t<div class=\"ngg-album-compactbox\">\r\n\t\t\t<div class=\"ngg-album-link\">\r\n\t\t\t\t<a class=\"Link\" href=\"https:\/\/oronsko.org\/?page_id=17&amp;album=3&amp;gallery=168\">\r\n\t\t\t\t\t<img decoding=\"async\" class=\"Thumb\" alt=\"Pota\u0144c\u00f3wka w Chronowie 2022\" src=\"https:\/\/oronsko.org\/wp-content\/gallery\/potancowka-w-chronowie-2022\/thumbs\/thumbs_img_20220514_210758.jpg\"\/>\r\n\t\t\t\t<\/a>\r\n\t\t\t<\/div>\r\n\t\t<\/div>\r\n\t\t<h4><a class=\"ngg-album-desc\" title=\"Pota\u0144c\u00f3wka w Chronowie 2022\" href=\"https:\/\/oronsko.org\/?page_id=17&amp;album=3&amp;gallery=168\" >Pota\u0144c\u00f3wka w Chronowie 2022<\/a><\/h4>\r\n\t\t\t\t<p><strong>63<\/strong> Photos<\/p>\r\n\t\t\t<\/div>\r\n\r\n \t\r\n\t<div class=\"ngg-album-compact\">\r\n\t\t<div class=\"ngg-album-compactbox\">\r\n\t\t\t<div class=\"ngg-album-link\">\r\n\t\t\t\t<a class=\"Link\" href=\"https:\/\/oronsko.org\/?page_id=17&amp;album=3&amp;gallery=167\">\r\n\t\t\t\t\t<img decoding=\"async\" class=\"Thumb\" alt=\"Dzie\u0144 Stra\u017caka w Oro\u0144sku\" src=\"https:\/\/oronsko.org\/wp-content\/gallery\/dzien-strazaka-w-oronsku\/thumbs\/thumbs_dsc_6004.jpg\"\/>\r\n\t\t\t\t<\/a>\r\n\t\t\t<\/div>\r\n\t\t<\/div>\r\n\t\t<h4><a class=\"ngg-album-desc\" title=\"Dzie\u0144 Stra\u017caka w Oro\u0144sku\" href=\"https:\/\/oronsko.org\/?page_id=17&amp;album=3&amp;gallery=167\" >Dzie\u0144 Stra\u017caka w Oro\u0144sku<\/a><\/h4>\r\n\t\t\t\t<p><strong>27<\/strong> Photos<\/p>\r\n\t\t\t<\/div>\r\n\r\n \t\r\n\t<div class=\"ngg-album-compact\">\r\n\t\t<div class=\"ngg-album-compactbox\">\r\n\t\t\t<div class=\"ngg-album-link\">\r\n\t\t\t\t<a class=\"Link\" href=\"https:\/\/oronsko.org\/?page_id=17&amp;album=3&amp;gallery=166\">\r\n\t\t\t\t\t<img decoding=\"async\" class=\"Thumb\" alt=\"Tam gdzie s\u0142o\u0144ce wschodzi...\" src=\"https:\/\/oronsko.org\/wp-content\/gallery\/tam-gdzie-slonce-wschodzi\/thumbs\/thumbs_dsc02985.jpg\"\/>\r\n\t\t\t\t<\/a>\r\n\t\t\t<\/div>\r\n\t\t<\/div>\r\n\t\t<h4><a class=\"ngg-album-desc\" title=\"Tam gdzie s\u0142o\u0144ce wschodzi...\" href=\"https:\/\/oronsko.org\/?page_id=17&amp;album=3&amp;gallery=166\" >Tam gdzie s\u0142o\u0144ce wschodzi...<\/a><\/h4>\r\n\t\t\t\t<p><strong>18<\/strong> Photos<\/p>\r\n\t\t\t<\/div>\r\n\r\n \t\r\n\t<div class=\"ngg-album-compact\">\r\n\t\t<div class=\"ngg-album-compactbox\">\r\n\t\t\t<div class=\"ngg-album-link\">\r\n\t\t\t\t<a class=\"Link\" href=\"https:\/\/oronsko.org\/?page_id=17&amp;album=3&amp;gallery=165\">\r\n\t\t\t\t\t<img decoding=\"async\" class=\"Thumb\" alt=\"Kolejne szkolenie dla NGO\u2019s\" src=\"https:\/\/oronsko.org\/wp-content\/gallery\/kolejne-szkolenie-dla-ngos\/thumbs\/thumbs_dsc_5583.jpg\"\/>\r\n\t\t\t\t<\/a>\r\n\t\t\t<\/div>\r\n\t\t<\/div>\r\n\t\t<h4><a class=\"ngg-album-desc\" title=\"Kolejne szkolenie dla NGO\u2019s\" href=\"https:\/\/oronsko.org\/?page_id=17&amp;album=3&amp;gallery=165\" >Kolejne szkolenie dla NGO\u2019s<\/a><\/h4>\r\n\t\t\t\t<p><strong>6<\/strong> Photos<\/p>\r\n\t\t\t<\/div>\r\n\r\n \t\r\n\t<div class=\"ngg-album-compact\">\r\n\t\t<div class=\"ngg-album-compactbox\">\r\n\t\t\t<div class=\"ngg-album-link\">\r\n\t\t\t\t<a class=\"Link\" href=\"https:\/\/oronsko.org\/?page_id=17&amp;album=3&amp;gallery=164\">\r\n\t\t\t\t\t<img decoding=\"async\" class=\"Thumb\" alt=\"Szkolenie dla NGO\u2019s w Oro\u0144sku\" src=\"https:\/\/oronsko.org\/wp-content\/gallery\/szkolenie-dla-ngos-w-oronsku\/thumbs\/thumbs_dsc_5543.jpg\"\/>\r\n\t\t\t\t<\/a>\r\n\t\t\t<\/div>\r\n\t\t<\/div>\r\n\t\t<h4><a class=\"ngg-album-desc\" title=\"Szkolenie dla NGO\u2019s w Oro\u0144sku\" href=\"https:\/\/oronsko.org\/?page_id=17&amp;album=3&amp;gallery=164\" >Szkolenie dla NGO\u2019s w Oro\u0144sku<\/a><\/h4>\r\n\t\t\t\t<p><strong>5<\/strong> Photos<\/p>\r\n\t\t\t<\/div>\r\n\r\n \t\r\n\t<div class=\"ngg-album-compact\">\r\n\t\t<div class=\"ngg-album-compactbox\">\r\n\t\t\t<div class=\"ngg-album-link\">\r\n\t\t\t\t<a class=\"Link\" href=\"https:\/\/oronsko.org\/?page_id=17&amp;album=3&amp;gallery=163\">\r\n\t\t\t\t\t<img decoding=\"async\" class=\"Thumb\" alt=\"Spotkanie NGO\u2019s z wicemarsza\u0142kiem Mazowsza\" src=\"https:\/\/oronsko.org\/wp-content\/gallery\/spotkanie-ngos-z-wicemarszalkiem-mazowsza\/thumbs\/thumbs_spinka-2.png\"\/>\r\n\t\t\t\t<\/a>\r\n\t\t\t<\/div>\r\n\t\t<\/div>\r\n\t\t<h4><a class=\"ngg-album-desc\" title=\"Spotkanie NGO\u2019s z wicemarsza\u0142kiem Mazowsza\" href=\"https:\/\/oronsko.org\/?page_id=17&amp;album=3&amp;gallery=163\" >Spotkanie NGO\u2019s z wicemarsza\u0142kiem Mazowsza<\/a><\/h4>\r\n\t\t\t\t<p><strong>6<\/strong> Photos<\/p>\r\n\t\t\t<\/div>\r\n\r\n \t\r\n\t<div class=\"ngg-album-compact\">\r\n\t\t<div class=\"ngg-album-compactbox\">\r\n\t\t\t<div class=\"ngg-album-link\">\r\n\t\t\t\t<a class=\"Link\" href=\"https:\/\/oronsko.org\/?page_id=17&amp;album=3&amp;gallery=162\">\r\n\t\t\t\t\t<img decoding=\"async\" class=\"Thumb\" alt=\"Seniorzy zwiedzili wystaw\u0119 w CRP\" src=\"https:\/\/oronsko.org\/wp-content\/gallery\/seniorzy-zwiedzili-wystawe-w-crp\/thumbs\/thumbs_dsc_5440.jpg\"\/>\r\n\t\t\t\t<\/a>\r\n\t\t\t<\/div>\r\n\t\t<\/div>\r\n\t\t<h4><a class=\"ngg-album-desc\" title=\"Seniorzy zwiedzili wystaw\u0119 w CRP\" href=\"https:\/\/oronsko.org\/?page_id=17&amp;album=3&amp;gallery=162\" >Seniorzy zwiedzili wystaw\u0119 w CRP<\/a><\/h4>\r\n\t\t\t\t<p><strong>11<\/strong> Photos<\/p>\r\n\t\t\t<\/div>\r\n\r\n \t\r\n\t<div class=\"ngg-album-compact\">\r\n\t\t<div class=\"ngg-album-compactbox\">\r\n\t\t\t<div class=\"ngg-album-link\">\r\n\t\t\t\t<a class=\"Link\" href=\"https:\/\/oronsko.org\/?page_id=17&amp;album=3&amp;gallery=161\">\r\n\t\t\t\t\t<img decoding=\"async\" class=\"Thumb\" alt=\"Pogrzeb ks. Wiktora B\u0105ka\" src=\"https:\/\/oronsko.org\/wp-content\/gallery\/pogrzeb-ks-wiktora-baka\/thumbs\/thumbs_dsc_5288.jpg\"\/>\r\n\t\t\t\t<\/a>\r\n\t\t\t<\/div>\r\n\t\t<\/div>\r\n\t\t<h4><a class=\"ngg-album-desc\" title=\"Pogrzeb ks. Wiktora B\u0105ka\" href=\"https:\/\/oronsko.org\/?page_id=17&amp;album=3&amp;gallery=161\" >Pogrzeb ks. Wiktora B\u0105ka<\/a><\/h4>\r\n\t\t\t\t<p><strong>34<\/strong> Photos<\/p>\r\n\t\t\t<\/div>\r\n\r\n \t\r\n\t<div class=\"ngg-album-compact\">\r\n\t\t<div class=\"ngg-album-compactbox\">\r\n\t\t\t<div class=\"ngg-album-link\">\r\n\t\t\t\t<a class=\"Link\" href=\"https:\/\/oronsko.org\/?page_id=17&amp;album=3&amp;gallery=160\">\r\n\t\t\t\t\t<img decoding=\"async\" class=\"Thumb\" alt=\"Kol\u0119dowy koncert Guzowianek\" src=\"https:\/\/oronsko.org\/wp-content\/gallery\/koledowy-koncert-guzowianek\/thumbs\/thumbs_dsc_5041.jpg\"\/>\r\n\t\t\t\t<\/a>\r\n\t\t\t<\/div>\r\n\t\t<\/div>\r\n\t\t<h4><a class=\"ngg-album-desc\" title=\"Kol\u0119dowy koncert Guzowianek\" href=\"https:\/\/oronsko.org\/?page_id=17&amp;album=3&amp;gallery=160\" >Kol\u0119dowy koncert Guzowianek<\/a><\/h4>\r\n\t\t\t\t<p><strong>31<\/strong> Photos<\/p>\r\n\t\t\t<\/div>\r\n\r\n \t\r\n\t<div class=\"ngg-album-compact\">\r\n\t\t<div class=\"ngg-album-compactbox\">\r\n\t\t\t<div class=\"ngg-album-link\">\r\n\t\t\t\t<a class=\"Link\" href=\"https:\/\/oronsko.org\/?page_id=17&amp;album=3&amp;gallery=159\">\r\n\t\t\t\t\t<img decoding=\"async\" class=\"Thumb\" alt=\"Wigilia Senior\u00f3w 2021\" src=\"https:\/\/oronsko.org\/wp-content\/gallery\/wigilia-seniorow-2021\/thumbs\/thumbs_dsc_4878.jpg\"\/>\r\n\t\t\t\t<\/a>\r\n\t\t\t<\/div>\r\n\t\t<\/div>\r\n\t\t<h4><a class=\"ngg-album-desc\" title=\"Wigilia Senior\u00f3w 2021\" href=\"https:\/\/oronsko.org\/?page_id=17&amp;album=3&amp;gallery=159\" >Wigilia Senior\u00f3w 2021<\/a><\/h4>\r\n\t\t\t\t<p><strong>11<\/strong> Photos<\/p>\r\n\t\t\t<\/div>\r\n\r\n \t\r\n\t<div class=\"ngg-album-compact\">\r\n\t\t<div class=\"ngg-album-compactbox\">\r\n\t\t\t<div class=\"ngg-album-link\">\r\n\t\t\t\t<a class=\"Link\" href=\"https:\/\/oronsko.org\/?page_id=17&amp;album=3&amp;gallery=158\">\r\n\t\t\t\t\t<img decoding=\"async\" class=\"Thumb\" alt=\"Spotkanie z ciekawym cz\u0142owiekiem\" src=\"https:\/\/oronsko.org\/wp-content\/gallery\/spotkanie-z-ciekawym-czlowiekiem\/thumbs\/thumbs_dsc_4845.jpg\"\/>\r\n\t\t\t\t<\/a>\r\n\t\t\t<\/div>\r\n\t\t<\/div>\r\n\t\t<h4><a class=\"ngg-album-desc\" title=\"Spotkanie z ciekawym cz\u0142owiekiem\" href=\"https:\/\/oronsko.org\/?page_id=17&amp;album=3&amp;gallery=158\" >Spotkanie z ciekawym cz\u0142owiekiem<\/a><\/h4>\r\n\t\t\t\t<p><strong>8<\/strong> Photos<\/p>\r\n\t\t\t<\/div>\r\n\r\n \t\r\n\t<div class=\"ngg-album-compact\">\r\n\t\t<div class=\"ngg-album-compactbox\">\r\n\t\t\t<div class=\"ngg-album-link\">\r\n\t\t\t\t<a class=\"Link\" href=\"https:\/\/oronsko.org\/?page_id=17&amp;album=3&amp;gallery=157\">\r\n\t\t\t\t\t<img decoding=\"async\" class=\"Thumb\" alt=\"Wystawa Ursuli von Rydingsvard \u201eTylko sztuka\u201d\" src=\"https:\/\/oronsko.org\/wp-content\/gallery\/wystawa-ursuli-von-rydingsvard-tylko-sztuka\/thumbs\/thumbs_img_20211005_172418.jpg\"\/>\r\n\t\t\t\t<\/a>\r\n\t\t\t<\/div>\r\n\t\t<\/div>\r\n\t\t<h4><a class=\"ngg-album-desc\" title=\"Wystawa Ursuli von Rydingsvard \u201eTylko sztuka\u201d\" href=\"https:\/\/oronsko.org\/?page_id=17&amp;album=3&amp;gallery=157\" >Wystawa Ursuli von Rydingsvard \u201eTylko sztuka\u201d<\/a><\/h4>\r\n\t\t\t\t<p><strong>36<\/strong> Photos<\/p>\r\n\t\t\t<\/div>\r\n\r\n \t\r\n\t<div class=\"ngg-album-compact\">\r\n\t\t<div class=\"ngg-album-compactbox\">\r\n\t\t\t<div class=\"ngg-album-link\">\r\n\t\t\t\t<a class=\"Link\" href=\"https:\/\/oronsko.org\/?page_id=17&amp;album=3&amp;gallery=156\">\r\n\t\t\t\t\t<img decoding=\"async\" class=\"Thumb\" alt=\"IX Forum Dyskusyjne \" src=\"https:\/\/oronsko.org\/wp-content\/gallery\/ix-forum-dyskusyjne\/thumbs\/thumbs_dsc_4776.jpg\"\/>\r\n\t\t\t\t<\/a>\r\n\t\t\t<\/div>\r\n\t\t<\/div>\r\n\t\t<h4><a class=\"ngg-album-desc\" title=\"IX Forum Dyskusyjne \" href=\"https:\/\/oronsko.org\/?page_id=17&amp;album=3&amp;gallery=156\" >IX Forum Dyskusyjne <\/a><\/h4>\r\n\t\t\t\t<p><strong>12<\/strong> Photos<\/p>\r\n\t\t\t<\/div>\r\n\r\n \t\r\n\t<div class=\"ngg-album-compact\">\r\n\t\t<div class=\"ngg-album-compactbox\">\r\n\t\t\t<div class=\"ngg-album-link\">\r\n\t\t\t\t<a class=\"Link\" href=\"https:\/\/oronsko.org\/?page_id=17&amp;album=3&amp;gallery=155\">\r\n\t\t\t\t\t<img decoding=\"async\" class=\"Thumb\" alt=\"Zabawa andrzejkowa \u201eWsp\u00f3lnej Sprawy\u201d\" src=\"https:\/\/oronsko.org\/wp-content\/gallery\/zabawa-andrzejkowa-wspolnej-sprawy\/thumbs\/thumbs_dsc_4747.jpg\"\/>\r\n\t\t\t\t<\/a>\r\n\t\t\t<\/div>\r\n\t\t<\/div>\r\n\t\t<h4><a class=\"ngg-album-desc\" title=\"Zabawa andrzejkowa \u201eWsp\u00f3lnej Sprawy\u201d\" href=\"https:\/\/oronsko.org\/?page_id=17&amp;album=3&amp;gallery=155\" >Zabawa andrzejkowa \u201eWsp\u00f3lnej Sprawy\u201d<\/a><\/h4>\r\n\t\t\t\t<p><strong>10<\/strong> Photos<\/p>\r\n\t\t\t<\/div>\r\n\r\n \t\r\n\t<div class=\"ngg-album-compact\">\r\n\t\t<div class=\"ngg-album-compactbox\">\r\n\t\t\t<div class=\"ngg-album-link\">\r\n\t\t\t\t<a class=\"Link\" href=\"https:\/\/oronsko.org\/?page_id=17&amp;album=3&amp;gallery=154\">\r\n\t\t\t\t\t<img decoding=\"async\" class=\"Thumb\" alt=\"Rocznica odzyskania niepodleg\u0142o\u015bci\" src=\"https:\/\/oronsko.org\/wp-content\/gallery\/rocznica-odzyskania-niepodleglosci\/thumbs\/thumbs_dsc_4593.jpg\"\/>\r\n\t\t\t\t<\/a>\r\n\t\t\t<\/div>\r\n\t\t<\/div>\r\n\t\t<h4><a class=\"ngg-album-desc\" title=\"Rocznica odzyskania niepodleg\u0142o\u015bci\" href=\"https:\/\/oronsko.org\/?page_id=17&amp;album=3&amp;gallery=154\" >Rocznica odzyskania niepodleg\u0142o\u015bci<\/a><\/h4>\r\n\t\t\t\t<p><strong>11<\/strong> Photos<\/p>\r\n\t\t\t<\/div>\r\n\r\n \t\r\n\t<div class=\"ngg-album-compact\">\r\n\t\t<div class=\"ngg-album-compactbox\">\r\n\t\t\t<div class=\"ngg-album-link\">\r\n\t\t\t\t<a class=\"Link\" href=\"https:\/\/oronsko.org\/?page_id=17&amp;album=3&amp;gallery=153\">\r\n\t\t\t\t\t<img decoding=\"async\" class=\"Thumb\" alt=\"Spotkanie z Ma\u0142gorzat\u0105 Potock\u0105\" src=\"https:\/\/oronsko.org\/wp-content\/gallery\/spotkanie-z-malgorzata-potocka\/thumbs\/thumbs_img_20211021_142840.jpg\"\/>\r\n\t\t\t\t<\/a>\r\n\t\t\t<\/div>\r\n\t\t<\/div>\r\n\t\t<h4><a class=\"ngg-album-desc\" title=\"Spotkanie z Ma\u0142gorzat\u0105 Potock\u0105\" href=\"https:\/\/oronsko.org\/?page_id=17&amp;album=3&amp;gallery=153\" >Spotkanie z Ma\u0142gorzat\u0105 Potock\u0105<\/a><\/h4>\r\n\t\t\t\t<p><strong>5<\/strong> Photos<\/p>\r\n\t\t\t<\/div>\r\n\r\n \t\r\n\t<div class=\"ngg-album-compact\">\r\n\t\t<div class=\"ngg-album-compactbox\">\r\n\t\t\t<div class=\"ngg-album-link\">\r\n\t\t\t\t<a class=\"Link\" href=\"https:\/\/oronsko.org\/?page_id=17&amp;album=3&amp;gallery=152\">\r\n\t\t\t\t\t<img decoding=\"async\" class=\"Thumb\" alt=\"Dzie\u0144 Seniora w Oro\u0144sku\" src=\"https:\/\/oronsko.org\/wp-content\/gallery\/dzien-seniora-w-oronsku\/thumbs\/thumbs_dsc_4075.jpg\"\/>\r\n\t\t\t\t<\/a>\r\n\t\t\t<\/div>\r\n\t\t<\/div>\r\n\t\t<h4><a class=\"ngg-album-desc\" title=\"Dzie\u0144 Seniora w Oro\u0144sku\" href=\"https:\/\/oronsko.org\/?page_id=17&amp;album=3&amp;gallery=152\" >Dzie\u0144 Seniora w Oro\u0144sku<\/a><\/h4>\r\n\t\t\t\t<p><strong>23<\/strong> Photos<\/p>\r\n\t\t\t<\/div>\r\n\r\n \t\r\n\t<div class=\"ngg-album-compact\">\r\n\t\t<div class=\"ngg-album-compactbox\">\r\n\t\t\t<div class=\"ngg-album-link\">\r\n\t\t\t\t<a class=\"Link\" href=\"https:\/\/oronsko.org\/?page_id=17&amp;album=3&amp;gallery=151\">\r\n\t\t\t\t\t<img decoding=\"async\" class=\"Thumb\" alt=\"Wycieczka na trasie Chlewiska-Szyd\u0142owiec\" src=\"https:\/\/oronsko.org\/wp-content\/gallery\/wycieczka-na-trasie-chlewiska-szydlowiec\/thumbs\/thumbs_img_20210928_132910.jpg\"\/>\r\n\t\t\t\t<\/a>\r\n\t\t\t<\/div>\r\n\t\t<\/div>\r\n\t\t<h4><a class=\"ngg-album-desc\" title=\"Wycieczka na trasie Chlewiska-Szyd\u0142owiec\" href=\"https:\/\/oronsko.org\/?page_id=17&amp;album=3&amp;gallery=151\" >Wycieczka na trasie Chlewiska-Szyd\u0142owiec<\/a><\/h4>\r\n\t\t\t\t<p><strong>20<\/strong> Photos<\/p>\r\n\t\t\t<\/div>\r\n\r\n \t\r\n\t<div class=\"ngg-album-compact\">\r\n\t\t<div class=\"ngg-album-compactbox\">\r\n\t\t\t<div class=\"ngg-album-link\">\r\n\t\t\t\t<a class=\"Link\" href=\"https:\/\/oronsko.org\/?page_id=17&amp;album=3&amp;gallery=150\">\r\n\t\t\t\t\t<img decoding=\"async\" class=\"Thumb\" alt=\"Jubileusz 40-lecia CRP\" src=\"https:\/\/oronsko.org\/wp-content\/gallery\/jubileusz-40-lecia-crp\/thumbs\/thumbs_dsc_3816.jpg\"\/>\r\n\t\t\t\t<\/a>\r\n\t\t\t<\/div>\r\n\t\t<\/div>\r\n\t\t<h4><a class=\"ngg-album-desc\" title=\"Jubileusz 40-lecia CRP\" href=\"https:\/\/oronsko.org\/?page_id=17&amp;album=3&amp;gallery=150\" >Jubileusz 40-lecia CRP<\/a><\/h4>\r\n\t\t\t\t<p><strong>22<\/strong> Photos<\/p>\r\n\t\t\t<\/div>\r\n\r\n \t\r\n\t<div class=\"ngg-album-compact\">\r\n\t\t<div class=\"ngg-album-compactbox\">\r\n\t\t\t<div class=\"ngg-album-link\">\r\n\t\t\t\t<a class=\"Link\" href=\"https:\/\/oronsko.org\/?page_id=17&amp;album=3&amp;gallery=149\">\r\n\t\t\t\t\t<img decoding=\"async\" class=\"Thumb\" alt=\"Warsztaty ceramiczne\" src=\"https:\/\/oronsko.org\/wp-content\/gallery\/warsztaty-ceramiczne\/thumbs\/thumbs_20210909_115954.jpg\"\/>\r\n\t\t\t\t<\/a>\r\n\t\t\t<\/div>\r\n\t\t<\/div>\r\n\t\t<h4><a class=\"ngg-album-desc\" title=\"Warsztaty ceramiczne\" href=\"https:\/\/oronsko.org\/?page_id=17&amp;album=3&amp;gallery=149\" >Warsztaty ceramiczne<\/a><\/h4>\r\n\t\t\t\t<p><strong>7<\/strong> Photos<\/p>\r\n\t\t\t<\/div>\r\n\r\n \t\r\n\t<div class=\"ngg-album-compact\">\r\n\t\t<div class=\"ngg-album-compactbox\">\r\n\t\t\t<div class=\"ngg-album-link\">\r\n\t\t\t\t<a class=\"Link\" href=\"https:\/\/oronsko.org\/?page_id=17&amp;album=3&amp;gallery=148\">\r\n\t\t\t\t\t<img decoding=\"async\" class=\"Thumb\" alt=\"Wystawa Ursuli von Rydingsvard\" src=\"https:\/\/oronsko.org\/wp-content\/gallery\/wystawa-ursuli-von-rydingsvard\/thumbs\/thumbs_dsc_3678.jpg\"\/>\r\n\t\t\t\t<\/a>\r\n\t\t\t<\/div>\r\n\t\t<\/div>\r\n\t\t<h4><a class=\"ngg-album-desc\" title=\"Wystawa Ursuli von Rydingsvard\" href=\"https:\/\/oronsko.org\/?page_id=17&amp;album=3&amp;gallery=148\" >Wystawa Ursuli von Rydingsvard<\/a><\/h4>\r\n\t\t\t\t<p><strong>16<\/strong> Photos<\/p>\r\n\t\t\t<\/div>\r\n\r\n \t\r\n\t<div class=\"ngg-album-compact\">\r\n\t\t<div class=\"ngg-album-compactbox\">\r\n\t\t\t<div class=\"ngg-album-link\">\r\n\t\t\t\t<a class=\"Link\" href=\"https:\/\/oronsko.org\/?page_id=17&amp;album=3&amp;gallery=147\">\r\n\t\t\t\t\t<img decoding=\"async\" class=\"Thumb\" alt=\"Wycieczka Senior\u00f3w na \u015al\u0105sk\" src=\"https:\/\/oronsko.org\/wp-content\/gallery\/wycieczka-seniorow-na-slask\/thumbs\/thumbs_20210819_120553.jpg\"\/>\r\n\t\t\t\t<\/a>\r\n\t\t\t<\/div>\r\n\t\t<\/div>\r\n\t\t<h4><a class=\"ngg-album-desc\" title=\"Wycieczka Senior\u00f3w na \u015al\u0105sk\" href=\"https:\/\/oronsko.org\/?page_id=17&amp;album=3&amp;gallery=147\" >Wycieczka Senior\u00f3w na \u015al\u0105sk<\/a><\/h4>\r\n\t\t\t\t<p><strong>23<\/strong> Photos<\/p>\r\n\t\t\t<\/div>\r\n\r\n \t\r\n\t<div class=\"ngg-album-compact\">\r\n\t\t<div class=\"ngg-album-compactbox\">\r\n\t\t\t<div class=\"ngg-album-link\">\r\n\t\t\t\t<a class=\"Link\" href=\"https:\/\/oronsko.org\/?page_id=17&amp;album=3&amp;gallery=146\">\r\n\t\t\t\t\t<img decoding=\"async\" class=\"Thumb\" alt=\"Odpust Parafialny w Oro\u0144sku\" src=\"https:\/\/oronsko.org\/wp-content\/gallery\/odpust-parafialny-w-oronsku\/thumbs\/thumbs_dsc_3452.jpg\"\/>\r\n\t\t\t\t<\/a>\r\n\t\t\t<\/div>\r\n\t\t<\/div>\r\n\t\t<h4><a class=\"ngg-album-desc\" title=\"Odpust Parafialny w Oro\u0144sku\" href=\"https:\/\/oronsko.org\/?page_id=17&amp;album=3&amp;gallery=146\" >Odpust Parafialny w Oro\u0144sku<\/a><\/h4>\r\n\t\t\t\t<p><strong>20<\/strong> Photos<\/p>\r\n\t\t\t<\/div>\r\n\r\n \t\r\n\t<div class=\"ngg-album-compact\">\r\n\t\t<div class=\"ngg-album-compactbox\">\r\n\t\t\t<div class=\"ngg-album-link\">\r\n\t\t\t\t<a class=\"Link\" href=\"https:\/\/oronsko.org\/?page_id=17&amp;album=3&amp;gallery=145\">\r\n\t\t\t\t\t<img decoding=\"async\" class=\"Thumb\" alt=\"Dni Oro\u0144ska 2021\" src=\"https:\/\/oronsko.org\/wp-content\/gallery\/dni-oronska-2021\/thumbs\/thumbs_dsc_3369.jpg\"\/>\r\n\t\t\t\t<\/a>\r\n\t\t\t<\/div>\r\n\t\t<\/div>\r\n\t\t<h4><a class=\"ngg-album-desc\" title=\"Dni Oro\u0144ska 2021\" href=\"https:\/\/oronsko.org\/?page_id=17&amp;album=3&amp;gallery=145\" >Dni Oro\u0144ska 2021<\/a><\/h4>\r\n\t\t\t\t<p><strong>13<\/strong> Photos<\/p>\r\n\t\t\t<\/div>\r\n\r\n \t\r\n\t<div class=\"ngg-album-compact\">\r\n\t\t<div class=\"ngg-album-compactbox\">\r\n\t\t\t<div class=\"ngg-album-link\">\r\n\t\t\t\t<a class=\"Link\" href=\"https:\/\/oronsko.org\/?page_id=17&amp;album=3&amp;gallery=144\">\r\n\t\t\t\t\t<img decoding=\"async\" class=\"Thumb\" alt=\"Baseny Tropikalne\" src=\"https:\/\/oronsko.org\/wp-content\/gallery\/baseny-tropikalne\/thumbs\/thumbs_img_20210804_150714.jpg\"\/>\r\n\t\t\t\t<\/a>\r\n\t\t\t<\/div>\r\n\t\t<\/div>\r\n\t\t<h4><a class=\"ngg-album-desc\" title=\"Baseny Tropikalne\" href=\"https:\/\/oronsko.org\/?page_id=17&amp;album=3&amp;gallery=144\" >Baseny Tropikalne<\/a><\/h4>\r\n\t\t\t\t<p><strong>7<\/strong> Photos<\/p>\r\n\t\t\t<\/div>\r\n\r\n \t\r\n\t<div class=\"ngg-album-compact\">\r\n\t\t<div class=\"ngg-album-compactbox\">\r\n\t\t\t<div class=\"ngg-album-link\">\r\n\t\t\t\t<a class=\"Link\" href=\"https:\/\/oronsko.org\/?page_id=17&amp;album=3&amp;gallery=143\">\r\n\t\t\t\t\t<img decoding=\"async\" class=\"Thumb\" alt=\"Projektowe spotkanie senior\u00f3w\" src=\"https:\/\/oronsko.org\/wp-content\/gallery\/projektowe-spotkanie-seniorow\/thumbs\/thumbs_dsc_3020.jpg\"\/>\r\n\t\t\t\t<\/a>\r\n\t\t\t<\/div>\r\n\t\t<\/div>\r\n\t\t<h4><a class=\"ngg-album-desc\" title=\"Projektowe spotkanie senior\u00f3w\" href=\"https:\/\/oronsko.org\/?page_id=17&amp;album=3&amp;gallery=143\" >Projektowe spotkanie senior\u00f3w<\/a><\/h4>\r\n\t\t\t\t<p><strong>5<\/strong> Photos<\/p>\r\n\t\t\t<\/div>\r\n\r\n \t\r\n\t<div class=\"ngg-album-compact\">\r\n\t\t<div class=\"ngg-album-compactbox\">\r\n\t\t\t<div class=\"ngg-album-link\">\r\n\t\t\t\t<a class=\"Link\" href=\"https:\/\/oronsko.org\/?page_id=17&amp;album=3&amp;gallery=142\">\r\n\t\t\t\t\t<img decoding=\"async\" class=\"Thumb\" alt=\"Wizyta studyjna w P\u0142ocku\" src=\"https:\/\/oronsko.org\/wp-content\/gallery\/wizyta-studyjna-w-plocku\/thumbs\/thumbs_img_20210610_134237.jpg\"\/>\r\n\t\t\t\t<\/a>\r\n\t\t\t<\/div>\r\n\t\t<\/div>\r\n\t\t<h4><a class=\"ngg-album-desc\" title=\"Wizyta studyjna w P\u0142ocku\" href=\"https:\/\/oronsko.org\/?page_id=17&amp;album=3&amp;gallery=142\" >Wizyta studyjna w P\u0142ocku<\/a><\/h4>\r\n\t\t\t\t<p><strong>11<\/strong> Photos<\/p>\r\n\t\t\t<\/div>\r\n\r\n \t\r\n\t<div class=\"ngg-album-compact\">\r\n\t\t<div class=\"ngg-album-compactbox\">\r\n\t\t\t<div class=\"ngg-album-link\">\r\n\t\t\t\t<a class=\"Link\" href=\"https:\/\/oronsko.org\/?page_id=17&amp;album=3&amp;gallery=141\">\r\n\t\t\t\t\t<img decoding=\"async\" class=\"Thumb\" alt=\"Eksperymenty z fotografi\u0105 otworkow\u0105\" src=\"https:\/\/oronsko.org\/wp-content\/gallery\/eksperymenty-z-fotografia-otworkowa\/thumbs\/thumbs_9-ok.png\"\/>\r\n\t\t\t\t<\/a>\r\n\t\t\t<\/div>\r\n\t\t<\/div>\r\n\t\t<h4><a class=\"ngg-album-desc\" title=\"Eksperymenty z fotografi\u0105 otworkow\u0105\" href=\"https:\/\/oronsko.org\/?page_id=17&amp;album=3&amp;gallery=141\" >Eksperymenty z fotografi\u0105 otworkow\u0105<\/a><\/h4>\r\n\t\t\t\t<p><strong>8<\/strong> Photos<\/p>\r\n\t\t\t<\/div>\r\n\r\n \t\r\n\t<div class=\"ngg-album-compact\">\r\n\t\t<div class=\"ngg-album-compactbox\">\r\n\t\t\t<div class=\"ngg-album-link\">\r\n\t\t\t\t<a class=\"Link\" href=\"https:\/\/oronsko.org\/?page_id=17&amp;album=3&amp;gallery=140\">\r\n\t\t\t\t\t<img decoding=\"async\" class=\"Thumb\" alt=\"45-lecie Organisty z Wysokiej\" src=\"https:\/\/oronsko.org\/wp-content\/gallery\/45-lecie-organisty-z-wysokiej\/thumbs\/thumbs_20200927_140458.jpg\"\/>\r\n\t\t\t\t<\/a>\r\n\t\t\t<\/div>\r\n\t\t<\/div>\r\n\t\t<h4><a class=\"ngg-album-desc\" title=\"45-lecie Organisty z Wysokiej\" href=\"https:\/\/oronsko.org\/?page_id=17&amp;album=3&amp;gallery=140\" >45-lecie Organisty z Wysokiej<\/a><\/h4>\r\n\t\t\t\t<p><strong>9<\/strong> Photos<\/p>\r\n\t\t\t<\/div>\r\n\r\n \t\r\n\t<div class=\"ngg-album-compact\">\r\n\t\t<div class=\"ngg-album-compactbox\">\r\n\t\t\t<div class=\"ngg-album-link\">\r\n\t\t\t\t<a class=\"Link\" href=\"https:\/\/oronsko.org\/?page_id=17&amp;album=3&amp;gallery=139\">\r\n\t\t\t\t\t<img decoding=\"async\" class=\"Thumb\" alt=\"Warsztaty florystyczne dla senior\u00f3w\" src=\"https:\/\/oronsko.org\/wp-content\/gallery\/warsztaty-florystyczne-dla-seniorow\/thumbs\/thumbs_dsc_2061.jpg\"\/>\r\n\t\t\t\t<\/a>\r\n\t\t\t<\/div>\r\n\t\t<\/div>\r\n\t\t<h4><a class=\"ngg-album-desc\" title=\"Warsztaty florystyczne dla senior\u00f3w\" href=\"https:\/\/oronsko.org\/?page_id=17&amp;album=3&amp;gallery=139\" >Warsztaty florystyczne dla senior\u00f3w<\/a><\/h4>\r\n\t\t\t\t<p><strong>33<\/strong> Photos<\/p>\r\n\t\t\t<\/div>\r\n\r\n \t\r\n\t<div class=\"ngg-album-compact\">\r\n\t\t<div class=\"ngg-album-compactbox\">\r\n\t\t\t<div class=\"ngg-album-link\">\r\n\t\t\t\t<a class=\"Link\" href=\"https:\/\/oronsko.org\/?page_id=17&amp;album=3&amp;gallery=138\">\r\n\t\t\t\t\t<img decoding=\"async\" class=\"Thumb\" alt=\"Koncert organowy w Oro\u0144sku\" src=\"https:\/\/oronsko.org\/wp-content\/gallery\/koncert-organowy-w-oronsku\/thumbs\/thumbs_dsc_1961.jpg\"\/>\r\n\t\t\t\t<\/a>\r\n\t\t\t<\/div>\r\n\t\t<\/div>\r\n\t\t<h4><a class=\"ngg-album-desc\" title=\"Koncert organowy w Oro\u0144sku\" href=\"https:\/\/oronsko.org\/?page_id=17&amp;album=3&amp;gallery=138\" >Koncert organowy w Oro\u0144sku<\/a><\/h4>\r\n\t\t\t\t<p><strong>10<\/strong> Photos<\/p>\r\n\t\t\t<\/div>\r\n\r\n \t\r\n\t<div class=\"ngg-album-compact\">\r\n\t\t<div class=\"ngg-album-compactbox\">\r\n\t\t\t<div class=\"ngg-album-link\">\r\n\t\t\t\t<a class=\"Link\" href=\"https:\/\/oronsko.org\/?page_id=17&amp;album=3&amp;gallery=137\">\r\n\t\t\t\t\t<img decoding=\"async\" class=\"Thumb\" alt=\"Wycieczka senior\u00f3w do Krosna\" src=\"https:\/\/oronsko.org\/wp-content\/gallery\/wycieczka-seniorow-do-krosna\/thumbs\/thumbs_img_20200724_132233.jpg\"\/>\r\n\t\t\t\t<\/a>\r\n\t\t\t<\/div>\r\n\t\t<\/div>\r\n\t\t<h4><a class=\"ngg-album-desc\" title=\"Wycieczka senior\u00f3w do Krosna\" href=\"https:\/\/oronsko.org\/?page_id=17&amp;album=3&amp;gallery=137\" >Wycieczka senior\u00f3w do Krosna<\/a><\/h4>\r\n\t\t\t\t<p><strong>10<\/strong> Photos<\/p>\r\n\t\t\t<\/div>\r\n\r\n \t\r\n\t<div class=\"ngg-album-compact\">\r\n\t\t<div class=\"ngg-album-compactbox\">\r\n\t\t\t<div class=\"ngg-album-link\">\r\n\t\t\t\t<a class=\"Link\" href=\"https:\/\/oronsko.org\/?page_id=17&amp;album=3&amp;gallery=136\">\r\n\t\t\t\t\t<img decoding=\"async\" class=\"Thumb\" alt=\"Spotkanie autorskie z ks. St. Dr\u0105giem\" src=\"https:\/\/oronsko.org\/wp-content\/gallery\/spotkanie-autorskie-z-ks-st-dragiem\/thumbs\/thumbs_dsc_1426.jpg\"\/>\r\n\t\t\t\t<\/a>\r\n\t\t\t<\/div>\r\n\t\t<\/div>\r\n\t\t<h4><a class=\"ngg-album-desc\" title=\"Spotkanie autorskie z ks. St. Dr\u0105giem\" href=\"https:\/\/oronsko.org\/?page_id=17&amp;album=3&amp;gallery=136\" >Spotkanie autorskie z ks. St. Dr\u0105giem<\/a><\/h4>\r\n\t\t\t\t<p><strong>10<\/strong> Photos<\/p>\r\n\t\t\t<\/div>\r\n\r\n \t\r\n\t<div class=\"ngg-album-compact\">\r\n\t\t<div class=\"ngg-album-compactbox\">\r\n\t\t\t<div class=\"ngg-album-link\">\r\n\t\t\t\t<a class=\"Link\" href=\"https:\/\/oronsko.org\/?page_id=17&amp;album=3&amp;gallery=135\">\r\n\t\t\t\t\t<img decoding=\"async\" class=\"Thumb\" alt=\"Uroczysto\u015bci Bo\u017cego Cia\u0142a w Oro\u0144sku\" src=\"https:\/\/oronsko.org\/wp-content\/gallery\/uroczystosci-bozego-ciala-w-oronsku\/thumbs\/thumbs_dsc_1320.jpg\"\/>\r\n\t\t\t\t<\/a>\r\n\t\t\t<\/div>\r\n\t\t<\/div>\r\n\t\t<h4><a class=\"ngg-album-desc\" title=\"Uroczysto\u015bci Bo\u017cego Cia\u0142a w Oro\u0144sku\" href=\"https:\/\/oronsko.org\/?page_id=17&amp;album=3&amp;gallery=135\" >Uroczysto\u015bci Bo\u017cego Cia\u0142a w Oro\u0144sku<\/a><\/h4>\r\n\t\t\t\t<p><strong>14<\/strong> Photos<\/p>\r\n\t\t\t<\/div>\r\n\r\n \t\r\n\t<div class=\"ngg-album-compact\">\r\n\t\t<div class=\"ngg-album-compactbox\">\r\n\t\t\t<div class=\"ngg-album-link\">\r\n\t\t\t\t<a class=\"Link\" href=\"https:\/\/oronsko.org\/?page_id=17&amp;album=3&amp;gallery=134\">\r\n\t\t\t\t\t<img decoding=\"async\" class=\"Thumb\" alt=\"Siatk\u00f3wka kobiet\" src=\"https:\/\/oronsko.org\/wp-content\/gallery\/siatkowka-kobiet\/thumbs\/thumbs_\"\/>\r\n\t\t\t\t<\/a>\r\n\t\t\t<\/div>\r\n\t\t<\/div>\r\n\t\t<h4><a class=\"ngg-album-desc\" title=\"Siatk\u00f3wka kobiet\" href=\"https:\/\/oronsko.org\/?page_id=17&amp;album=3&amp;gallery=134\" >Siatk\u00f3wka kobiet<\/a><\/h4>\r\n\t\t\t\t<p><strong>66<\/strong> Photos<\/p>\r\n\t\t\t<\/div>\r\n\r\n \t\r\n\t<div class=\"ngg-album-compact\">\r\n\t\t<div class=\"ngg-album-compactbox\">\r\n\t\t\t<div class=\"ngg-album-link\">\r\n\t\t\t\t<a class=\"Link\" href=\"https:\/\/oronsko.org\/?page_id=17&amp;album=3&amp;gallery=133\">\r\n\t\t\t\t\t<img decoding=\"async\" class=\"Thumb\" alt=\"Przekazanie komputer\u00f3w\" src=\"https:\/\/oronsko.org\/wp-content\/gallery\/przekazanie-komputerow\/thumbs\/thumbs_dsc_0948.jpg\"\/>\r\n\t\t\t\t<\/a>\r\n\t\t\t<\/div>\r\n\t\t<\/div>\r\n\t\t<h4><a class=\"ngg-album-desc\" title=\"Przekazanie komputer\u00f3w\" href=\"https:\/\/oronsko.org\/?page_id=17&amp;album=3&amp;gallery=133\" >Przekazanie komputer\u00f3w<\/a><\/h4>\r\n\t\t\t\t<p><strong>8<\/strong> Photos<\/p>\r\n\t\t\t<\/div>\r\n\r\n \t\r\n\t<div class=\"ngg-album-compact\">\r\n\t\t<div class=\"ngg-album-compactbox\">\r\n\t\t\t<div class=\"ngg-album-link\">\r\n\t\t\t\t<a class=\"Link\" href=\"https:\/\/oronsko.org\/?page_id=17&amp;album=3&amp;gallery=132\">\r\n\t\t\t\t\t<img decoding=\"async\" class=\"Thumb\" alt=\"Ostatki Senior\u00f3w 2020\" src=\"https:\/\/oronsko.org\/wp-content\/gallery\/ostatki-seniorow-2020\/thumbs\/thumbs_dsc_0939.jpg\"\/>\r\n\t\t\t\t<\/a>\r\n\t\t\t<\/div>\r\n\t\t<\/div>\r\n\t\t<h4><a class=\"ngg-album-desc\" title=\"Ostatki Senior\u00f3w 2020\" href=\"https:\/\/oronsko.org\/?page_id=17&amp;album=3&amp;gallery=132\" >Ostatki Senior\u00f3w 2020<\/a><\/h4>\r\n\t\t\t\t<p><strong>8<\/strong> Photos<\/p>\r\n\t\t\t<\/div>\r\n\r\n \t\r\n\t<div class=\"ngg-album-compact\">\r\n\t\t<div class=\"ngg-album-compactbox\">\r\n\t\t\t<div class=\"ngg-album-link\">\r\n\t\t\t\t<a class=\"Link\" href=\"https:\/\/oronsko.org\/?page_id=17&amp;album=3&amp;gallery=131\">\r\n\t\t\t\t\t<img decoding=\"async\" class=\"Thumb\" alt=\"Relacja z VIII Forum Dyskusyjnego\" src=\"https:\/\/oronsko.org\/wp-content\/gallery\/relacja-z-viii-forum-dyskusyjnego_1\/thumbs\/thumbs_dsc_0648.jpg\"\/>\r\n\t\t\t\t<\/a>\r\n\t\t\t<\/div>\r\n\t\t<\/div>\r\n\t\t<h4><a class=\"ngg-album-desc\" title=\"Relacja z VIII Forum Dyskusyjnego\" href=\"https:\/\/oronsko.org\/?page_id=17&amp;album=3&amp;gallery=131\" >Relacja z VIII Forum Dyskusyjnego<\/a><\/h4>\r\n\t\t\t\t<p><strong>51<\/strong> Photos<\/p>\r\n\t\t\t<\/div>\r\n\r\n \t\r\n\t<div class=\"ngg-album-compact\">\r\n\t\t<div class=\"ngg-album-compactbox\">\r\n\t\t\t<div class=\"ngg-album-link\">\r\n\t\t\t\t<a class=\"Link\" href=\"https:\/\/oronsko.org\/?page_id=17&amp;album=3&amp;gallery=129\">\r\n\t\t\t\t\t<img decoding=\"async\" class=\"Thumb\" alt=\"Kol\u0119dowanie w Wysokiej\" src=\"https:\/\/oronsko.org\/wp-content\/gallery\/koledowanie-w-wysokiej\/thumbs\/thumbs_20200105_180550.jpg\"\/>\r\n\t\t\t\t<\/a>\r\n\t\t\t<\/div>\r\n\t\t<\/div>\r\n\t\t<h4><a class=\"ngg-album-desc\" title=\"Kol\u0119dowanie w Wysokiej\" href=\"https:\/\/oronsko.org\/?page_id=17&amp;album=3&amp;gallery=129\" >Kol\u0119dowanie w Wysokiej<\/a><\/h4>\r\n\t\t\t\t<p><strong>13<\/strong> Photos<\/p>\r\n\t\t\t<\/div>\r\n\r\n \t\r\n\t<div class=\"ngg-album-compact\">\r\n\t\t<div class=\"ngg-album-compactbox\">\r\n\t\t\t<div class=\"ngg-album-link\">\r\n\t\t\t\t<a class=\"Link\" href=\"https:\/\/oronsko.org\/?page_id=17&amp;album=3&amp;gallery=128\">\r\n\t\t\t\t\t<img decoding=\"async\" class=\"Thumb\" alt=\"Orszak Trzech Kr\u00f3li\" src=\"https:\/\/oronsko.org\/wp-content\/gallery\/orszak-trzech-kroli\/thumbs\/thumbs_dsc_0397.jpg\"\/>\r\n\t\t\t\t<\/a>\r\n\t\t\t<\/div>\r\n\t\t<\/div>\r\n\t\t<h4><a class=\"ngg-album-desc\" title=\"Orszak Trzech Kr\u00f3li\" href=\"https:\/\/oronsko.org\/?page_id=17&amp;album=3&amp;gallery=128\" >Orszak Trzech Kr\u00f3li<\/a><\/h4>\r\n\t\t\t\t<p><strong>13<\/strong> Photos<\/p>\r\n\t\t\t<\/div>\r\n\r\n \t\r\n\t<div class=\"ngg-album-compact\">\r\n\t\t<div class=\"ngg-album-compactbox\">\r\n\t\t\t<div class=\"ngg-album-link\">\r\n\t\t\t\t<a class=\"Link\" href=\"https:\/\/oronsko.org\/?page_id=17&amp;album=3&amp;gallery=127\">\r\n\t\t\t\t\t<img decoding=\"async\" class=\"Thumb\" alt=\"Spotkanie op\u0142atkowe senior\u00f3w\" src=\"https:\/\/oronsko.org\/wp-content\/gallery\/spotkanie-oplatkowe-seniorow\/thumbs\/thumbs_dsc_0310.jpg\"\/>\r\n\t\t\t\t<\/a>\r\n\t\t\t<\/div>\r\n\t\t<\/div>\r\n\t\t<h4><a class=\"ngg-album-desc\" title=\"Spotkanie op\u0142atkowe senior\u00f3w\" href=\"https:\/\/oronsko.org\/?page_id=17&amp;album=3&amp;gallery=127\" >Spotkanie op\u0142atkowe senior\u00f3w<\/a><\/h4>\r\n\t\t\t\t<p><strong>18<\/strong> Photos<\/p>\r\n\t\t\t<\/div>\r\n\r\n \t\r\n\t<div class=\"ngg-album-compact\">\r\n\t\t<div class=\"ngg-album-compactbox\">\r\n\t\t\t<div class=\"ngg-album-link\">\r\n\t\t\t\t<a class=\"Link\" href=\"https:\/\/oronsko.org\/?page_id=17&amp;album=3&amp;gallery=126\">\r\n\t\t\t\t\t<img decoding=\"async\" class=\"Thumb\" alt=\"Koncert Bo\u017conarodzeniowy\" src=\"https:\/\/oronsko.org\/wp-content\/gallery\/koncert-bozonarodzeniowy\/thumbs\/thumbs_dsc_0248.jpg\"\/>\r\n\t\t\t\t<\/a>\r\n\t\t\t<\/div>\r\n\t\t<\/div>\r\n\t\t<h4><a class=\"ngg-album-desc\" title=\"Koncert Bo\u017conarodzeniowy\" href=\"https:\/\/oronsko.org\/?page_id=17&amp;album=3&amp;gallery=126\" >Koncert Bo\u017conarodzeniowy<\/a><\/h4>\r\n\t\t\t\t<p><strong>23<\/strong> Photos<\/p>\r\n\t\t\t<\/div>\r\n\r\n \t\r\n\t<div class=\"ngg-album-compact\">\r\n\t\t<div class=\"ngg-album-compactbox\">\r\n\t\t\t<div class=\"ngg-album-link\">\r\n\t\t\t\t<a class=\"Link\" href=\"https:\/\/oronsko.org\/?page_id=17&amp;album=3&amp;gallery=125\">\r\n\t\t\t\t\t<img decoding=\"async\" class=\"Thumb\" alt=\"Koncert kol\u0119d i kiermasz \u015bwi\u0105teczny\" src=\"https:\/\/oronsko.org\/wp-content\/gallery\/koncert-koled-i-kiermasz-swiateczny\/thumbs\/thumbs_dsc_0177.jpg\"\/>\r\n\t\t\t\t<\/a>\r\n\t\t\t<\/div>\r\n\t\t<\/div>\r\n\t\t<h4><a class=\"ngg-album-desc\" title=\"Koncert kol\u0119d i kiermasz \u015bwi\u0105teczny\" href=\"https:\/\/oronsko.org\/?page_id=17&amp;album=3&amp;gallery=125\" >Koncert kol\u0119d i kiermasz \u015bwi\u0105teczny<\/a><\/h4>\r\n\t\t\t\t<p><strong>12<\/strong> Photos<\/p>\r\n\t\t\t<\/div>\r\n\r\n \t\r\n\t<div class=\"ngg-album-compact\">\r\n\t\t<div class=\"ngg-album-compactbox\">\r\n\t\t\t<div class=\"ngg-album-link\">\r\n\t\t\t\t<a class=\"Link\" href=\"https:\/\/oronsko.org\/?page_id=17&amp;album=3&amp;gallery=124\">\r\n\t\t\t\t\t<img decoding=\"async\" class=\"Thumb\" alt=\"Przewodnicy turystyczni \" src=\"https:\/\/oronsko.org\/wp-content\/gallery\/przewodnicy-turystyczni\/thumbs\/thumbs_dsc_0162.jpg\"\/>\r\n\t\t\t\t<\/a>\r\n\t\t\t<\/div>\r\n\t\t<\/div>\r\n\t\t<h4><a class=\"ngg-album-desc\" title=\"Przewodnicy turystyczni \" href=\"https:\/\/oronsko.org\/?page_id=17&amp;album=3&amp;gallery=124\" >Przewodnicy turystyczni <\/a><\/h4>\r\n\t\t\t\t<p><strong>10<\/strong> Photos<\/p>\r\n\t\t\t<\/div>\r\n\r\n \t\r\n\t<div class=\"ngg-album-compact\">\r\n\t\t<div class=\"ngg-album-compactbox\">\r\n\t\t\t<div class=\"ngg-album-link\">\r\n\t\t\t\t<a class=\"Link\" href=\"https:\/\/oronsko.org\/?page_id=17&amp;album=3&amp;gallery=123\">\r\n\t\t\t\t\t<img decoding=\"async\" class=\"Thumb\" alt=\"Turniej miko\u0142ajkowy \" src=\"https:\/\/oronsko.org\/wp-content\/gallery\/turniej-mikolajkowy\/thumbs\/thumbs_dsc_0143.jpg\"\/>\r\n\t\t\t\t<\/a>\r\n\t\t\t<\/div>\r\n\t\t<\/div>\r\n\t\t<h4><a class=\"ngg-album-desc\" title=\"Turniej miko\u0142ajkowy \" href=\"https:\/\/oronsko.org\/?page_id=17&amp;album=3&amp;gallery=123\" >Turniej miko\u0142ajkowy <\/a><\/h4>\r\n\t\t\t\t<p><strong>29<\/strong> Photos<\/p>\r\n\t\t\t<\/div>\r\n\r\n \t\r\n\t<div class=\"ngg-album-compact\">\r\n\t\t<div class=\"ngg-album-compactbox\">\r\n\t\t\t<div class=\"ngg-album-link\">\r\n\t\t\t\t<a class=\"Link\" href=\"https:\/\/oronsko.org\/?page_id=17&amp;album=3&amp;gallery=122\">\r\n\t\t\t\t\t<img decoding=\"async\" class=\"Thumb\" alt=\"Kurs wiza\u017cu dla senior\u00f3w\" src=\"https:\/\/oronsko.org\/wp-content\/gallery\/kurs-wizazu-dla-seniorow\/thumbs\/thumbs_dsc_0054.jpg\"\/>\r\n\t\t\t\t<\/a>\r\n\t\t\t<\/div>\r\n\t\t<\/div>\r\n\t\t<h4><a class=\"ngg-album-desc\" title=\"Kurs wiza\u017cu dla senior\u00f3w\" href=\"https:\/\/oronsko.org\/?page_id=17&amp;album=3&amp;gallery=122\" >Kurs wiza\u017cu dla senior\u00f3w<\/a><\/h4>\r\n\t\t\t\t<p><strong>9<\/strong> Photos<\/p>\r\n\t\t\t<\/div>\r\n\r\n \t\r\n\t<div class=\"ngg-album-compact\">\r\n\t\t<div class=\"ngg-album-compactbox\">\r\n\t\t\t<div class=\"ngg-album-link\">\r\n\t\t\t\t<a class=\"Link\" href=\"https:\/\/oronsko.org\/?page_id=17&amp;album=3&amp;gallery=121\">\r\n\t\t\t\t\t<img decoding=\"async\" class=\"Thumb\" alt=\"Szkolenie \u201eAktywny i szcz\u0119\u015bliwy senior\u201d\" src=\"https:\/\/oronsko.org\/wp-content\/gallery\/szkolenie-aktywny-i-szczesliwy-senior\/thumbs\/thumbs_dsc_9999.jpg\"\/>\r\n\t\t\t\t<\/a>\r\n\t\t\t<\/div>\r\n\t\t<\/div>\r\n\t\t<h4><a class=\"ngg-album-desc\" title=\"Szkolenie \u201eAktywny i szcz\u0119\u015bliwy senior\u201d\" href=\"https:\/\/oronsko.org\/?page_id=17&amp;album=3&amp;gallery=121\" >Szkolenie \u201eAktywny i szcz\u0119\u015bliwy senior\u201d<\/a><\/h4>\r\n\t\t\t\t<p><strong>17<\/strong> Photos<\/p>\r\n\t\t\t<\/div>\r\n\r\n \t\r\n\t<div class=\"ngg-album-compact\">\r\n\t\t<div class=\"ngg-album-compactbox\">\r\n\t\t\t<div class=\"ngg-album-link\">\r\n\t\t\t\t<a class=\"Link\" href=\"https:\/\/oronsko.org\/?page_id=17&amp;album=3&amp;gallery=120\">\r\n\t\t\t\t\t<img decoding=\"async\" class=\"Thumb\" alt=\"Gala integracyjna\" src=\"https:\/\/oronsko.org\/wp-content\/gallery\/gala-integracyjna\/thumbs\/thumbs_camerazoom-20191116194713730.jpg\"\/>\r\n\t\t\t\t<\/a>\r\n\t\t\t<\/div>\r\n\t\t<\/div>\r\n\t\t<h4><a class=\"ngg-album-desc\" title=\"Gala integracyjna\" href=\"https:\/\/oronsko.org\/?page_id=17&amp;album=3&amp;gallery=120\" >Gala integracyjna<\/a><\/h4>\r\n\t\t\t\t<p><strong>6<\/strong> Photos<\/p>\r\n\t\t\t<\/div>\r\n\r\n \t\r\n\t<div class=\"ngg-album-compact\">\r\n\t\t<div class=\"ngg-album-compactbox\">\r\n\t\t\t<div class=\"ngg-album-link\">\r\n\t\t\t\t<a class=\"Link\" href=\"https:\/\/oronsko.org\/?page_id=17&amp;album=3&amp;gallery=119\">\r\n\t\t\t\t\t<img decoding=\"async\" class=\"Thumb\" alt=\"Bezp\u0142atne szkolenia komputerowe\" src=\"https:\/\/oronsko.org\/wp-content\/gallery\/bezplatne-szkolenia-komputerowe\/thumbs\/thumbs_dsc_9950.jpg\"\/>\r\n\t\t\t\t<\/a>\r\n\t\t\t<\/div>\r\n\t\t<\/div>\r\n\t\t<h4><a class=\"ngg-album-desc\" title=\"Bezp\u0142atne szkolenia komputerowe\" href=\"https:\/\/oronsko.org\/?page_id=17&amp;album=3&amp;gallery=119\" >Bezp\u0142atne szkolenia komputerowe<\/a><\/h4>\r\n\t\t\t\t<p><strong>5<\/strong> Photos<\/p>\r\n\t\t\t<\/div>\r\n\r\n \t\r\n\t<div class=\"ngg-album-compact\">\r\n\t\t<div class=\"ngg-album-compactbox\">\r\n\t\t\t<div class=\"ngg-album-link\">\r\n\t\t\t\t<a class=\"Link\" href=\"https:\/\/oronsko.org\/?page_id=17&amp;album=3&amp;gallery=117\">\r\n\t\t\t\t\t<img decoding=\"async\" class=\"Thumb\" alt=\"Dzie\u0144 Seniora 2019\" src=\"https:\/\/oronsko.org\/wp-content\/gallery\/dzien-seniora-2019\/thumbs\/thumbs_dsc_9902.jpg\"\/>\r\n\t\t\t\t<\/a>\r\n\t\t\t<\/div>\r\n\t\t<\/div>\r\n\t\t<h4><a class=\"ngg-album-desc\" title=\"Dzie\u0144 Seniora 2019\" href=\"https:\/\/oronsko.org\/?page_id=17&amp;album=3&amp;gallery=117\" >Dzie\u0144 Seniora 2019<\/a><\/h4>\r\n\t\t\t\t<p><strong>70<\/strong> Photos<\/p>\r\n\t\t\t<\/div>\r\n\r\n \t\r\n\t<div class=\"ngg-album-compact\">\r\n\t\t<div class=\"ngg-album-compactbox\">\r\n\t\t\t<div class=\"ngg-album-link\">\r\n\t\t\t\t<a class=\"Link\" href=\"https:\/\/oronsko.org\/?page_id=17&amp;album=3&amp;gallery=116\">\r\n\t\t\t\t\t<img decoding=\"async\" class=\"Thumb\" alt=\"Nauka p\u0142ywania w Oro\u0144sku\" src=\"https:\/\/oronsko.org\/wp-content\/gallery\/nauka-plywania-w-oronsku\/thumbs\/thumbs_dsc_9516.jpg\"\/>\r\n\t\t\t\t<\/a>\r\n\t\t\t<\/div>\r\n\t\t<\/div>\r\n\t\t<h4><a class=\"ngg-album-desc\" title=\"Nauka p\u0142ywania w Oro\u0144sku\" href=\"https:\/\/oronsko.org\/?page_id=17&amp;album=3&amp;gallery=116\" >Nauka p\u0142ywania w Oro\u0144sku<\/a><\/h4>\r\n\t\t\t\t<p><strong>7<\/strong> Photos<\/p>\r\n\t\t\t<\/div>\r\n\r\n \t\r\n\t<div class=\"ngg-album-compact\">\r\n\t\t<div class=\"ngg-album-compactbox\">\r\n\t\t\t<div class=\"ngg-album-link\">\r\n\t\t\t\t<a class=\"Link\" href=\"https:\/\/oronsko.org\/?page_id=17&amp;album=3&amp;gallery=115\">\r\n\t\t\t\t\t<img decoding=\"async\" class=\"Thumb\" alt=\"Animatorzy kultury\" src=\"https:\/\/oronsko.org\/wp-content\/gallery\/animatorzy-kultury\/thumbs\/thumbs_dsc_9486.jpg\"\/>\r\n\t\t\t\t<\/a>\r\n\t\t\t<\/div>\r\n\t\t<\/div>\r\n\t\t<h4><a class=\"ngg-album-desc\" title=\"Animatorzy kultury\" href=\"https:\/\/oronsko.org\/?page_id=17&amp;album=3&amp;gallery=115\" >Animatorzy kultury<\/a><\/h4>\r\n\t\t\t\t<p><strong>19<\/strong> Photos<\/p>\r\n\t\t\t<\/div>\r\n\r\n \t\r\n\t<div class=\"ngg-album-compact\">\r\n\t\t<div class=\"ngg-album-compactbox\">\r\n\t\t\t<div class=\"ngg-album-link\">\r\n\t\t\t\t<a class=\"Link\" href=\"https:\/\/oronsko.org\/?page_id=17&amp;album=3&amp;gallery=114\">\r\n\t\t\t\t\t<img decoding=\"async\" class=\"Thumb\" alt=\"Wy\u015bcig o konar d\u0119bu Czwartaka\" src=\"https:\/\/oronsko.org\/wp-content\/gallery\/wyscig-o-konar-debu-czwartaka\/thumbs\/thumbs_dsc_9420.jpg\"\/>\r\n\t\t\t\t<\/a>\r\n\t\t\t<\/div>\r\n\t\t<\/div>\r\n\t\t<h4><a class=\"ngg-album-desc\" title=\"Wy\u015bcig o konar d\u0119bu Czwartaka\" href=\"https:\/\/oronsko.org\/?page_id=17&amp;album=3&amp;gallery=114\" >Wy\u015bcig o konar d\u0119bu Czwartaka<\/a><\/h4>\r\n\t\t\t\t<p><strong>100<\/strong> Photos<\/p>\r\n\t\t\t<\/div>\r\n\r\n \t\r\n\t<div class=\"ngg-album-compact\">\r\n\t\t<div class=\"ngg-album-compactbox\">\r\n\t\t\t<div class=\"ngg-album-link\">\r\n\t\t\t\t<a class=\"Link\" href=\"https:\/\/oronsko.org\/?page_id=17&amp;album=3&amp;gallery=113\">\r\n\t\t\t\t\t<img decoding=\"async\" class=\"Thumb\" alt=\"Zawody po\u017carnicze\" src=\"https:\/\/oronsko.org\/wp-content\/gallery\/zawody-pozarnicze\/thumbs\/thumbs_dsc_9157.jpg\"\/>\r\n\t\t\t\t<\/a>\r\n\t\t\t<\/div>\r\n\t\t<\/div>\r\n\t\t<h4><a class=\"ngg-album-desc\" title=\"Zawody po\u017carnicze\" href=\"https:\/\/oronsko.org\/?page_id=17&amp;album=3&amp;gallery=113\" >Zawody po\u017carnicze<\/a><\/h4>\r\n\t\t\t\t<p><strong>42<\/strong> Photos<\/p>\r\n\t\t\t<\/div>\r\n\r\n \t\r\n\t<div class=\"ngg-album-compact\">\r\n\t\t<div class=\"ngg-album-compactbox\">\r\n\t\t\t<div class=\"ngg-album-link\">\r\n\t\t\t\t<a class=\"Link\" href=\"https:\/\/oronsko.org\/?page_id=17&amp;album=3&amp;gallery=112\">\r\n\t\t\t\t\t<img decoding=\"async\" class=\"Thumb\" alt=\"Jubileusz Guzowianek\" src=\"https:\/\/oronsko.org\/wp-content\/gallery\/jubileusz-guzowianek\/thumbs\/thumbs_dsc_9064.jpg\"\/>\r\n\t\t\t\t<\/a>\r\n\t\t\t<\/div>\r\n\t\t<\/div>\r\n\t\t<h4><a class=\"ngg-album-desc\" title=\"Jubileusz Guzowianek\" href=\"https:\/\/oronsko.org\/?page_id=17&amp;album=3&amp;gallery=112\" >Jubileusz Guzowianek<\/a><\/h4>\r\n\t\t\t\t<p><strong>31<\/strong> Photos<\/p>\r\n\t\t\t<\/div>\r\n\r\n \t\r\n\t<div class=\"ngg-album-compact\">\r\n\t\t<div class=\"ngg-album-compactbox\">\r\n\t\t\t<div class=\"ngg-album-link\">\r\n\t\t\t\t<a class=\"Link\" href=\"https:\/\/oronsko.org\/?page_id=17&amp;album=3&amp;gallery=111\">\r\n\t\t\t\t\t<img decoding=\"async\" class=\"Thumb\" alt=\"Niespodziewany Pocz\u0105tek Jesieni\" src=\"https:\/\/oronsko.org\/wp-content\/gallery\/niespodziewany-poczatek-jesieni_1\/thumbs\/thumbs_dsc_9030.jpg\"\/>\r\n\t\t\t\t<\/a>\r\n\t\t\t<\/div>\r\n\t\t<\/div>\r\n\t\t<h4><a class=\"ngg-album-desc\" title=\"Niespodziewany Pocz\u0105tek Jesieni\" href=\"https:\/\/oronsko.org\/?page_id=17&amp;album=3&amp;gallery=111\" >Niespodziewany Pocz\u0105tek Jesieni<\/a><\/h4>\r\n\t\t\t\t<p><strong>13<\/strong> Photos<\/p>\r\n\t\t\t<\/div>\r\n\r\n \t\r\n\t<div class=\"ngg-album-compact\">\r\n\t\t<div class=\"ngg-album-compactbox\">\r\n\t\t\t<div class=\"ngg-album-link\">\r\n\t\t\t\t<a class=\"Link\" href=\"https:\/\/oronsko.org\/?page_id=17&amp;album=3&amp;gallery=110\">\r\n\t\t\t\t\t<img decoding=\"async\" class=\"Thumb\" alt=\"Seniorzy na Mazurach\" src=\"https:\/\/oronsko.org\/wp-content\/gallery\/seniorzy-na-mazurach\/thumbs\/thumbs_dsc_8913.jpg\"\/>\r\n\t\t\t\t<\/a>\r\n\t\t\t<\/div>\r\n\t\t<\/div>\r\n\t\t<h4><a class=\"ngg-album-desc\" title=\"Seniorzy na Mazurach\" href=\"https:\/\/oronsko.org\/?page_id=17&amp;album=3&amp;gallery=110\" >Seniorzy na Mazurach<\/a><\/h4>\r\n\t\t\t\t<p><strong>30<\/strong> Photos<\/p>\r\n\t\t\t<\/div>\r\n\r\n \t\r\n\t<div class=\"ngg-album-compact\">\r\n\t\t<div class=\"ngg-album-compactbox\">\r\n\t\t\t<div class=\"ngg-album-link\">\r\n\t\t\t\t<a class=\"Link\" href=\"https:\/\/oronsko.org\/?page_id=17&amp;album=3&amp;gallery=107\">\r\n\t\t\t\t\t<img decoding=\"async\" class=\"Thumb\" alt=\"Szkolenie komputerowe w Oro\u0144sku\" src=\"https:\/\/oronsko.org\/wp-content\/gallery\/szkolenie-komputerowe-w-oronsku\/thumbs\/thumbs_dsc_8357.jpg\"\/>\r\n\t\t\t\t<\/a>\r\n\t\t\t<\/div>\r\n\t\t<\/div>\r\n\t\t<h4><a class=\"ngg-album-desc\" title=\"Szkolenie komputerowe w Oro\u0144sku\" href=\"https:\/\/oronsko.org\/?page_id=17&amp;album=3&amp;gallery=107\" >Szkolenie komputerowe w Oro\u0144sku<\/a><\/h4>\r\n\t\t\t\t<p><strong>8<\/strong> Photos<\/p>\r\n\t\t\t<\/div>\r\n\r\n \t\r\n\t<div class=\"ngg-album-compact\">\r\n\t\t<div class=\"ngg-album-compactbox\">\r\n\t\t\t<div class=\"ngg-album-link\">\r\n\t\t\t\t<a class=\"Link\" href=\"https:\/\/oronsko.org\/?page_id=17&amp;album=3&amp;gallery=106\">\r\n\t\t\t\t\t<img decoding=\"async\" class=\"Thumb\" alt=\"Abakany w Oro\u0144sku\" src=\"https:\/\/oronsko.org\/wp-content\/gallery\/abakany-w-oronsku\/thumbs\/thumbs_img_20190713_143208_hdr.jpg\"\/>\r\n\t\t\t\t<\/a>\r\n\t\t\t<\/div>\r\n\t\t<\/div>\r\n\t\t<h4><a class=\"ngg-album-desc\" title=\"Abakany w Oro\u0144sku\" href=\"https:\/\/oronsko.org\/?page_id=17&amp;album=3&amp;gallery=106\" >Abakany w Oro\u0144sku<\/a><\/h4>\r\n\t\t\t\t<p><strong>12<\/strong> Photos<\/p>\r\n\t\t\t<\/div>\r\n\r\n \t\r\n\t<div class=\"ngg-album-compact\">\r\n\t\t<div class=\"ngg-album-compactbox\">\r\n\t\t\t<div class=\"ngg-album-link\">\r\n\t\t\t\t<a class=\"Link\" href=\"https:\/\/oronsko.org\/?page_id=17&amp;album=3&amp;gallery=105\">\r\n\t\t\t\t\t<img decoding=\"async\" class=\"Thumb\" alt=\"Uroczysto\u015b\u0107 Bo\u017cego Cia\u0142a\" src=\"https:\/\/oronsko.org\/wp-content\/gallery\/uroczystosc-bozego-ciala\/thumbs\/thumbs_dsc_5454.jpg\"\/>\r\n\t\t\t\t<\/a>\r\n\t\t\t<\/div>\r\n\t\t<\/div>\r\n\t\t<h4><a class=\"ngg-album-desc\" title=\"Uroczysto\u015b\u0107 Bo\u017cego Cia\u0142a\" href=\"https:\/\/oronsko.org\/?page_id=17&amp;album=3&amp;gallery=105\" >Uroczysto\u015b\u0107 Bo\u017cego Cia\u0142a<\/a><\/h4>\r\n\t\t\t\t<p><strong>51<\/strong> Photos<\/p>\r\n\t\t\t<\/div>\r\n\r\n \t\r\n\t<div class=\"ngg-album-compact\">\r\n\t\t<div class=\"ngg-album-compactbox\">\r\n\t\t\t<div class=\"ngg-album-link\">\r\n\t\t\t\t<a class=\"Link\" href=\"https:\/\/oronsko.org\/?page_id=17&amp;album=3&amp;gallery=104\">\r\n\t\t\t\t\t<img decoding=\"async\" class=\"Thumb\" alt=\"Gminny Dzie\u0144 Sportu\" src=\"https:\/\/oronsko.org\/wp-content\/gallery\/gminny-dzien-sportu_2\/thumbs\/thumbs_dsc_5354.jpg\"\/>\r\n\t\t\t\t<\/a>\r\n\t\t\t<\/div>\r\n\t\t<\/div>\r\n\t\t<h4><a class=\"ngg-album-desc\" title=\"Gminny Dzie\u0144 Sportu\" href=\"https:\/\/oronsko.org\/?page_id=17&amp;album=3&amp;gallery=104\" >Gminny Dzie\u0144 Sportu<\/a><\/h4>\r\n\t\t\t\t<p><strong>36<\/strong> Photos<\/p>\r\n\t\t\t<\/div>\r\n\r\n \t\r\n\t<div class=\"ngg-album-compact\">\r\n\t\t<div class=\"ngg-album-compactbox\">\r\n\t\t\t<div class=\"ngg-album-link\">\r\n\t\t\t\t<a class=\"Link\" href=\"https:\/\/oronsko.org\/?page_id=17&amp;album=3&amp;gallery=103\">\r\n\t\t\t\t\t<img decoding=\"async\" class=\"Thumb\" alt=\"Po\u017cegnanie szko\u0142y\" src=\"https:\/\/oronsko.org\/wp-content\/gallery\/pozegnanie-szkoly\/thumbs\/thumbs_dsc_5159.jpg\"\/>\r\n\t\t\t\t<\/a>\r\n\t\t\t<\/div>\r\n\t\t<\/div>\r\n\t\t<h4><a class=\"ngg-album-desc\" title=\"Po\u017cegnanie szko\u0142y\" href=\"https:\/\/oronsko.org\/?page_id=17&amp;album=3&amp;gallery=103\" >Po\u017cegnanie szko\u0142y<\/a><\/h4>\r\n\t\t\t\t<p><strong>13<\/strong> Photos<\/p>\r\n\t\t\t<\/div>\r\n\r\n \t\r\n\t<div class=\"ngg-album-compact\">\r\n\t\t<div class=\"ngg-album-compactbox\">\r\n\t\t\t<div class=\"ngg-album-link\">\r\n\t\t\t\t<a class=\"Link\" href=\"https:\/\/oronsko.org\/?page_id=17&amp;album=3&amp;gallery=102\">\r\n\t\t\t\t\t<img decoding=\"async\" class=\"Thumb\" alt=\"Ods\u0142oni\u0119cie pomnika\" src=\"https:\/\/oronsko.org\/wp-content\/gallery\/odsloniecie-pomnika\/thumbs\/thumbs_dsc_4999.jpg\"\/>\r\n\t\t\t\t<\/a>\r\n\t\t\t<\/div>\r\n\t\t<\/div>\r\n\t\t<h4><a class=\"ngg-album-desc\" title=\"Ods\u0142oni\u0119cie pomnika\" href=\"https:\/\/oronsko.org\/?page_id=17&amp;album=3&amp;gallery=102\" >Ods\u0142oni\u0119cie pomnika<\/a><\/h4>\r\n\t\t\t\t<p><strong>39<\/strong> Photos<\/p>\r\n\t\t\t<\/div>\r\n\r\n \t\r\n\t<div class=\"ngg-album-compact\">\r\n\t\t<div class=\"ngg-album-compactbox\">\r\n\t\t\t<div class=\"ngg-album-link\">\r\n\t\t\t\t<a class=\"Link\" href=\"https:\/\/oronsko.org\/?page_id=17&amp;album=3&amp;gallery=101\">\r\n\t\t\t\t\t<img decoding=\"async\" class=\"Thumb\" alt=\"Wolontariusze w akcji\" src=\"https:\/\/oronsko.org\/wp-content\/gallery\/wolontariusze-w-akcji\/thumbs\/thumbs_img_20190525_123615.jpg\"\/>\r\n\t\t\t\t<\/a>\r\n\t\t\t<\/div>\r\n\t\t<\/div>\r\n\t\t<h4><a class=\"ngg-album-desc\" title=\"Wolontariusze w akcji\" href=\"https:\/\/oronsko.org\/?page_id=17&amp;album=3&amp;gallery=101\" >Wolontariusze w akcji<\/a><\/h4>\r\n\t\t\t\t<p><strong>10<\/strong> Photos<\/p>\r\n\t\t\t<\/div>\r\n\r\n \t\r\n\t<div class=\"ngg-album-compact\">\r\n\t\t<div class=\"ngg-album-compactbox\">\r\n\t\t\t<div class=\"ngg-album-link\">\r\n\t\t\t\t<a class=\"Link\" href=\"https:\/\/oronsko.org\/?page_id=17&amp;album=3&amp;gallery=100\">\r\n\t\t\t\t\t<img decoding=\"async\" class=\"Thumb\" alt=\"Spotkanie Klubu Seniora\" src=\"https:\/\/oronsko.org\/wp-content\/gallery\/spotkanie-klubu-seniora_2\/thumbs\/thumbs_dsc_4573.jpg\"\/>\r\n\t\t\t\t<\/a>\r\n\t\t\t<\/div>\r\n\t\t<\/div>\r\n\t\t<h4><a class=\"ngg-album-desc\" title=\"Spotkanie Klubu Seniora\" href=\"https:\/\/oronsko.org\/?page_id=17&amp;album=3&amp;gallery=100\" >Spotkanie Klubu Seniora<\/a><\/h4>\r\n\t\t\t\t<p><strong>13<\/strong> Photos<\/p>\r\n\t\t\t<\/div>\r\n\r\n \t\r\n\t<div class=\"ngg-album-compact\">\r\n\t\t<div class=\"ngg-album-compactbox\">\r\n\t\t\t<div class=\"ngg-album-link\">\r\n\t\t\t\t<a class=\"Link\" href=\"https:\/\/oronsko.org\/?page_id=17&amp;album=3&amp;gallery=99\">\r\n\t\t\t\t\t<img decoding=\"async\" class=\"Thumb\" alt=\"Odpust w Wysokiej\" src=\"https:\/\/oronsko.org\/wp-content\/gallery\/odpust-w-wysokiej\/thumbs\/thumbs_img_20190510_201941.jpg\"\/>\r\n\t\t\t\t<\/a>\r\n\t\t\t<\/div>\r\n\t\t<\/div>\r\n\t\t<h4><a class=\"ngg-album-desc\" title=\"Odpust w Wysokiej\" href=\"https:\/\/oronsko.org\/?page_id=17&amp;album=3&amp;gallery=99\" >Odpust w Wysokiej<\/a><\/h4>\r\n\t\t\t\t<p><strong>25<\/strong> Photos<\/p>\r\n\t\t\t<\/div>\r\n\r\n \t\r\n\t<div class=\"ngg-album-compact\">\r\n\t\t<div class=\"ngg-album-compactbox\">\r\n\t\t\t<div class=\"ngg-album-link\">\r\n\t\t\t\t<a class=\"Link\" href=\"https:\/\/oronsko.org\/?page_id=17&amp;album=3&amp;gallery=98\">\r\n\t\t\t\t\t<img decoding=\"async\" class=\"Thumb\" alt=\"Uroczysto\u015b\u0107 \u015aw. Floriana w Oro\u0144sku\" src=\"https:\/\/oronsko.org\/wp-content\/gallery\/uroczystosc-sw-floriana-w-oronsku\/thumbs\/thumbs_dsc_4494.jpg\"\/>\r\n\t\t\t\t<\/a>\r\n\t\t\t<\/div>\r\n\t\t<\/div>\r\n\t\t<h4><a class=\"ngg-album-desc\" title=\"Uroczysto\u015b\u0107 \u015aw. Floriana w Oro\u0144sku\" href=\"https:\/\/oronsko.org\/?page_id=17&amp;album=3&amp;gallery=98\" >Uroczysto\u015b\u0107 \u015aw. Floriana w Oro\u0144sku<\/a><\/h4>\r\n\t\t\t\t<p><strong>29<\/strong> Photos<\/p>\r\n\t\t\t<\/div>\r\n\r\n \t\r\n\t<div class=\"ngg-album-compact\">\r\n\t\t<div class=\"ngg-album-compactbox\">\r\n\t\t\t<div class=\"ngg-album-link\">\r\n\t\t\t\t<a class=\"Link\" href=\"https:\/\/oronsko.org\/?page_id=17&amp;album=3&amp;gallery=97\">\r\n\t\t\t\t\t<img decoding=\"async\" class=\"Thumb\" alt=\"Dzie\u0144 Ziemi 2019\" src=\"https:\/\/oronsko.org\/wp-content\/gallery\/dzien-ziemi-2019\/thumbs\/thumbs_dsc_4114.jpg\"\/>\r\n\t\t\t\t<\/a>\r\n\t\t\t<\/div>\r\n\t\t<\/div>\r\n\t\t<h4><a class=\"ngg-album-desc\" title=\"Dzie\u0144 Ziemi 2019\" href=\"https:\/\/oronsko.org\/?page_id=17&amp;album=3&amp;gallery=97\" >Dzie\u0144 Ziemi 2019<\/a><\/h4>\r\n\t\t\t\t<p><strong>10<\/strong> Photos<\/p>\r\n\t\t\t<\/div>\r\n\r\n \t\r\n\t<div class=\"ngg-album-compact\">\r\n\t\t<div class=\"ngg-album-compactbox\">\r\n\t\t\t<div class=\"ngg-album-link\">\r\n\t\t\t\t<a class=\"Link\" href=\"https:\/\/oronsko.org\/?page_id=17&amp;album=3&amp;gallery=96\">\r\n\t\t\t\t\t<img decoding=\"async\" class=\"Thumb\" alt=\"Festiwal Piosenki Wiosennej\" src=\"https:\/\/oronsko.org\/wp-content\/gallery\/festiwal-piosenki-wiosennej\/thumbs\/thumbs_dsc_4099.jpg\"\/>\r\n\t\t\t\t<\/a>\r\n\t\t\t<\/div>\r\n\t\t<\/div>\r\n\t\t<h4><a class=\"ngg-album-desc\" title=\"Festiwal Piosenki Wiosennej\" href=\"https:\/\/oronsko.org\/?page_id=17&amp;album=3&amp;gallery=96\" >Festiwal Piosenki Wiosennej<\/a><\/h4>\r\n\t\t\t\t<p><strong>16<\/strong> Photos<\/p>\r\n\t\t\t<\/div>\r\n\r\n \t\r\n\t<div class=\"ngg-album-compact\">\r\n\t\t<div class=\"ngg-album-compactbox\">\r\n\t\t\t<div class=\"ngg-album-link\">\r\n\t\t\t\t<a class=\"Link\" href=\"https:\/\/oronsko.org\/?page_id=17&amp;album=3&amp;gallery=95\">\r\n\t\t\t\t\t<img decoding=\"async\" class=\"Thumb\" alt=\"Sprz\u0105tanie pod D\u0119bem Czwartakiem\" src=\"https:\/\/oronsko.org\/wp-content\/gallery\/sprzatanie-pod-debem-czwartakiem\/thumbs\/thumbs_dsc_3920.jpg\"\/>\r\n\t\t\t\t<\/a>\r\n\t\t\t<\/div>\r\n\t\t<\/div>\r\n\t\t<h4><a class=\"ngg-album-desc\" title=\"Sprz\u0105tanie pod D\u0119bem Czwartakiem\" href=\"https:\/\/oronsko.org\/?page_id=17&amp;album=3&amp;gallery=95\" >Sprz\u0105tanie pod D\u0119bem Czwartakiem<\/a><\/h4>\r\n\t\t\t\t<p><strong>44<\/strong> Photos<\/p>\r\n\t\t\t<\/div>\r\n\r\n \t\r\n\t<div class=\"ngg-album-compact\">\r\n\t\t<div class=\"ngg-album-compactbox\">\r\n\t\t\t<div class=\"ngg-album-link\">\r\n\t\t\t\t<a class=\"Link\" href=\"https:\/\/oronsko.org\/?page_id=17&amp;album=3&amp;gallery=94\">\r\n\t\t\t\t\t<img decoding=\"async\" class=\"Thumb\" alt=\"Wizytacja biskupa\" src=\"https:\/\/oronsko.org\/wp-content\/gallery\/wizytacja-biskupa\/thumbs\/thumbs_dsc_3890.jpg\"\/>\r\n\t\t\t\t<\/a>\r\n\t\t\t<\/div>\r\n\t\t<\/div>\r\n\t\t<h4><a class=\"ngg-album-desc\" title=\"Wizytacja biskupa\" href=\"https:\/\/oronsko.org\/?page_id=17&amp;album=3&amp;gallery=94\" >Wizytacja biskupa<\/a><\/h4>\r\n\t\t\t\t<p><strong>12<\/strong> Photos<\/p>\r\n\t\t\t<\/div>\r\n\r\n \t\r\n\t<div class=\"ngg-album-compact\">\r\n\t\t<div class=\"ngg-album-compactbox\">\r\n\t\t\t<div class=\"ngg-album-link\">\r\n\t\t\t\t<a class=\"Link\" href=\"https:\/\/oronsko.org\/?page_id=17&amp;album=3&amp;gallery=93\">\r\n\t\t\t\t\t<img decoding=\"async\" class=\"Thumb\" alt=\"Ksi\u0105\u017cka za sprz\u0105tanie\" src=\"https:\/\/oronsko.org\/wp-content\/gallery\/ksiazka-za-sprzatanie\/thumbs\/thumbs_dsc_3707.jpg\"\/>\r\n\t\t\t\t<\/a>\r\n\t\t\t<\/div>\r\n\t\t<\/div>\r\n\t\t<h4><a class=\"ngg-album-desc\" title=\"Ksi\u0105\u017cka za sprz\u0105tanie\" href=\"https:\/\/oronsko.org\/?page_id=17&amp;album=3&amp;gallery=93\" >Ksi\u0105\u017cka za sprz\u0105tanie<\/a><\/h4>\r\n\t\t\t\t<p><strong>13<\/strong> Photos<\/p>\r\n\t\t\t<\/div>\r\n\r\n \t\r\n\t<div class=\"ngg-album-compact\">\r\n\t\t<div class=\"ngg-album-compactbox\">\r\n\t\t\t<div class=\"ngg-album-link\">\r\n\t\t\t\t<a class=\"Link\" href=\"https:\/\/oronsko.org\/?page_id=17&amp;album=3&amp;gallery=92\">\r\n\t\t\t\t\t<img decoding=\"async\" class=\"Thumb\" alt=\"Inauguracja klubu seniora\" src=\"https:\/\/oronsko.org\/wp-content\/gallery\/inauguracja-klubu-seniora\/thumbs\/thumbs_dsc_8019.jpg\"\/>\r\n\t\t\t\t<\/a>\r\n\t\t\t<\/div>\r\n\t\t<\/div>\r\n\t\t<h4><a class=\"ngg-album-desc\" title=\"Inauguracja klubu seniora\" href=\"https:\/\/oronsko.org\/?page_id=17&amp;album=3&amp;gallery=92\" >Inauguracja klubu seniora<\/a><\/h4>\r\n\t\t\t\t<p><strong>9<\/strong> Photos<\/p>\r\n\t\t\t<\/div>\r\n\r\n \t\r\n\t<div class=\"ngg-album-compact\">\r\n\t\t<div class=\"ngg-album-compactbox\">\r\n\t\t\t<div class=\"ngg-album-link\">\r\n\t\t\t\t<a class=\"Link\" href=\"https:\/\/oronsko.org\/?page_id=17&amp;album=3&amp;gallery=91\">\r\n\t\t\t\t\t<img decoding=\"async\" class=\"Thumb\" alt=\"Liga Siatk\u00f3wki 2019\" src=\"https:\/\/oronsko.org\/wp-content\/gallery\/liga-siatkowki-2019\/thumbs\/thumbs_dsc_3678.jpg\"\/>\r\n\t\t\t\t<\/a>\r\n\t\t\t<\/div>\r\n\t\t<\/div>\r\n\t\t<h4><a class=\"ngg-album-desc\" title=\"Liga Siatk\u00f3wki 2019\" href=\"https:\/\/oronsko.org\/?page_id=17&amp;album=3&amp;gallery=91\" >Liga Siatk\u00f3wki 2019<\/a><\/h4>\r\n\t\t\t\t<p><strong>40<\/strong> Photos<\/p>\r\n\t\t\t<\/div>\r\n\r\n \t\r\n\t<div class=\"ngg-album-compact\">\r\n\t\t<div class=\"ngg-album-compactbox\">\r\n\t\t\t<div class=\"ngg-album-link\">\r\n\t\t\t\t<a class=\"Link\" href=\"https:\/\/oronsko.org\/?page_id=17&amp;album=3&amp;gallery=90\">\r\n\t\t\t\t\t<img decoding=\"async\" class=\"Thumb\" alt=\"Siatk\u00f3wka 2019\" src=\"https:\/\/oronsko.org\/wp-content\/gallery\/siatkowka-2019\/thumbs\/thumbs_dsc_3602.jpg\"\/>\r\n\t\t\t\t<\/a>\r\n\t\t\t<\/div>\r\n\t\t<\/div>\r\n\t\t<h4><a class=\"ngg-album-desc\" title=\"Siatk\u00f3wka 2019\" href=\"https:\/\/oronsko.org\/?page_id=17&amp;album=3&amp;gallery=90\" >Siatk\u00f3wka 2019<\/a><\/h4>\r\n\t\t\t\t<p><strong>47<\/strong> Photos<\/p>\r\n\t\t\t<\/div>\r\n\r\n \t\r\n\t<div class=\"ngg-album-compact\">\r\n\t\t<div class=\"ngg-album-compactbox\">\r\n\t\t\t<div class=\"ngg-album-link\">\r\n\t\t\t\t<a class=\"Link\" href=\"https:\/\/oronsko.org\/?page_id=17&amp;album=3&amp;gallery=89\">\r\n\t\t\t\t\t<img decoding=\"async\" class=\"Thumb\" alt=\"Spotkanie z Przemys\u0142awem Ziemb\u0105\" src=\"https:\/\/oronsko.org\/wp-content\/gallery\/spotkanie-z-przemyslawem-ziemba\/thumbs\/thumbs_dsc_3440.jpg\"\/>\r\n\t\t\t\t<\/a>\r\n\t\t\t<\/div>\r\n\t\t<\/div>\r\n\t\t<h4><a class=\"ngg-album-desc\" title=\"Spotkanie z Przemys\u0142awem Ziemb\u0105\" href=\"https:\/\/oronsko.org\/?page_id=17&amp;album=3&amp;gallery=89\" >Spotkanie z Przemys\u0142awem Ziemb\u0105<\/a><\/h4>\r\n\t\t\t\t<p><strong>21<\/strong> Photos<\/p>\r\n\t\t\t<\/div>\r\n\r\n \t\r\n\t<div class=\"ngg-album-compact\">\r\n\t\t<div class=\"ngg-album-compactbox\">\r\n\t\t\t<div class=\"ngg-album-link\">\r\n\t\t\t\t<a class=\"Link\" href=\"https:\/\/oronsko.org\/?page_id=17&amp;album=3&amp;gallery=88\">\r\n\t\t\t\t\t<img decoding=\"async\" class=\"Thumb\" alt=\"VII Forum dyskusyjne \" src=\"https:\/\/oronsko.org\/wp-content\/gallery\/vii-forum-dyskusyjne\/thumbs\/thumbs_dsc_3358.jpg\"\/>\r\n\t\t\t\t<\/a>\r\n\t\t\t<\/div>\r\n\t\t<\/div>\r\n\t\t<h4><a class=\"ngg-album-desc\" title=\"VII Forum dyskusyjne \" href=\"https:\/\/oronsko.org\/?page_id=17&amp;album=3&amp;gallery=88\" >VII Forum dyskusyjne <\/a><\/h4>\r\n\t\t\t\t<p><strong>26<\/strong> Photos<\/p>\r\n\t\t\t<\/div>\r\n\r\n \t\r\n\t<div class=\"ngg-album-compact\">\r\n\t\t<div class=\"ngg-album-compactbox\">\r\n\t\t\t<div class=\"ngg-album-link\">\r\n\t\t\t\t<a class=\"Link\" href=\"https:\/\/oronsko.org\/?page_id=17&amp;album=3&amp;gallery=87\">\r\n\t\t\t\t\t<img decoding=\"async\" class=\"Thumb\" alt=\"Uroczysto\u015b\u0107 Trzech Kr\u00f3li\" src=\"https:\/\/oronsko.org\/wp-content\/gallery\/uroczystosc-trzech-kroli_1\/thumbs\/thumbs_dsc_3230.jpg\"\/>\r\n\t\t\t\t<\/a>\r\n\t\t\t<\/div>\r\n\t\t<\/div>\r\n\t\t<h4><a class=\"ngg-album-desc\" title=\"Uroczysto\u015b\u0107 Trzech Kr\u00f3li\" href=\"https:\/\/oronsko.org\/?page_id=17&amp;album=3&amp;gallery=87\" >Uroczysto\u015b\u0107 Trzech Kr\u00f3li<\/a><\/h4>\r\n\t\t\t\t<p><strong>10<\/strong> Photos<\/p>\r\n\t\t\t<\/div>\r\n\r\n \t\r\n\t<div class=\"ngg-album-compact\">\r\n\t\t<div class=\"ngg-album-compactbox\">\r\n\t\t\t<div class=\"ngg-album-link\">\r\n\t\t\t\t<a class=\"Link\" href=\"https:\/\/oronsko.org\/?page_id=17&amp;album=3&amp;gallery=86\">\r\n\t\t\t\t\t<img decoding=\"async\" class=\"Thumb\" alt=\"Kolejny klip Guzowianek\" src=\"https:\/\/oronsko.org\/wp-content\/gallery\/kolejny-klip-guzowianek\/thumbs\/thumbs_dsc_2994.jpg\"\/>\r\n\t\t\t\t<\/a>\r\n\t\t\t<\/div>\r\n\t\t<\/div>\r\n\t\t<h4><a class=\"ngg-album-desc\" title=\"Kolejny klip Guzowianek\" href=\"https:\/\/oronsko.org\/?page_id=17&amp;album=3&amp;gallery=86\" >Kolejny klip Guzowianek<\/a><\/h4>\r\n\t\t\t\t<p><strong>28<\/strong> Photos<\/p>\r\n\t\t\t<\/div>\r\n\r\n \t\r\n\t<div class=\"ngg-album-compact\">\r\n\t\t<div class=\"ngg-album-compactbox\">\r\n\t\t\t<div class=\"ngg-album-link\">\r\n\t\t\t\t<a class=\"Link\" href=\"https:\/\/oronsko.org\/?page_id=17&amp;album=3&amp;gallery=84\">\r\n\t\t\t\t\t<img decoding=\"async\" class=\"Thumb\" alt=\"100 lecie Niepodleg\u0142ej w Wysokiej\" src=\"https:\/\/oronsko.org\/wp-content\/gallery\/100-lecie-niepodleglej-w-wysokiej\/thumbs\/thumbs_received_561255570982917.jpg\"\/>\r\n\t\t\t\t<\/a>\r\n\t\t\t<\/div>\r\n\t\t<\/div>\r\n\t\t<h4><a class=\"ngg-album-desc\" title=\"100 lecie Niepodleg\u0142ej w Wysokiej\" href=\"https:\/\/oronsko.org\/?page_id=17&amp;album=3&amp;gallery=84\" >100 lecie Niepodleg\u0142ej w Wysokiej<\/a><\/h4>\r\n\t\t\t\t<p><strong>22<\/strong> Photos<\/p>\r\n\t\t\t<\/div>\r\n\r\n \t\r\n\t<div class=\"ngg-album-compact\">\r\n\t\t<div class=\"ngg-album-compactbox\">\r\n\t\t\t<div class=\"ngg-album-link\">\r\n\t\t\t\t<a class=\"Link\" href=\"https:\/\/oronsko.org\/?page_id=17&amp;album=3&amp;gallery=83\">\r\n\t\t\t\t\t<img decoding=\"async\" class=\"Thumb\" alt=\"\u015awi\u0119to Niepodleg\u0142o\u015bci w Oro\u0144sku\" src=\"https:\/\/oronsko.org\/wp-content\/gallery\/swieto-niepodleglosci-w-oronsku_1\/thumbs\/thumbs_dsc_2966.jpg\"\/>\r\n\t\t\t\t<\/a>\r\n\t\t\t<\/div>\r\n\t\t<\/div>\r\n\t\t<h4><a class=\"ngg-album-desc\" title=\"\u015awi\u0119to Niepodleg\u0142o\u015bci w Oro\u0144sku\" href=\"https:\/\/oronsko.org\/?page_id=17&amp;album=3&amp;gallery=83\" >\u015awi\u0119to Niepodleg\u0142o\u015bci w Oro\u0144sku<\/a><\/h4>\r\n\t\t\t\t<p><strong>102<\/strong> Photos<\/p>\r\n\t\t\t<\/div>\r\n\r\n \t\r\n\t<div class=\"ngg-album-compact\">\r\n\t\t<div class=\"ngg-album-compactbox\">\r\n\t\t\t<div class=\"ngg-album-link\">\r\n\t\t\t\t<a class=\"Link\" href=\"https:\/\/oronsko.org\/?page_id=17&amp;album=3&amp;gallery=82\">\r\n\t\t\t\t\t<img decoding=\"async\" class=\"Thumb\" alt=\"Festiwal Kreatywnej i Aktywnej Edukacji\" src=\"https:\/\/oronsko.org\/wp-content\/gallery\/festiwal-kreatywnej-i-aktywnej-edukacji\/thumbs\/thumbs_img_20181027_115150055.jpg\"\/>\r\n\t\t\t\t<\/a>\r\n\t\t\t<\/div>\r\n\t\t<\/div>\r\n\t\t<h4><a class=\"ngg-album-desc\" title=\"Festiwal Kreatywnej i Aktywnej Edukacji\" href=\"https:\/\/oronsko.org\/?page_id=17&amp;album=3&amp;gallery=82\" >Festiwal Kreatywnej i Aktywnej Edukacji<\/a><\/h4>\r\n\t\t\t\t<p><strong>9<\/strong> Photos<\/p>\r\n\t\t\t<\/div>\r\n\r\n \t\r\n\t<div class=\"ngg-album-compact\">\r\n\t\t<div class=\"ngg-album-compactbox\">\r\n\t\t\t<div class=\"ngg-album-link\">\r\n\t\t\t\t<a class=\"Link\" href=\"https:\/\/oronsko.org\/?page_id=17&amp;album=3&amp;gallery=80\">\r\n\t\t\t\t\t<img decoding=\"async\" class=\"Thumb\" alt=\"Koncert \u201eLaudate Libertas\u201d \" src=\"https:\/\/oronsko.org\/wp-content\/gallery\/koncert-laudate-libertas\/thumbs\/thumbs_dsc_2689.jpg\"\/>\r\n\t\t\t\t<\/a>\r\n\t\t\t<\/div>\r\n\t\t<\/div>\r\n\t\t<h4><a class=\"ngg-album-desc\" title=\"Koncert \u201eLaudate Libertas\u201d \" href=\"https:\/\/oronsko.org\/?page_id=17&amp;album=3&amp;gallery=80\" >Koncert \u201eLaudate Libertas\u201d <\/a><\/h4>\r\n\t\t\t\t<p><strong>49<\/strong> Photos<\/p>\r\n\t\t\t<\/div>\r\n\r\n \t\r\n\t<div class=\"ngg-album-compact\">\r\n\t\t<div class=\"ngg-album-compactbox\">\r\n\t\t\t<div class=\"ngg-album-link\">\r\n\t\t\t\t<a class=\"Link\" href=\"https:\/\/oronsko.org\/?page_id=17&amp;album=3&amp;gallery=79\">\r\n\t\t\t\t\t<img decoding=\"async\" class=\"Thumb\" alt=\"Niespodziewany Pocz\u0105tek Jesieni\" src=\"https:\/\/oronsko.org\/wp-content\/gallery\/niespodziewany-poczatek-jesieni\/thumbs\/thumbs_dsc_2508.jpg\"\/>\r\n\t\t\t\t<\/a>\r\n\t\t\t<\/div>\r\n\t\t<\/div>\r\n\t\t<h4><a class=\"ngg-album-desc\" title=\"Niespodziewany Pocz\u0105tek Jesieni\" href=\"https:\/\/oronsko.org\/?page_id=17&amp;album=3&amp;gallery=79\" >Niespodziewany Pocz\u0105tek Jesieni<\/a><\/h4>\r\n\t\t\t\t<p><strong>25<\/strong> Photos<\/p>\r\n\t\t\t<\/div>\r\n\r\n \t\r\n\t<div class=\"ngg-album-compact\">\r\n\t\t<div class=\"ngg-album-compactbox\">\r\n\t\t\t<div class=\"ngg-album-link\">\r\n\t\t\t\t<a class=\"Link\" href=\"https:\/\/oronsko.org\/?page_id=17&amp;album=3&amp;gallery=78\">\r\n\t\t\t\t\t<img decoding=\"async\" class=\"Thumb\" alt=\"Teledysk Guzowianek\" src=\"https:\/\/oronsko.org\/wp-content\/gallery\/teledysk-guzowianek\/thumbs\/thumbs_\"\/>\r\n\t\t\t\t<\/a>\r\n\t\t\t<\/div>\r\n\t\t<\/div>\r\n\t\t<h4><a class=\"ngg-album-desc\" title=\"Teledysk Guzowianek\" href=\"https:\/\/oronsko.org\/?page_id=17&amp;album=3&amp;gallery=78\" >Teledysk Guzowianek<\/a><\/h4>\r\n\t\t\t\t<p><strong>27<\/strong> Photos<\/p>\r\n\t\t\t<\/div>\r\n\r\n \t\r\n\t<div class=\"ngg-album-compact\">\r\n\t\t<div class=\"ngg-album-compactbox\">\r\n\t\t\t<div class=\"ngg-album-link\">\r\n\t\t\t\t<a class=\"Link\" href=\"https:\/\/oronsko.org\/?page_id=17&amp;album=3&amp;gallery=77\">\r\n\t\t\t\t\t<img decoding=\"async\" class=\"Thumb\" alt=\"Wy\u015bcig Kolarski o Konar D\u0119bu Czwartaka\" src=\"https:\/\/oronsko.org\/wp-content\/gallery\/wyscig-kolarski-o-konar-debu-czwartaka\/thumbs\/thumbs_dsc_0419.jpg\"\/>\r\n\t\t\t\t<\/a>\r\n\t\t\t<\/div>\r\n\t\t<\/div>\r\n\t\t<h4><a class=\"ngg-album-desc\" title=\"Wy\u015bcig Kolarski o Konar D\u0119bu Czwartaka\" href=\"https:\/\/oronsko.org\/?page_id=17&amp;album=3&amp;gallery=77\" >Wy\u015bcig Kolarski o Konar D\u0119bu Czwartaka<\/a><\/h4>\r\n\t\t\t\t<p><strong>146<\/strong> Photos<\/p>\r\n\t\t\t<\/div>\r\n\r\n \t\r\n\t<div class=\"ngg-album-compact\">\r\n\t\t<div class=\"ngg-album-compactbox\">\r\n\t\t\t<div class=\"ngg-album-link\">\r\n\t\t\t\t<a class=\"Link\" href=\"https:\/\/oronsko.org\/?page_id=17&amp;album=3&amp;gallery=76\">\r\n\t\t\t\t\t<img decoding=\"async\" class=\"Thumb\" alt=\"Uroczysto\u015b\u0107 odpustowa w Oro\u0144sku\" src=\"https:\/\/oronsko.org\/wp-content\/gallery\/uroczystosc-odpustowa-w-oronsku\/thumbs\/thumbs_dsc_2070.jpg\"\/>\r\n\t\t\t\t<\/a>\r\n\t\t\t<\/div>\r\n\t\t<\/div>\r\n\t\t<h4><a class=\"ngg-album-desc\" title=\"Uroczysto\u015b\u0107 odpustowa w Oro\u0144sku\" href=\"https:\/\/oronsko.org\/?page_id=17&amp;album=3&amp;gallery=76\" >Uroczysto\u015b\u0107 odpustowa w Oro\u0144sku<\/a><\/h4>\r\n\t\t\t\t<p><strong>18<\/strong> Photos<\/p>\r\n\t\t\t<\/div>\r\n\r\n \t\r\n\t<div class=\"ngg-album-compact\">\r\n\t\t<div class=\"ngg-album-compactbox\">\r\n\t\t\t<div class=\"ngg-album-link\">\r\n\t\t\t\t<a class=\"Link\" href=\"https:\/\/oronsko.org\/?page_id=17&amp;album=3&amp;gallery=75\">\r\n\t\t\t\t\t<img decoding=\"async\" class=\"Thumb\" alt=\"Zaborowianki\" src=\"https:\/\/oronsko.org\/wp-content\/gallery\/zaborowianki\/thumbs\/thumbs_dsc_1617.jpg\"\/>\r\n\t\t\t\t<\/a>\r\n\t\t\t<\/div>\r\n\t\t<\/div>\r\n\t\t<h4><a class=\"ngg-album-desc\" title=\"Zaborowianki\" href=\"https:\/\/oronsko.org\/?page_id=17&amp;album=3&amp;gallery=75\" >Zaborowianki<\/a><\/h4>\r\n\t\t\t\t<p><strong>8<\/strong> Photos<\/p>\r\n\t\t\t<\/div>\r\n\r\n \t\r\n\t<div class=\"ngg-album-compact\">\r\n\t\t<div class=\"ngg-album-compactbox\">\r\n\t\t\t<div class=\"ngg-album-link\">\r\n\t\t\t\t<a class=\"Link\" href=\"https:\/\/oronsko.org\/?page_id=17&amp;album=3&amp;gallery=74\">\r\n\t\t\t\t\t<img decoding=\"async\" class=\"Thumb\" alt=\"Gminny Dzie\u0144 Sportu\" src=\"https:\/\/oronsko.org\/wp-content\/gallery\/gminny-dzien-sportu_1\/thumbs\/thumbs_dsc_1545.jpg\"\/>\r\n\t\t\t\t<\/a>\r\n\t\t\t<\/div>\r\n\t\t<\/div>\r\n\t\t<h4><a class=\"ngg-album-desc\" title=\"Gminny Dzie\u0144 Sportu\" href=\"https:\/\/oronsko.org\/?page_id=17&amp;album=3&amp;gallery=74\" >Gminny Dzie\u0144 Sportu<\/a><\/h4>\r\n\t\t\t\t<p><strong>35<\/strong> Photos<\/p>\r\n\t\t\t<\/div>\r\n\r\n \t\r\n\t<div class=\"ngg-album-compact\">\r\n\t\t<div class=\"ngg-album-compactbox\">\r\n\t\t\t<div class=\"ngg-album-link\">\r\n\t\t\t\t<a class=\"Link\" href=\"https:\/\/oronsko.org\/?page_id=17&amp;album=3&amp;gallery=73\">\r\n\t\t\t\t\t<img decoding=\"async\" class=\"Thumb\" alt=\"Zlot Mercedesa\" src=\"https:\/\/oronsko.org\/wp-content\/gallery\/zlot-mercedesa\/thumbs\/thumbs_dsc_1465.jpg\"\/>\r\n\t\t\t\t<\/a>\r\n\t\t\t<\/div>\r\n\t\t<\/div>\r\n\t\t<h4><a class=\"ngg-album-desc\" title=\"Zlot Mercedesa\" href=\"https:\/\/oronsko.org\/?page_id=17&amp;album=3&amp;gallery=73\" >Zlot Mercedesa<\/a><\/h4>\r\n\t\t\t\t<p><strong>177<\/strong> Photos<\/p>\r\n\t\t\t<\/div>\r\n\r\n \t\r\n\t<div class=\"ngg-album-compact\">\r\n\t\t<div class=\"ngg-album-compactbox\">\r\n\t\t\t<div class=\"ngg-album-link\">\r\n\t\t\t\t<a class=\"Link\" href=\"https:\/\/oronsko.org\/?page_id=17&amp;album=3&amp;gallery=72\">\r\n\t\t\t\t\t<img decoding=\"async\" class=\"Thumb\" alt=\"Bo\u017ce Cia\u0142o\" src=\"https:\/\/oronsko.org\/wp-content\/gallery\/boze-cialo\/thumbs\/thumbs_dsc_0958.jpg\"\/>\r\n\t\t\t\t<\/a>\r\n\t\t\t<\/div>\r\n\t\t<\/div>\r\n\t\t<h4><a class=\"ngg-album-desc\" title=\"Bo\u017ce Cia\u0142o\" href=\"https:\/\/oronsko.org\/?page_id=17&amp;album=3&amp;gallery=72\" >Bo\u017ce Cia\u0142o<\/a><\/h4>\r\n\t\t\t\t<p><strong>44<\/strong> Photos<\/p>\r\n\t\t\t<\/div>\r\n\r\n \t\r\n\t<div class=\"ngg-album-compact\">\r\n\t\t<div class=\"ngg-album-compactbox\">\r\n\t\t\t<div class=\"ngg-album-link\">\r\n\t\t\t\t<a class=\"Link\" href=\"https:\/\/oronsko.org\/?page_id=17&amp;album=3&amp;gallery=71\">\r\n\t\t\t\t\t<img decoding=\"async\" class=\"Thumb\" alt=\"Nowy klip Guzowianek\" src=\"https:\/\/oronsko.org\/wp-content\/gallery\/nowy-klip-guzowianek\/thumbs\/thumbs_dsc_0779.jpg\"\/>\r\n\t\t\t\t<\/a>\r\n\t\t\t<\/div>\r\n\t\t<\/div>\r\n\t\t<h4><a class=\"ngg-album-desc\" title=\"Nowy klip Guzowianek\" href=\"https:\/\/oronsko.org\/?page_id=17&amp;album=3&amp;gallery=71\" >Nowy klip Guzowianek<\/a><\/h4>\r\n\t\t\t\t<p><strong>78<\/strong> Photos<\/p>\r\n\t\t\t<\/div>\r\n\r\n \t\r\n\t<div class=\"ngg-album-compact\">\r\n\t\t<div class=\"ngg-album-compactbox\">\r\n\t\t\t<div class=\"ngg-album-link\">\r\n\t\t\t\t<a class=\"Link\" href=\"https:\/\/oronsko.org\/?page_id=17&amp;album=3&amp;gallery=70\">\r\n\t\t\t\t\t<img decoding=\"async\" class=\"Thumb\" alt=\"Szyd\u0142owieckie Forum O\u015bwiatowe\" src=\"https:\/\/oronsko.org\/wp-content\/gallery\/szydlowieckie-forum-oswiatowe\/thumbs\/thumbs_dsc_0230.jpg\"\/>\r\n\t\t\t\t<\/a>\r\n\t\t\t<\/div>\r\n\t\t<\/div>\r\n\t\t<h4><a class=\"ngg-album-desc\" title=\"Szyd\u0142owieckie Forum O\u015bwiatowe\" href=\"https:\/\/oronsko.org\/?page_id=17&amp;album=3&amp;gallery=70\" >Szyd\u0142owieckie Forum O\u015bwiatowe<\/a><\/h4>\r\n\t\t\t\t<p><strong>11<\/strong> Photos<\/p>\r\n\t\t\t<\/div>\r\n\r\n \t\r\n\t<div class=\"ngg-album-compact\">\r\n\t\t<div class=\"ngg-album-compactbox\">\r\n\t\t\t<div class=\"ngg-album-link\">\r\n\t\t\t\t<a class=\"Link\" href=\"https:\/\/oronsko.org\/?page_id=17&amp;album=3&amp;gallery=69\">\r\n\t\t\t\t\t<img decoding=\"async\" class=\"Thumb\" alt=\"Plan filmu w Oro\u0144ski\" src=\"https:\/\/oronsko.org\/wp-content\/gallery\/plan-filmu-w-oronski\/thumbs\/thumbs_dsc_0197.jpg\"\/>\r\n\t\t\t\t<\/a>\r\n\t\t\t<\/div>\r\n\t\t<\/div>\r\n\t\t<h4><a class=\"ngg-album-desc\" title=\"Plan filmu w Oro\u0144ski\" href=\"https:\/\/oronsko.org\/?page_id=17&amp;album=3&amp;gallery=69\" >Plan filmu w Oro\u0144ski<\/a><\/h4>\r\n\t\t\t\t<p><strong>12<\/strong> Photos<\/p>\r\n\t\t\t<\/div>\r\n\r\n \t\r\n\t<div class=\"ngg-album-compact\">\r\n\t\t<div class=\"ngg-album-compactbox\">\r\n\t\t\t<div class=\"ngg-album-link\">\r\n\t\t\t\t<a class=\"Link\" href=\"https:\/\/oronsko.org\/?page_id=17&amp;album=3&amp;gallery=68\">\r\n\t\t\t\t\t<img decoding=\"async\" class=\"Thumb\" alt=\"Oro\u0144ski mural \u201eSpe\u0142nione Marzenia\u201d\" src=\"https:\/\/oronsko.org\/wp-content\/gallery\/oronski-mural-spelnione-marzenia\/thumbs\/thumbs_dsc_9808.jpg\"\/>\r\n\t\t\t\t<\/a>\r\n\t\t\t<\/div>\r\n\t\t<\/div>\r\n\t\t<h4><a class=\"ngg-album-desc\" title=\"Oro\u0144ski mural \u201eSpe\u0142nione Marzenia\u201d\" href=\"https:\/\/oronsko.org\/?page_id=17&amp;album=3&amp;gallery=68\" >Oro\u0144ski mural \u201eSpe\u0142nione Marzenia\u201d<\/a><\/h4>\r\n\t\t\t\t<p><strong>13<\/strong> Photos<\/p>\r\n\t\t\t<\/div>\r\n\r\n \t\r\n\t<div class=\"ngg-album-compact\">\r\n\t\t<div class=\"ngg-album-compactbox\">\r\n\t\t\t<div class=\"ngg-album-link\">\r\n\t\t\t\t<a class=\"Link\" href=\"https:\/\/oronsko.org\/?page_id=17&amp;album=3&amp;gallery=67\">\r\n\t\t\t\t\t<img decoding=\"async\" class=\"Thumb\" alt=\"Turniej o Puchar Kubiemxu\" src=\"https:\/\/oronsko.org\/wp-content\/gallery\/turniej-o-puchar-kubiemxu\/thumbs\/thumbs_dsc_9792.jpg\"\/>\r\n\t\t\t\t<\/a>\r\n\t\t\t<\/div>\r\n\t\t<\/div>\r\n\t\t<h4><a class=\"ngg-album-desc\" title=\"Turniej o Puchar Kubiemxu\" href=\"https:\/\/oronsko.org\/?page_id=17&amp;album=3&amp;gallery=67\" >Turniej o Puchar Kubiemxu<\/a><\/h4>\r\n\t\t\t\t<p><strong>34<\/strong> Photos<\/p>\r\n\t\t\t<\/div>\r\n\r\n \t\r\n\t<div class=\"ngg-album-compact\">\r\n\t\t<div class=\"ngg-album-compactbox\">\r\n\t\t\t<div class=\"ngg-album-link\">\r\n\t\t\t\t<a class=\"Link\" href=\"https:\/\/oronsko.org\/?page_id=17&amp;album=3&amp;gallery=66\">\r\n\t\t\t\t\t<img decoding=\"async\" class=\"Thumb\" alt=\"Liga Siatk\u00f3wki \" src=\"https:\/\/oronsko.org\/wp-content\/gallery\/liga-siatkowki\/thumbs\/thumbs_img_20180210_142749.jpg\"\/>\r\n\t\t\t\t<\/a>\r\n\t\t\t<\/div>\r\n\t\t<\/div>\r\n\t\t<h4><a class=\"ngg-album-desc\" title=\"Liga Siatk\u00f3wki \" href=\"https:\/\/oronsko.org\/?page_id=17&amp;album=3&amp;gallery=66\" >Liga Siatk\u00f3wki <\/a><\/h4>\r\n\t\t\t\t<p><strong>33<\/strong> Photos<\/p>\r\n\t\t\t<\/div>\r\n\r\n \t\r\n\t<div class=\"ngg-album-compact\">\r\n\t\t<div class=\"ngg-album-compactbox\">\r\n\t\t\t<div class=\"ngg-album-link\">\r\n\t\t\t\t<a class=\"Link\" href=\"https:\/\/oronsko.org\/?page_id=17&amp;album=3&amp;gallery=65\">\r\n\t\t\t\t\t<img decoding=\"async\" class=\"Thumb\" alt=\"Puchar W\u00f3jta\" src=\"https:\/\/oronsko.org\/wp-content\/gallery\/puchar-wojta\/thumbs\/thumbs_dsc_8913.jpg\"\/>\r\n\t\t\t\t<\/a>\r\n\t\t\t<\/div>\r\n\t\t<\/div>\r\n\t\t<h4><a class=\"ngg-album-desc\" title=\"Puchar W\u00f3jta\" href=\"https:\/\/oronsko.org\/?page_id=17&amp;album=3&amp;gallery=65\" >Puchar W\u00f3jta<\/a><\/h4>\r\n\t\t\t\t<p><strong>40<\/strong> Photos<\/p>\r\n\t\t\t<\/div>\r\n\r\n \t\r\n\t<div class=\"ngg-album-compact\">\r\n\t\t<div class=\"ngg-album-compactbox\">\r\n\t\t\t<div class=\"ngg-album-link\">\r\n\t\t\t\t<a class=\"Link\" href=\"https:\/\/oronsko.org\/?page_id=17&amp;album=3&amp;gallery=63\">\r\n\t\t\t\t\t<img decoding=\"async\" class=\"Thumb\" alt=\"IV Forum Dyskusyjne\" src=\"https:\/\/oronsko.org\/wp-content\/gallery\/iv-forum-dyskusyjne\/thumbs\/thumbs_dsc_8739.jpg\"\/>\r\n\t\t\t\t<\/a>\r\n\t\t\t<\/div>\r\n\t\t<\/div>\r\n\t\t<h4><a class=\"ngg-album-desc\" title=\"IV Forum Dyskusyjne\" href=\"https:\/\/oronsko.org\/?page_id=17&amp;album=3&amp;gallery=63\" >IV Forum Dyskusyjne<\/a><\/h4>\r\n\t\t\t\t<p><strong>8<\/strong> Photos<\/p>\r\n\t\t\t<\/div>\r\n\r\n \t\r\n\t<div class=\"ngg-album-compact\">\r\n\t\t<div class=\"ngg-album-compactbox\">\r\n\t\t\t<div class=\"ngg-album-link\">\r\n\t\t\t\t<a class=\"Link\" href=\"https:\/\/oronsko.org\/?page_id=17&amp;album=3&amp;gallery=62\">\r\n\t\t\t\t\t<img decoding=\"async\" class=\"Thumb\" alt=\"Uroczysto\u015b\u0107 Trzech Kr\u00f3li\" src=\"https:\/\/oronsko.org\/wp-content\/gallery\/uroczystosc-trzech-kroli\/thumbs\/thumbs_dsc_8671.jpg\"\/>\r\n\t\t\t\t<\/a>\r\n\t\t\t<\/div>\r\n\t\t<\/div>\r\n\t\t<h4><a class=\"ngg-album-desc\" title=\"Uroczysto\u015b\u0107 Trzech Kr\u00f3li\" href=\"https:\/\/oronsko.org\/?page_id=17&amp;album=3&amp;gallery=62\" >Uroczysto\u015b\u0107 Trzech Kr\u00f3li<\/a><\/h4>\r\n\t\t\t\t<p><strong>14<\/strong> Photos<\/p>\r\n\t\t\t<\/div>\r\n\r\n \t\r\n\t<div class=\"ngg-album-compact\">\r\n\t\t<div class=\"ngg-album-compactbox\">\r\n\t\t\t<div class=\"ngg-album-link\">\r\n\t\t\t\t<a class=\"Link\" href=\"https:\/\/oronsko.org\/?page_id=17&amp;album=3&amp;gallery=61\">\r\n\t\t\t\t\t<img decoding=\"async\" class=\"Thumb\" alt=\"Op\u0142atek w Guzowie\" src=\"https:\/\/oronsko.org\/wp-content\/gallery\/oplatek-w-guzowie\/thumbs\/thumbs_dsc_8115.jpg\"\/>\r\n\t\t\t\t<\/a>\r\n\t\t\t<\/div>\r\n\t\t<\/div>\r\n\t\t<h4><a class=\"ngg-album-desc\" title=\"Op\u0142atek w Guzowie\" href=\"https:\/\/oronsko.org\/?page_id=17&amp;album=3&amp;gallery=61\" >Op\u0142atek w Guzowie<\/a><\/h4>\r\n\t\t\t\t<p><strong>22<\/strong> Photos<\/p>\r\n\t\t\t<\/div>\r\n\r\n \t\r\n\t<div class=\"ngg-album-compact\">\r\n\t\t<div class=\"ngg-album-compactbox\">\r\n\t\t\t<div class=\"ngg-album-link\">\r\n\t\t\t\t<a class=\"Link\" href=\"https:\/\/oronsko.org\/?page_id=17&amp;album=3&amp;gallery=60\">\r\n\t\t\t\t\t<img decoding=\"async\" class=\"Thumb\" alt=\"Akademia M\u0142odego Odkrywcy\" src=\"https:\/\/oronsko.org\/wp-content\/gallery\/akademia-mlodego-odkrywcy\/thumbs\/thumbs_dsc_8039.jpg\"\/>\r\n\t\t\t\t<\/a>\r\n\t\t\t<\/div>\r\n\t\t<\/div>\r\n\t\t<h4><a class=\"ngg-album-desc\" title=\"Akademia M\u0142odego Odkrywcy\" href=\"https:\/\/oronsko.org\/?page_id=17&amp;album=3&amp;gallery=60\" >Akademia M\u0142odego Odkrywcy<\/a><\/h4>\r\n\t\t\t\t<p><strong>14<\/strong> Photos<\/p>\r\n\t\t\t<\/div>\r\n\r\n \t\r\n\t<div class=\"ngg-album-compact\">\r\n\t\t<div class=\"ngg-album-compactbox\">\r\n\t\t\t<div class=\"ngg-album-link\">\r\n\t\t\t\t<a class=\"Link\" href=\"https:\/\/oronsko.org\/?page_id=17&amp;album=3&amp;gallery=59\">\r\n\t\t\t\t\t<img decoding=\"async\" class=\"Thumb\" alt=\"Spotkanie z Piotrem Bro\u017cyn\u0105 \" src=\"https:\/\/oronsko.org\/wp-content\/gallery\/spotkanie-z-piotrem-brozyna\/thumbs\/thumbs_dsc_7953.jpg\"\/>\r\n\t\t\t\t<\/a>\r\n\t\t\t<\/div>\r\n\t\t<\/div>\r\n\t\t<h4><a class=\"ngg-album-desc\" title=\"Spotkanie z Piotrem Bro\u017cyn\u0105 \" href=\"https:\/\/oronsko.org\/?page_id=17&amp;album=3&amp;gallery=59\" >Spotkanie z Piotrem Bro\u017cyn\u0105 <\/a><\/h4>\r\n\t\t\t\t<p><strong>22<\/strong> Photos<\/p>\r\n\t\t\t<\/div>\r\n\r\n \t\r\n\t<div class=\"ngg-album-compact\">\r\n\t\t<div class=\"ngg-album-compactbox\">\r\n\t\t\t<div class=\"ngg-album-link\">\r\n\t\t\t\t<a class=\"Link\" href=\"https:\/\/oronsko.org\/?page_id=17&amp;album=3&amp;gallery=58\">\r\n\t\t\t\t\t<img decoding=\"async\" class=\"Thumb\" alt=\"Dzie\u0144 seniora\" src=\"https:\/\/oronsko.org\/wp-content\/gallery\/dzien-seniora\/thumbs\/thumbs_dsc_7768.jpg\"\/>\r\n\t\t\t\t<\/a>\r\n\t\t\t<\/div>\r\n\t\t<\/div>\r\n\t\t<h4><a class=\"ngg-album-desc\" title=\"Dzie\u0144 seniora\" href=\"https:\/\/oronsko.org\/?page_id=17&amp;album=3&amp;gallery=58\" >Dzie\u0144 seniora<\/a><\/h4>\r\n\t\t\t\t<p><strong>36<\/strong> Photos<\/p>\r\n\t\t\t<\/div>\r\n\r\n \t\r\n\t<div class=\"ngg-album-compact\">\r\n\t\t<div class=\"ngg-album-compactbox\">\r\n\t\t\t<div class=\"ngg-album-link\">\r\n\t\t\t\t<a class=\"Link\" href=\"https:\/\/oronsko.org\/?page_id=17&amp;album=3&amp;gallery=57\">\r\n\t\t\t\t\t<img decoding=\"async\" class=\"Thumb\" alt=\"Laboratorium fotograficzne\" src=\"https:\/\/oronsko.org\/wp-content\/gallery\/laboratorium-fotograficzne\/thumbs\/thumbs_dsc_7507.jpg\"\/>\r\n\t\t\t\t<\/a>\r\n\t\t\t<\/div>\r\n\t\t<\/div>\r\n\t\t<h4><a class=\"ngg-album-desc\" title=\"Laboratorium fotograficzne\" href=\"https:\/\/oronsko.org\/?page_id=17&amp;album=3&amp;gallery=57\" >Laboratorium fotograficzne<\/a><\/h4>\r\n\t\t\t\t<p><strong>13<\/strong> Photos<\/p>\r\n\t\t\t<\/div>\r\n\r\n \t\r\n\t<div class=\"ngg-album-compact\">\r\n\t\t<div class=\"ngg-album-compactbox\">\r\n\t\t\t<div class=\"ngg-album-link\">\r\n\t\t\t\t<a class=\"Link\" href=\"https:\/\/oronsko.org\/?page_id=17&amp;album=3&amp;gallery=56\">\r\n\t\t\t\t\t<img decoding=\"async\" class=\"Thumb\" alt=\"Nauka p\u0142ywania\" src=\"https:\/\/oronsko.org\/wp-content\/gallery\/nauka-plywania\/thumbs\/thumbs_dsc_7407.jpg\"\/>\r\n\t\t\t\t<\/a>\r\n\t\t\t<\/div>\r\n\t\t<\/div>\r\n\t\t<h4><a class=\"ngg-album-desc\" title=\"Nauka p\u0142ywania\" href=\"https:\/\/oronsko.org\/?page_id=17&amp;album=3&amp;gallery=56\" >Nauka p\u0142ywania<\/a><\/h4>\r\n\t\t\t\t<p><strong>22<\/strong> Photos<\/p>\r\n\t\t\t<\/div>\r\n\r\n \t\r\n\t<div class=\"ngg-album-compact\">\r\n\t\t<div class=\"ngg-album-compactbox\">\r\n\t\t\t<div class=\"ngg-album-link\">\r\n\t\t\t\t<a class=\"Link\" href=\"https:\/\/oronsko.org\/?page_id=17&amp;album=3&amp;gallery=55\">\r\n\t\t\t\t\t<img decoding=\"async\" class=\"Thumb\" alt=\"\u015awi\u0119to Niepodleg\u0142o\u015bci w Oro\u0144sku\" src=\"https:\/\/oronsko.org\/wp-content\/gallery\/swieto-niepodleglosci-w-oronsku\/thumbs\/thumbs_dsc_7470.jpg\"\/>\r\n\t\t\t\t<\/a>\r\n\t\t\t<\/div>\r\n\t\t<\/div>\r\n\t\t<h4><a class=\"ngg-album-desc\" title=\"\u015awi\u0119to Niepodleg\u0142o\u015bci w Oro\u0144sku\" href=\"https:\/\/oronsko.org\/?page_id=17&amp;album=3&amp;gallery=55\" >\u015awi\u0119to Niepodleg\u0142o\u015bci w Oro\u0144sku<\/a><\/h4>\r\n\t\t\t\t<p><strong>15<\/strong> Photos<\/p>\r\n\t\t\t<\/div>\r\n\r\n \t\r\n\t<div class=\"ngg-album-compact\">\r\n\t\t<div class=\"ngg-album-compactbox\">\r\n\t\t\t<div class=\"ngg-album-link\">\r\n\t\t\t\t<a class=\"Link\" href=\"https:\/\/oronsko.org\/?page_id=17&amp;album=3&amp;gallery=54\">\r\n\t\t\t\t\t<img decoding=\"async\" class=\"Thumb\" alt=\"Spotkanie z W\u0142odzimierzem Strupi\u0144skim\" src=\"https:\/\/oronsko.org\/wp-content\/gallery\/spotkanie-z-wlodzimierzem-strupinskim\/thumbs\/thumbs_dsc_7411.jpg\"\/>\r\n\t\t\t\t<\/a>\r\n\t\t\t<\/div>\r\n\t\t<\/div>\r\n\t\t<h4><a class=\"ngg-album-desc\" title=\"Spotkanie z W\u0142odzimierzem Strupi\u0144skim\" href=\"https:\/\/oronsko.org\/?page_id=17&amp;album=3&amp;gallery=54\" >Spotkanie z W\u0142odzimierzem Strupi\u0144skim<\/a><\/h4>\r\n\t\t\t\t<p><strong>21<\/strong> Photos<\/p>\r\n\t\t\t<\/div>\r\n\r\n \t\r\n\t<div class=\"ngg-album-compact\">\r\n\t\t<div class=\"ngg-album-compactbox\">\r\n\t\t\t<div class=\"ngg-album-link\">\r\n\t\t\t\t<a class=\"Link\" href=\"https:\/\/oronsko.org\/?page_id=17&amp;album=3&amp;gallery=53\">\r\n\t\t\t\t\t<img decoding=\"async\" class=\"Thumb\" alt=\"Wycieczka do Centrum Nauki\" src=\"https:\/\/oronsko.org\/wp-content\/gallery\/wycieczka-do-centrum-nauki\/thumbs\/thumbs_dsc_7089.jpg\"\/>\r\n\t\t\t\t<\/a>\r\n\t\t\t<\/div>\r\n\t\t<\/div>\r\n\t\t<h4><a class=\"ngg-album-desc\" title=\"Wycieczka do Centrum Nauki\" href=\"https:\/\/oronsko.org\/?page_id=17&amp;album=3&amp;gallery=53\" >Wycieczka do Centrum Nauki<\/a><\/h4>\r\n\t\t\t\t<p><strong>22<\/strong> Photos<\/p>\r\n\t\t\t<\/div>\r\n\r\n \t\r\n\t<div class=\"ngg-album-compact\">\r\n\t\t<div class=\"ngg-album-compactbox\">\r\n\t\t\t<div class=\"ngg-album-link\">\r\n\t\t\t\t<a class=\"Link\" href=\"https:\/\/oronsko.org\/?page_id=17&amp;album=3&amp;gallery=52\">\r\n\t\t\t\t\t<img decoding=\"async\" class=\"Thumb\" alt=\"\\&quot;Oro\u0144ska Czekolada\\&quot;\" src=\"https:\/\/oronsko.org\/wp-content\/gallery\/oronska-czekolada\/thumbs\/thumbs_dsc_6953.jpg\"\/>\r\n\t\t\t\t<\/a>\r\n\t\t\t<\/div>\r\n\t\t<\/div>\r\n\t\t<h4><a class=\"ngg-album-desc\" title=\"\\&quot;Oro\u0144ska Czekolada\\&quot;\" href=\"https:\/\/oronsko.org\/?page_id=17&amp;album=3&amp;gallery=52\" >&quot;Oro\u0144ska Czekolada&quot;<\/a><\/h4>\r\n\t\t\t\t<p><strong>42<\/strong> Photos<\/p>\r\n\t\t\t<\/div>\r\n\r\n \t\r\n\t<div class=\"ngg-album-compact\">\r\n\t\t<div class=\"ngg-album-compactbox\">\r\n\t\t\t<div class=\"ngg-album-link\">\r\n\t\t\t\t<a class=\"Link\" href=\"https:\/\/oronsko.org\/?page_id=17&amp;album=3&amp;gallery=51\">\r\n\t\t\t\t\t<img decoding=\"async\" class=\"Thumb\" alt=\"Triennale M\u0142odych 2017\" src=\"https:\/\/oronsko.org\/wp-content\/gallery\/triennale-mlodych-2017\/thumbs\/thumbs_dsc_6730.jpg\"\/>\r\n\t\t\t\t<\/a>\r\n\t\t\t<\/div>\r\n\t\t<\/div>\r\n\t\t<h4><a class=\"ngg-album-desc\" title=\"Triennale M\u0142odych 2017\" href=\"https:\/\/oronsko.org\/?page_id=17&amp;album=3&amp;gallery=51\" >Triennale M\u0142odych 2017<\/a><\/h4>\r\n\t\t\t\t<p><strong>20<\/strong> Photos<\/p>\r\n\t\t\t<\/div>\r\n\r\n \t\r\n\t<div class=\"ngg-album-compact\">\r\n\t\t<div class=\"ngg-album-compactbox\">\r\n\t\t\t<div class=\"ngg-album-link\">\r\n\t\t\t\t<a class=\"Link\" href=\"https:\/\/oronsko.org\/?page_id=17&amp;album=3&amp;gallery=50\">\r\n\t\t\t\t\t<img decoding=\"async\" class=\"Thumb\" alt=\"Zaj\u0119cia laboratoryjne\" src=\"https:\/\/oronsko.org\/wp-content\/gallery\/zajecia-laboratoryjne\/thumbs\/thumbs_dsc_6683.jpg\"\/>\r\n\t\t\t\t<\/a>\r\n\t\t\t<\/div>\r\n\t\t<\/div>\r\n\t\t<h4><a class=\"ngg-album-desc\" title=\"Zaj\u0119cia laboratoryjne\" href=\"https:\/\/oronsko.org\/?page_id=17&amp;album=3&amp;gallery=50\" >Zaj\u0119cia laboratoryjne<\/a><\/h4>\r\n\t\t\t\t<p><strong>11<\/strong> Photos<\/p>\r\n\t\t\t<\/div>\r\n\r\n \t\r\n\t<div class=\"ngg-album-compact\">\r\n\t\t<div class=\"ngg-album-compactbox\">\r\n\t\t\t<div class=\"ngg-album-link\">\r\n\t\t\t\t<a class=\"Link\" href=\"https:\/\/oronsko.org\/?page_id=17&amp;album=3&amp;gallery=49\">\r\n\t\t\t\t\t<img decoding=\"async\" class=\"Thumb\" alt=\"Jesienna edycja Wy\u015bcigu Kolarskiego\" src=\"https:\/\/oronsko.org\/wp-content\/gallery\/jesienna-edycja-wyscigu-kolarskiego\/thumbs\/thumbs_dsc_0598.jpg\"\/>\r\n\t\t\t\t<\/a>\r\n\t\t\t<\/div>\r\n\t\t<\/div>\r\n\t\t<h4><a class=\"ngg-album-desc\" title=\"Jesienna edycja Wy\u015bcigu Kolarskiego\" href=\"https:\/\/oronsko.org\/?page_id=17&amp;album=3&amp;gallery=49\" >Jesienna edycja Wy\u015bcigu Kolarskiego<\/a><\/h4>\r\n\t\t\t\t<p><strong>114<\/strong> Photos<\/p>\r\n\t\t\t<\/div>\r\n\r\n \t\r\n\t<div class=\"ngg-album-compact\">\r\n\t\t<div class=\"ngg-album-compactbox\">\r\n\t\t\t<div class=\"ngg-album-link\">\r\n\t\t\t\t<a class=\"Link\" href=\"https:\/\/oronsko.org\/?page_id=17&amp;album=3&amp;gallery=48\">\r\n\t\t\t\t\t<img decoding=\"async\" class=\"Thumb\" alt=\"Rajd zabytkowych samochod\u00f3w\" src=\"https:\/\/oronsko.org\/wp-content\/gallery\/rajd-zabytkowych-samochodow\/thumbs\/thumbs_dsc_6171.jpg\"\/>\r\n\t\t\t\t<\/a>\r\n\t\t\t<\/div>\r\n\t\t<\/div>\r\n\t\t<h4><a class=\"ngg-album-desc\" title=\"Rajd zabytkowych samochod\u00f3w\" href=\"https:\/\/oronsko.org\/?page_id=17&amp;album=3&amp;gallery=48\" >Rajd zabytkowych samochod\u00f3w<\/a><\/h4>\r\n\t\t\t\t<p><strong>52<\/strong> Photos<\/p>\r\n\t\t\t<\/div>\r\n\r\n \t\r\n\t<div class=\"ngg-album-compact\">\r\n\t\t<div class=\"ngg-album-compactbox\">\r\n\t\t\t<div class=\"ngg-album-link\">\r\n\t\t\t\t<a class=\"Link\" href=\"https:\/\/oronsko.org\/?page_id=17&amp;album=3&amp;gallery=47\">\r\n\t\t\t\t\t<img decoding=\"async\" class=\"Thumb\" alt=\"Zaj\u0119cia laboratoryjne z fizyki i chemii\" src=\"https:\/\/oronsko.org\/wp-content\/gallery\/zajecia-laboratoryjne-z-fizyki-i-chemii\/thumbs\/thumbs_dsc_6108.jpg\"\/>\r\n\t\t\t\t<\/a>\r\n\t\t\t<\/div>\r\n\t\t<\/div>\r\n\t\t<h4><a class=\"ngg-album-desc\" title=\"Zaj\u0119cia laboratoryjne z fizyki i chemii\" href=\"https:\/\/oronsko.org\/?page_id=17&amp;album=3&amp;gallery=47\" >Zaj\u0119cia laboratoryjne z fizyki i chemii<\/a><\/h4>\r\n\t\t\t\t<p><strong>19<\/strong> Photos<\/p>\r\n\t\t\t<\/div>\r\n\r\n \t\r\n\t<div class=\"ngg-album-compact\">\r\n\t\t<div class=\"ngg-album-compactbox\">\r\n\t\t\t<div class=\"ngg-album-link\">\r\n\t\t\t\t<a class=\"Link\" href=\"https:\/\/oronsko.org\/?page_id=17&amp;album=3&amp;gallery=46\">\r\n\t\t\t\t\t<img decoding=\"async\" class=\"Thumb\" alt=\"Labolatoria fizyczno-chemiczne\" src=\"https:\/\/oronsko.org\/wp-content\/gallery\/labolatoria-fizyczno-chemiczne\/thumbs\/thumbs_dsc_6061.jpg\"\/>\r\n\t\t\t\t<\/a>\r\n\t\t\t<\/div>\r\n\t\t<\/div>\r\n\t\t<h4><a class=\"ngg-album-desc\" title=\"Labolatoria fizyczno-chemiczne\" href=\"https:\/\/oronsko.org\/?page_id=17&amp;album=3&amp;gallery=46\" >Labolatoria fizyczno-chemiczne<\/a><\/h4>\r\n\t\t\t\t<p><strong>18<\/strong> Photos<\/p>\r\n\t\t\t<\/div>\r\n\r\n \t\r\n\t<div class=\"ngg-album-compact\">\r\n\t\t<div class=\"ngg-album-compactbox\">\r\n\t\t\t<div class=\"ngg-album-link\">\r\n\t\t\t\t<a class=\"Link\" href=\"https:\/\/oronsko.org\/?page_id=17&amp;album=3&amp;gallery=45\">\r\n\t\t\t\t\t<img decoding=\"async\" class=\"Thumb\" alt=\"Do\u017cynki\" src=\"https:\/\/oronsko.org\/wp-content\/gallery\/dozynki\/thumbs\/thumbs_dsc_6030.jpg\"\/>\r\n\t\t\t\t<\/a>\r\n\t\t\t<\/div>\r\n\t\t<\/div>\r\n\t\t<h4><a class=\"ngg-album-desc\" title=\"Do\u017cynki\" href=\"https:\/\/oronsko.org\/?page_id=17&amp;album=3&amp;gallery=45\" >Do\u017cynki<\/a><\/h4>\r\n\t\t\t\t<p><strong>9<\/strong> Photos<\/p>\r\n\t\t\t<\/div>\r\n\r\n \t\r\n\t<div class=\"ngg-album-compact\">\r\n\t\t<div class=\"ngg-album-compactbox\">\r\n\t\t\t<div class=\"ngg-album-link\">\r\n\t\t\t\t<a class=\"Link\" href=\"https:\/\/oronsko.org\/?page_id=17&amp;album=3&amp;gallery=44\">\r\n\t\t\t\t\t<img decoding=\"async\" class=\"Thumb\" alt=\"Zawody Stra\u017cackie\" src=\"https:\/\/oronsko.org\/wp-content\/gallery\/zawody-strazackie\/thumbs\/thumbs_dsc_5760.jpg\"\/>\r\n\t\t\t\t<\/a>\r\n\t\t\t<\/div>\r\n\t\t<\/div>\r\n\t\t<h4><a class=\"ngg-album-desc\" title=\"Zawody Stra\u017cackie\" href=\"https:\/\/oronsko.org\/?page_id=17&amp;album=3&amp;gallery=44\" >Zawody Stra\u017cackie<\/a><\/h4>\r\n\t\t\t\t<p><strong>18<\/strong> Photos<\/p>\r\n\t\t\t<\/div>\r\n\r\n \t\r\n\t<div class=\"ngg-album-compact\">\r\n\t\t<div class=\"ngg-album-compactbox\">\r\n\t\t\t<div class=\"ngg-album-link\">\r\n\t\t\t\t<a class=\"Link\" href=\"https:\/\/oronsko.org\/?page_id=17&amp;album=3&amp;gallery=43\">\r\n\t\t\t\t\t<img decoding=\"async\" class=\"Thumb\" alt=\"Gminny Dzie\u0144 Sportu\" src=\"https:\/\/oronsko.org\/wp-content\/gallery\/gminny-dzien-sportu\/thumbs\/thumbs_dsc_5652.jpg\"\/>\r\n\t\t\t\t<\/a>\r\n\t\t\t<\/div>\r\n\t\t<\/div>\r\n\t\t<h4><a class=\"ngg-album-desc\" title=\"Gminny Dzie\u0144 Sportu\" href=\"https:\/\/oronsko.org\/?page_id=17&amp;album=3&amp;gallery=43\" >Gminny Dzie\u0144 Sportu<\/a><\/h4>\r\n\t\t\t\t<p><strong>18<\/strong> Photos<\/p>\r\n\t\t\t<\/div>\r\n\r\n \t\r\n\t<div class=\"ngg-album-compact\">\r\n\t\t<div class=\"ngg-album-compactbox\">\r\n\t\t\t<div class=\"ngg-album-link\">\r\n\t\t\t\t<a class=\"Link\" href=\"https:\/\/oronsko.org\/?page_id=17&amp;album=3&amp;gallery=42\">\r\n\t\t\t\t\t<img decoding=\"async\" class=\"Thumb\" alt=\"Warszawa 07-07-2017\" src=\"https:\/\/oronsko.org\/wp-content\/gallery\/warszawa-07-07-2017\/thumbs\/thumbs_img_6024.jpg\"\/>\r\n\t\t\t\t<\/a>\r\n\t\t\t<\/div>\r\n\t\t<\/div>\r\n\t\t<h4><a class=\"ngg-album-desc\" title=\"Warszawa 07-07-2017\" href=\"https:\/\/oronsko.org\/?page_id=17&amp;album=3&amp;gallery=42\" >Warszawa 07-07-2017<\/a><\/h4>\r\n\t\t\t\t<p><strong>63<\/strong> Photos<\/p>\r\n\t\t\t<\/div>\r\n\r\n \t\r\n\t<div class=\"ngg-album-compact\">\r\n\t\t<div class=\"ngg-album-compactbox\">\r\n\t\t\t<div class=\"ngg-album-link\">\r\n\t\t\t\t<a class=\"Link\" href=\"https:\/\/oronsko.org\/?page_id=17&amp;album=3&amp;gallery=41\">\r\n\t\t\t\t\t<img decoding=\"async\" class=\"Thumb\" alt=\"Przedstawienie \\&quot;Calineczka\\&quot;\" src=\"https:\/\/oronsko.org\/wp-content\/gallery\/przedstawienie-calineczka\/thumbs\/thumbs_dsc_3943.jpg\"\/>\r\n\t\t\t\t<\/a>\r\n\t\t\t<\/div>\r\n\t\t<\/div>\r\n\t\t<h4><a class=\"ngg-album-desc\" title=\"Przedstawienie \\&quot;Calineczka\\&quot;\" href=\"https:\/\/oronsko.org\/?page_id=17&amp;album=3&amp;gallery=41\" >Przedstawienie &quot;Calineczka&quot;<\/a><\/h4>\r\n\t\t\t\t<p><strong>26<\/strong> Photos<\/p>\r\n\t\t\t<\/div>\r\n\r\n \t\r\n\t<div class=\"ngg-album-compact\">\r\n\t\t<div class=\"ngg-album-compactbox\">\r\n\t\t\t<div class=\"ngg-album-link\">\r\n\t\t\t\t<a class=\"Link\" href=\"https:\/\/oronsko.org\/?page_id=17&amp;album=3&amp;gallery=40\">\r\n\t\t\t\t\t<img decoding=\"async\" class=\"Thumb\" alt=\"Gala CRP\" src=\"https:\/\/oronsko.org\/wp-content\/gallery\/gala-crp\/thumbs\/thumbs_dsc_3826.jpg\"\/>\r\n\t\t\t\t<\/a>\r\n\t\t\t<\/div>\r\n\t\t<\/div>\r\n\t\t<h4><a class=\"ngg-album-desc\" title=\"Gala CRP\" href=\"https:\/\/oronsko.org\/?page_id=17&amp;album=3&amp;gallery=40\" >Gala CRP<\/a><\/h4>\r\n\t\t\t\t<p><strong>30<\/strong> Photos<\/p>\r\n\t\t\t<\/div>\r\n\r\n \t\r\n\t<div class=\"ngg-album-compact\">\r\n\t\t<div class=\"ngg-album-compactbox\">\r\n\t\t\t<div class=\"ngg-album-link\">\r\n\t\t\t\t<a class=\"Link\" href=\"https:\/\/oronsko.org\/?page_id=17&amp;album=3&amp;gallery=39\">\r\n\t\t\t\t\t<img decoding=\"async\" class=\"Thumb\" alt=\"Spotkanie Klubu Seniora\" src=\"https:\/\/oronsko.org\/wp-content\/gallery\/spotkanie-klubu-seniora_1\/thumbs\/thumbs_dsc_3780.jpg\"\/>\r\n\t\t\t\t<\/a>\r\n\t\t\t<\/div>\r\n\t\t<\/div>\r\n\t\t<h4><a class=\"ngg-album-desc\" title=\"Spotkanie Klubu Seniora\" href=\"https:\/\/oronsko.org\/?page_id=17&amp;album=3&amp;gallery=39\" >Spotkanie Klubu Seniora<\/a><\/h4>\r\n\t\t\t\t<p><strong>16<\/strong> Photos<\/p>\r\n\t\t\t<\/div>\r\n\r\n \t\r\n\t<div class=\"ngg-album-compact\">\r\n\t\t<div class=\"ngg-album-compactbox\">\r\n\t\t\t<div class=\"ngg-album-link\">\r\n\t\t\t\t<a class=\"Link\" href=\"https:\/\/oronsko.org\/?page_id=17&amp;album=3&amp;gallery=38\">\r\n\t\t\t\t\t<img decoding=\"async\" class=\"Thumb\" alt=\"Wy\u015bcig Kolarski 04-06-2017\" src=\"https:\/\/oronsko.org\/wp-content\/gallery\/wyscig-kolarski-04-06-2017\/thumbs\/thumbs_img_20170604_173000.jpg\"\/>\r\n\t\t\t\t<\/a>\r\n\t\t\t<\/div>\r\n\t\t<\/div>\r\n\t\t<h4><a class=\"ngg-album-desc\" title=\"Wy\u015bcig Kolarski 04-06-2017\" href=\"https:\/\/oronsko.org\/?page_id=17&amp;album=3&amp;gallery=38\" >Wy\u015bcig Kolarski 04-06-2017<\/a><\/h4>\r\n\t\t\t\t<p><strong>94<\/strong> Photos<\/p>\r\n\t\t\t<\/div>\r\n\r\n \t\r\n\t<div class=\"ngg-album-compact\">\r\n\t\t<div class=\"ngg-album-compactbox\">\r\n\t\t\t<div class=\"ngg-album-link\">\r\n\t\t\t\t<a class=\"Link\" href=\"https:\/\/oronsko.org\/?page_id=17&amp;album=3&amp;gallery=37\">\r\n\t\t\t\t\t<img decoding=\"async\" class=\"Thumb\" alt=\"Wycieczka na Mazury\" src=\"https:\/\/oronsko.org\/wp-content\/gallery\/wycieczka-na-mazury\/thumbs\/thumbs_dsc_0379_00007.jpg\"\/>\r\n\t\t\t\t<\/a>\r\n\t\t\t<\/div>\r\n\t\t<\/div>\r\n\t\t<h4><a class=\"ngg-album-desc\" title=\"Wycieczka na Mazury\" href=\"https:\/\/oronsko.org\/?page_id=17&amp;album=3&amp;gallery=37\" >Wycieczka na Mazury<\/a><\/h4>\r\n\t\t\t\t<p><strong>12<\/strong> Photos<\/p>\r\n\t\t\t<\/div>\r\n\r\n \t\r\n\t<div class=\"ngg-album-compact\">\r\n\t\t<div class=\"ngg-album-compactbox\">\r\n\t\t\t<div class=\"ngg-album-link\">\r\n\t\t\t\t<a class=\"Link\" href=\"https:\/\/oronsko.org\/?page_id=17&amp;album=3&amp;gallery=36\">\r\n\t\t\t\t\t<img decoding=\"async\" class=\"Thumb\" alt=\"Powszechna Nauka P\u0142ywania\" src=\"https:\/\/oronsko.org\/wp-content\/gallery\/powszechna-nauka-plywania\/thumbs\/thumbs_dsc_2639.jpg\"\/>\r\n\t\t\t\t<\/a>\r\n\t\t\t<\/div>\r\n\t\t<\/div>\r\n\t\t<h4><a class=\"ngg-album-desc\" title=\"Powszechna Nauka P\u0142ywania\" href=\"https:\/\/oronsko.org\/?page_id=17&amp;album=3&amp;gallery=36\" >Powszechna Nauka P\u0142ywania<\/a><\/h4>\r\n\t\t\t\t<p><strong>7<\/strong> Photos<\/p>\r\n\t\t\t<\/div>\r\n\r\n \t\r\n\t<div class=\"ngg-album-compact\">\r\n\t\t<div class=\"ngg-album-compactbox\">\r\n\t\t\t<div class=\"ngg-album-link\">\r\n\t\t\t\t<a class=\"Link\" href=\"https:\/\/oronsko.org\/?page_id=17&amp;album=3&amp;gallery=35\">\r\n\t\t\t\t\t<img decoding=\"async\" class=\"Thumb\" alt=\"Seniorzy na basenie\" src=\"https:\/\/oronsko.org\/wp-content\/gallery\/seniorzy-na-basenie_1\/thumbs\/thumbs_dsc_2652.jpg\"\/>\r\n\t\t\t\t<\/a>\r\n\t\t\t<\/div>\r\n\t\t<\/div>\r\n\t\t<h4><a class=\"ngg-album-desc\" title=\"Seniorzy na basenie\" href=\"https:\/\/oronsko.org\/?page_id=17&amp;album=3&amp;gallery=35\" >Seniorzy na basenie<\/a><\/h4>\r\n\t\t\t\t<p><strong>5<\/strong> Photos<\/p>\r\n\t\t\t<\/div>\r\n\r\n \t\r\n\t<div class=\"ngg-album-compact\">\r\n\t\t<div class=\"ngg-album-compactbox\">\r\n\t\t\t<div class=\"ngg-album-link\">\r\n\t\t\t\t<a class=\"Link\" href=\"https:\/\/oronsko.org\/?page_id=17&amp;album=3&amp;gallery=33\">\r\n\t\t\t\t\t<img decoding=\"async\" class=\"Thumb\" alt=\"Spotkanie Klubu Seniora\" src=\"https:\/\/oronsko.org\/wp-content\/gallery\/spotkanie-klubu-seniora\/thumbs\/thumbs_dsc_2599.jpg\"\/>\r\n\t\t\t\t<\/a>\r\n\t\t\t<\/div>\r\n\t\t<\/div>\r\n\t\t<h4><a class=\"ngg-album-desc\" title=\"Spotkanie Klubu Seniora\" href=\"https:\/\/oronsko.org\/?page_id=17&amp;album=3&amp;gallery=33\" >Spotkanie Klubu Seniora<\/a><\/h4>\r\n\t\t\t\t<p><strong>13<\/strong> Photos<\/p>\r\n\t\t\t<\/div>\r\n\r\n \t\r\n\t<div class=\"ngg-album-compact\">\r\n\t\t<div class=\"ngg-album-compactbox\">\r\n\t\t\t<div class=\"ngg-album-link\">\r\n\t\t\t\t<a class=\"Link\" href=\"https:\/\/oronsko.org\/?page_id=17&amp;album=3&amp;gallery=32\">\r\n\t\t\t\t\t<img decoding=\"async\" class=\"Thumb\" alt=\"Treningi Kolarskie\" src=\"https:\/\/oronsko.org\/wp-content\/gallery\/treningi-kolarskie\/thumbs\/thumbs_dsc_2577.jpg\"\/>\r\n\t\t\t\t<\/a>\r\n\t\t\t<\/div>\r\n\t\t<\/div>\r\n\t\t<h4><a class=\"ngg-album-desc\" title=\"Treningi Kolarskie\" href=\"https:\/\/oronsko.org\/?page_id=17&amp;album=3&amp;gallery=32\" >Treningi Kolarskie<\/a><\/h4>\r\n\t\t\t\t<p><strong>9<\/strong> Photos<\/p>\r\n\t\t\t<\/div>\r\n\r\n \t\r\n\t<div class=\"ngg-album-compact\">\r\n\t\t<div class=\"ngg-album-compactbox\">\r\n\t\t\t<div class=\"ngg-album-link\">\r\n\t\t\t\t<a class=\"Link\" href=\"https:\/\/oronsko.org\/?page_id=17&amp;album=3&amp;gallery=31\">\r\n\t\t\t\t\t<img decoding=\"async\" class=\"Thumb\" alt=\"Jestem morderc\u0105\" src=\"https:\/\/oronsko.org\/wp-content\/gallery\/jestem-morderca\/thumbs\/thumbs_dsc_2435.jpg\"\/>\r\n\t\t\t\t<\/a>\r\n\t\t\t<\/div>\r\n\t\t<\/div>\r\n\t\t<h4><a class=\"ngg-album-desc\" title=\"Jestem morderc\u0105\" href=\"https:\/\/oronsko.org\/?page_id=17&amp;album=3&amp;gallery=31\" >Jestem morderc\u0105<\/a><\/h4>\r\n\t\t\t\t<p><strong>7<\/strong> Photos<\/p>\r\n\t\t\t<\/div>\r\n\r\n \t\r\n\t<div class=\"ngg-album-compact\">\r\n\t\t<div class=\"ngg-album-compactbox\">\r\n\t\t\t<div class=\"ngg-album-link\">\r\n\t\t\t\t<a class=\"Link\" href=\"https:\/\/oronsko.org\/?page_id=17&amp;album=3&amp;gallery=30\">\r\n\t\t\t\t\t<img decoding=\"async\" class=\"Thumb\" alt=\"Turniej Siatk\u00f3wki 2017\" src=\"https:\/\/oronsko.org\/wp-content\/gallery\/turniej-siatkowki-2017\/thumbs\/thumbs_dsc_2412.jpg\"\/>\r\n\t\t\t\t<\/a>\r\n\t\t\t<\/div>\r\n\t\t<\/div>\r\n\t\t<h4><a class=\"ngg-album-desc\" title=\"Turniej Siatk\u00f3wki 2017\" href=\"https:\/\/oronsko.org\/?page_id=17&amp;album=3&amp;gallery=30\" >Turniej Siatk\u00f3wki 2017<\/a><\/h4>\r\n\t\t\t\t<p><strong>51<\/strong> Photos<\/p>\r\n\t\t\t<\/div>\r\n\r\n \t\r\n\t<div class=\"ngg-album-compact\">\r\n\t\t<div class=\"ngg-album-compactbox\">\r\n\t\t\t<div class=\"ngg-album-link\">\r\n\t\t\t\t<a class=\"Link\" href=\"https:\/\/oronsko.org\/?page_id=17&amp;album=3&amp;gallery=29\">\r\n\t\t\t\t\t<img decoding=\"async\" class=\"Thumb\" alt=\"Amatorska Liga Pi\u0142ki Siatkowej\" src=\"https:\/\/oronsko.org\/wp-content\/gallery\/amatorska-liga-pilki-siatkowej\/thumbs\/thumbs_dsc_0064.jpg\"\/>\r\n\t\t\t\t<\/a>\r\n\t\t\t<\/div>\r\n\t\t<\/div>\r\n\t\t<h4><a class=\"ngg-album-desc\" title=\"Amatorska Liga Pi\u0142ki Siatkowej\" href=\"https:\/\/oronsko.org\/?page_id=17&amp;album=3&amp;gallery=29\" >Amatorska Liga Pi\u0142ki Siatkowej<\/a><\/h4>\r\n\t\t\t\t<p><strong>5<\/strong> Photos<\/p>\r\n\t\t\t<\/div>\r\n\r\n \t\r\n\t<div class=\"ngg-album-compact\">\r\n\t\t<div class=\"ngg-album-compactbox\">\r\n\t\t\t<div class=\"ngg-album-link\">\r\n\t\t\t\t<a class=\"Link\" href=\"https:\/\/oronsko.org\/?page_id=17&amp;album=3&amp;gallery=28\">\r\n\t\t\t\t\t<img decoding=\"async\" class=\"Thumb\" alt=\"Puchar W\u00f3jta 2017\" src=\"https:\/\/oronsko.org\/wp-content\/gallery\/puchar-wojta-2017\/thumbs\/thumbs_dsc_1787.jpg\"\/>\r\n\t\t\t\t<\/a>\r\n\t\t\t<\/div>\r\n\t\t<\/div>\r\n\t\t<h4><a class=\"ngg-album-desc\" title=\"Puchar W\u00f3jta 2017\" href=\"https:\/\/oronsko.org\/?page_id=17&amp;album=3&amp;gallery=28\" >Puchar W\u00f3jta 2017<\/a><\/h4>\r\n\t\t\t\t<p><strong>32<\/strong> Photos<\/p>\r\n\t\t\t<\/div>\r\n\r\n \t\r\n\t<div class=\"ngg-album-compact\">\r\n\t\t<div class=\"ngg-album-compactbox\">\r\n\t\t\t<div class=\"ngg-album-link\">\r\n\t\t\t\t<a class=\"Link\" href=\"https:\/\/oronsko.org\/?page_id=17&amp;album=3&amp;gallery=27\">\r\n\t\t\t\t\t<img decoding=\"async\" class=\"Thumb\" alt=\"Forum Dyskusyjne\" src=\"https:\/\/oronsko.org\/wp-content\/gallery\/forum-dyskusyjne\/thumbs\/thumbs_dsc_0048.jpg\"\/>\r\n\t\t\t\t<\/a>\r\n\t\t\t<\/div>\r\n\t\t<\/div>\r\n\t\t<h4><a class=\"ngg-album-desc\" title=\"Forum Dyskusyjne\" href=\"https:\/\/oronsko.org\/?page_id=17&amp;album=3&amp;gallery=27\" >Forum Dyskusyjne<\/a><\/h4>\r\n\t\t\t\t<p><strong>12<\/strong> Photos<\/p>\r\n\t\t\t<\/div>\r\n\r\n \t\r\n\t<div class=\"ngg-album-compact\">\r\n\t\t<div class=\"ngg-album-compactbox\">\r\n\t\t\t<div class=\"ngg-album-link\">\r\n\t\t\t\t<a class=\"Link\" href=\"https:\/\/oronsko.org\/?page_id=17&amp;album=3&amp;gallery=26\">\r\n\t\t\t\t\t<img decoding=\"async\" class=\"Thumb\" alt=\"Zmagania kolarskie\" src=\"https:\/\/oronsko.org\/wp-content\/gallery\/zmagania-kolarskie\/thumbs\/thumbs_img_5142.jpg\"\/>\r\n\t\t\t\t<\/a>\r\n\t\t\t<\/div>\r\n\t\t<\/div>\r\n\t\t<h4><a class=\"ngg-album-desc\" title=\"Zmagania kolarskie\" href=\"https:\/\/oronsko.org\/?page_id=17&amp;album=3&amp;gallery=26\" >Zmagania kolarskie<\/a><\/h4>\r\n\t\t\t\t<p><strong>7<\/strong> Photos<\/p>\r\n\t\t\t<\/div>\r\n\r\n \t\r\n\t<div class=\"ngg-album-compact\">\r\n\t\t<div class=\"ngg-album-compactbox\">\r\n\t\t\t<div class=\"ngg-album-link\">\r\n\t\t\t\t<a class=\"Link\" href=\"https:\/\/oronsko.org\/?page_id=17&amp;album=3&amp;gallery=25\">\r\n\t\t\t\t\t<img decoding=\"async\" class=\"Thumb\" alt=\"Liga Siatk\u00f3wki II runda\" src=\"https:\/\/oronsko.org\/wp-content\/gallery\/liga-siatkowki-ii-runda\/thumbs\/thumbs_dsc_1502.jpg\"\/>\r\n\t\t\t\t<\/a>\r\n\t\t\t<\/div>\r\n\t\t<\/div>\r\n\t\t<h4><a class=\"ngg-album-desc\" title=\"Liga Siatk\u00f3wki II runda\" href=\"https:\/\/oronsko.org\/?page_id=17&amp;album=3&amp;gallery=25\" >Liga Siatk\u00f3wki II runda<\/a><\/h4>\r\n\t\t\t\t<p><strong>61<\/strong> Photos<\/p>\r\n\t\t\t<\/div>\r\n\r\n \t\r\n\t<div class=\"ngg-album-compact\">\r\n\t\t<div class=\"ngg-album-compactbox\">\r\n\t\t\t<div class=\"ngg-album-link\">\r\n\t\t\t\t<a class=\"Link\" href=\"https:\/\/oronsko.org\/?page_id=17&amp;album=3&amp;gallery=24\">\r\n\t\t\t\t\t<img decoding=\"async\" class=\"Thumb\" alt=\"Nikodem Pop\u0142awski\" src=\"https:\/\/oronsko.org\/wp-content\/gallery\/nikodem-poplawski\/thumbs\/thumbs_dsc_1281.jpg\"\/>\r\n\t\t\t\t<\/a>\r\n\t\t\t<\/div>\r\n\t\t<\/div>\r\n\t\t<h4><a class=\"ngg-album-desc\" title=\"Nikodem Pop\u0142awski\" href=\"https:\/\/oronsko.org\/?page_id=17&amp;album=3&amp;gallery=24\" >Nikodem Pop\u0142awski<\/a><\/h4>\r\n\t\t\t\t<p><strong>28<\/strong> Photos<\/p>\r\n\t\t\t<\/div>\r\n\r\n \t\r\n\t<div class=\"ngg-album-compact\">\r\n\t\t<div class=\"ngg-album-compactbox\">\r\n\t\t\t<div class=\"ngg-album-link\">\r\n\t\t\t\t<a class=\"Link\" href=\"https:\/\/oronsko.org\/?page_id=17&amp;album=3&amp;gallery=23\">\r\n\t\t\t\t\t<img decoding=\"async\" class=\"Thumb\" alt=\"Trzech Kr\u00f3li 2017\" src=\"https:\/\/oronsko.org\/wp-content\/gallery\/trzech-kroli-2017\/thumbs\/thumbs_dsc_1086.jpg\"\/>\r\n\t\t\t\t<\/a>\r\n\t\t\t<\/div>\r\n\t\t<\/div>\r\n\t\t<h4><a class=\"ngg-album-desc\" title=\"Trzech Kr\u00f3li 2017\" href=\"https:\/\/oronsko.org\/?page_id=17&amp;album=3&amp;gallery=23\" >Trzech Kr\u00f3li 2017<\/a><\/h4>\r\n\t\t\t\t<p><strong>11<\/strong> Photos<\/p>\r\n\t\t\t<\/div>\r\n\r\n \t\r\n\t<div class=\"ngg-album-compact\">\r\n\t\t<div class=\"ngg-album-compactbox\">\r\n\t\t\t<div class=\"ngg-album-link\">\r\n\t\t\t\t<a class=\"Link\" href=\"https:\/\/oronsko.org\/?page_id=17&amp;album=3&amp;gallery=22\">\r\n\t\t\t\t\t<img decoding=\"async\" class=\"Thumb\" alt=\"Liga siatk\u00f3wki 2017\" src=\"https:\/\/oronsko.org\/wp-content\/gallery\/liga-siatkowki-2017\/thumbs\/thumbs_dsc_1202.jpg\"\/>\r\n\t\t\t\t<\/a>\r\n\t\t\t<\/div>\r\n\t\t<\/div>\r\n\t\t<h4><a class=\"ngg-album-desc\" title=\"Liga siatk\u00f3wki 2017\" href=\"https:\/\/oronsko.org\/?page_id=17&amp;album=3&amp;gallery=22\" >Liga siatk\u00f3wki 2017<\/a><\/h4>\r\n\t\t\t\t<p><strong>82<\/strong> Photos<\/p>\r\n\t\t\t<\/div>\r\n\r\n \t\r\n\t<div class=\"ngg-album-compact\">\r\n\t\t<div class=\"ngg-album-compactbox\">\r\n\t\t\t<div class=\"ngg-album-link\">\r\n\t\t\t\t<a class=\"Link\" href=\"https:\/\/oronsko.org\/?page_id=17&amp;album=3&amp;gallery=21\">\r\n\t\t\t\t\t<img decoding=\"async\" class=\"Thumb\" alt=\"Pastora\u0142ka Guzowianek\" src=\"https:\/\/oronsko.org\/wp-content\/gallery\/pastoralka-guzowianek\/thumbs\/thumbs_img_20161218_164517.jpg\"\/>\r\n\t\t\t\t<\/a>\r\n\t\t\t<\/div>\r\n\t\t<\/div>\r\n\t\t<h4><a class=\"ngg-album-desc\" title=\"Pastora\u0142ka Guzowianek\" href=\"https:\/\/oronsko.org\/?page_id=17&amp;album=3&amp;gallery=21\" >Pastora\u0142ka Guzowianek<\/a><\/h4>\r\n\t\t\t\t<p><strong>20<\/strong> Photos<\/p>\r\n\t\t\t<\/div>\r\n\r\n \t\r\n\t<div class=\"ngg-album-compact\">\r\n\t\t<div class=\"ngg-album-compactbox\">\r\n\t\t\t<div class=\"ngg-album-link\">\r\n\t\t\t\t<a class=\"Link\" href=\"https:\/\/oronsko.org\/?page_id=17&amp;album=3&amp;gallery=19\">\r\n\t\t\t\t\t<img decoding=\"async\" class=\"Thumb\" alt=\"Bieg Niepodleg\u0142o\u015bci o Konar D\u0119ba Czwartaka 2016\" src=\"https:\/\/oronsko.org\/wp-content\/gallery\/bieg-niepodleglosci-o-konar-deba-czwartaka-2016\/thumbs\/thumbs_img_4740.jpg\"\/>\r\n\t\t\t\t<\/a>\r\n\t\t\t<\/div>\r\n\t\t<\/div>\r\n\t\t<h4><a class=\"ngg-album-desc\" title=\"Bieg Niepodleg\u0142o\u015bci o Konar D\u0119ba Czwartaka 2016\" href=\"https:\/\/oronsko.org\/?page_id=17&amp;album=3&amp;gallery=19\" >Bieg Niepodleg\u0142o\u015bci o Konar D\u0119ba Czwartaka 2016<\/a><\/h4>\r\n\t\t\t\t<p><strong>30<\/strong> Photos<\/p>\r\n\t\t\t<\/div>\r\n\r\n \t\r\n\t<div class=\"ngg-album-compact\">\r\n\t\t<div class=\"ngg-album-compactbox\">\r\n\t\t\t<div class=\"ngg-album-link\">\r\n\t\t\t\t<a class=\"Link\" href=\"https:\/\/oronsko.org\/?page_id=17&amp;album=3&amp;gallery=18\">\r\n\t\t\t\t\t<img decoding=\"async\" class=\"Thumb\" alt=\"Rozstrzygni\u0119cie Konkursu Fotograficznego Regionalne Fascynacje\" src=\"https:\/\/oronsko.org\/wp-content\/gallery\/rozstrzygniecie-konkursu-fotograficznego-regionalne-fascynacje\/thumbs\/thumbs_img_20161105_162456.jpg\"\/>\r\n\t\t\t\t<\/a>\r\n\t\t\t<\/div>\r\n\t\t<\/div>\r\n\t\t<h4><a class=\"ngg-album-desc\" title=\"Rozstrzygni\u0119cie Konkursu Fotograficznego Regionalne Fascynacje\" href=\"https:\/\/oronsko.org\/?page_id=17&amp;album=3&amp;gallery=18\" >Rozstrzygni\u0119cie Konkursu Fotograficznego Regionalne Fascynacje<\/a><\/h4>\r\n\t\t\t\t<p><strong>30<\/strong> Photos<\/p>\r\n\t\t\t<\/div>\r\n\r\n \t\r\n\t<div class=\"ngg-album-compact\">\r\n\t\t<div class=\"ngg-album-compactbox\">\r\n\t\t\t<div class=\"ngg-album-link\">\r\n\t\t\t\t<a class=\"Link\" href=\"https:\/\/oronsko.org\/?page_id=17&amp;album=3&amp;gallery=17\">\r\n\t\t\t\t\t<img decoding=\"async\" class=\"Thumb\" alt=\"Guzowianki-Cz\u0142owiek z pasj\u0105\" src=\"https:\/\/oronsko.org\/wp-content\/gallery\/guzowianki-czlowiek-z-pasja\/thumbs\/thumbs_img_20161028_192336.jpg\"\/>\r\n\t\t\t\t<\/a>\r\n\t\t\t<\/div>\r\n\t\t<\/div>\r\n\t\t<h4><a class=\"ngg-album-desc\" title=\"Guzowianki-Cz\u0142owiek z pasj\u0105\" href=\"https:\/\/oronsko.org\/?page_id=17&amp;album=3&amp;gallery=17\" >Guzowianki-Cz\u0142owiek z pasj\u0105<\/a><\/h4>\r\n\t\t\t\t<p><strong>43<\/strong> Photos<\/p>\r\n\t\t\t<\/div>\r\n\r\n \t\r\n\t<div class=\"ngg-album-compact\">\r\n\t\t<div class=\"ngg-album-compactbox\">\r\n\t\t\t<div class=\"ngg-album-link\">\r\n\t\t\t\t<a class=\"Link\" href=\"https:\/\/oronsko.org\/?page_id=17&amp;album=3&amp;gallery=16\">\r\n\t\t\t\t\t<img decoding=\"async\" class=\"Thumb\" alt=\"Spotkanie z Paw\u0142em Pie\u0144kowskim\" src=\"https:\/\/oronsko.org\/wp-content\/gallery\/spotkanie-z-pawlem-pienkowskim\/thumbs\/thumbs_dsc_9848.jpg\"\/>\r\n\t\t\t\t<\/a>\r\n\t\t\t<\/div>\r\n\t\t<\/div>\r\n\t\t<h4><a class=\"ngg-album-desc\" title=\"Spotkanie z Paw\u0142em Pie\u0144kowskim\" href=\"https:\/\/oronsko.org\/?page_id=17&amp;album=3&amp;gallery=16\" >Spotkanie z Paw\u0142em Pie\u0144kowskim<\/a><\/h4>\r\n\t\t\t\t<p><strong>17<\/strong> Photos<\/p>\r\n\t\t\t<\/div>\r\n\r\n \t\r\n\t<div class=\"ngg-album-compact\">\r\n\t\t<div class=\"ngg-album-compactbox\">\r\n\t\t\t<div class=\"ngg-album-link\">\r\n\t\t\t\t<a class=\"Link\" href=\"https:\/\/oronsko.org\/?page_id=17&amp;album=3&amp;gallery=15\">\r\n\t\t\t\t\t<img decoding=\"async\" class=\"Thumb\" alt=\"Wy\u015bcig Kolarski o Konar D\u0119ba Czwartaka-Jesie\u0144 2016\" src=\"https:\/\/oronsko.org\/wp-content\/gallery\/wyscig-kolarski-o-konar-deba-czwartaka-jesien-2016\/thumbs\/thumbs_dsc_9601.jpg\"\/>\r\n\t\t\t\t<\/a>\r\n\t\t\t<\/div>\r\n\t\t<\/div>\r\n\t\t<h4><a class=\"ngg-album-desc\" title=\"Wy\u015bcig Kolarski o Konar D\u0119ba Czwartaka-Jesie\u0144 2016\" href=\"https:\/\/oronsko.org\/?page_id=17&amp;album=3&amp;gallery=15\" >Wy\u015bcig Kolarski o Konar D\u0119ba Czwartaka-Jesie\u0144 2016<\/a><\/h4>\r\n\t\t\t\t<p><strong>136<\/strong> Photos<\/p>\r\n\t\t\t<\/div>\r\n\r\n \t\r\n\t<div class=\"ngg-album-compact\">\r\n\t\t<div class=\"ngg-album-compactbox\">\r\n\t\t\t<div class=\"ngg-album-link\">\r\n\t\t\t\t<a class=\"Link\" href=\"https:\/\/oronsko.org\/?page_id=17&amp;album=3&amp;gallery=14\">\r\n\t\t\t\t\t<img decoding=\"async\" class=\"Thumb\" alt=\"Lato folkowe\" src=\"https:\/\/oronsko.org\/wp-content\/gallery\/lato-folkowe\/thumbs\/thumbs_dsc_7163.jpg\"\/>\r\n\t\t\t\t<\/a>\r\n\t\t\t<\/div>\r\n\t\t<\/div>\r\n\t\t<h4><a class=\"ngg-album-desc\" title=\"Lato folkowe\" href=\"https:\/\/oronsko.org\/?page_id=17&amp;album=3&amp;gallery=14\" >Lato folkowe<\/a><\/h4>\r\n\t\t\t\t<p><strong>177<\/strong> Photos<\/p>\r\n\t\t\t<\/div>\r\n\r\n \t\r\n\t<div class=\"ngg-album-compact\">\r\n\t\t<div class=\"ngg-album-compactbox\">\r\n\t\t\t<div class=\"ngg-album-link\">\r\n\t\t\t\t<a class=\"Link\" href=\"https:\/\/oronsko.org\/?page_id=17&amp;album=3&amp;gallery=13\">\r\n\t\t\t\t\t<img decoding=\"async\" class=\"Thumb\" alt=\"Robert Kowalik\" src=\"https:\/\/oronsko.org\/wp-content\/gallery\/robert-kowalik\/thumbs\/thumbs_dsc_8700.jpg\"\/>\r\n\t\t\t\t<\/a>\r\n\t\t\t<\/div>\r\n\t\t<\/div>\r\n\t\t<h4><a class=\"ngg-album-desc\" title=\"Robert Kowalik\" href=\"https:\/\/oronsko.org\/?page_id=17&amp;album=3&amp;gallery=13\" >Robert Kowalik<\/a><\/h4>\r\n\t\t\t\t<p><strong>16<\/strong> Photos<\/p>\r\n\t\t\t<\/div>\r\n\r\n \t\r\n\t<div class=\"ngg-album-compact\">\r\n\t\t<div class=\"ngg-album-compactbox\">\r\n\t\t\t<div class=\"ngg-album-link\">\r\n\t\t\t\t<a class=\"Link\" href=\"https:\/\/oronsko.org\/?page_id=17&amp;album=3&amp;gallery=12\">\r\n\t\t\t\t\t<img decoding=\"async\" class=\"Thumb\" alt=\"Kaw\u0119cki\" src=\"https:\/\/oronsko.org\/wp-content\/gallery\/kawecki\/thumbs\/thumbs_dsc_6592.jpg\"\/>\r\n\t\t\t\t<\/a>\r\n\t\t\t<\/div>\r\n\t\t<\/div>\r\n\t\t<h4><a class=\"ngg-album-desc\" title=\"Kaw\u0119cki\" href=\"https:\/\/oronsko.org\/?page_id=17&amp;album=3&amp;gallery=12\" >Kaw\u0119cki<\/a><\/h4>\r\n\t\t\t\t<p><strong>54<\/strong> Photos<\/p>\r\n\t\t\t<\/div>\r\n\r\n \t\r\n\t<div class=\"ngg-album-compact\">\r\n\t\t<div class=\"ngg-album-compactbox\">\r\n\t\t\t<div class=\"ngg-album-link\">\r\n\t\t\t\t<a class=\"Link\" href=\"https:\/\/oronsko.org\/?page_id=17&amp;album=3&amp;gallery=11\">\r\n\t\t\t\t\t<img decoding=\"async\" class=\"Thumb\" alt=\"Dzie\u0144 Sportu\" src=\"https:\/\/oronsko.org\/wp-content\/gallery\/dzien-sportu\/thumbs\/thumbs_dsc_8240.jpg\"\/>\r\n\t\t\t\t<\/a>\r\n\t\t\t<\/div>\r\n\t\t<\/div>\r\n\t\t<h4><a class=\"ngg-album-desc\" title=\"Dzie\u0144 Sportu\" href=\"https:\/\/oronsko.org\/?page_id=17&amp;album=3&amp;gallery=11\" >Dzie\u0144 Sportu<\/a><\/h4>\r\n\t\t\t\t<p><strong>195<\/strong> Photos<\/p>\r\n\t\t\t<\/div>\r\n\r\n \t\r\n\t<div class=\"ngg-album-compact\">\r\n\t\t<div class=\"ngg-album-compactbox\">\r\n\t\t\t<div class=\"ngg-album-link\">\r\n\t\t\t\t<a class=\"Link\" href=\"https:\/\/oronsko.org\/?page_id=17&amp;album=3&amp;gallery=10\">\r\n\t\t\t\t\t<img decoding=\"async\" class=\"Thumb\" alt=\"Guz\u00f3w - Zielony D\u0105b\" src=\"https:\/\/oronsko.org\/wp-content\/gallery\/guzow-zielony-dab\/thumbs\/thumbs_dsc_7854.jpg\"\/>\r\n\t\t\t\t<\/a>\r\n\t\t\t<\/div>\r\n\t\t<\/div>\r\n\t\t<h4><a class=\"ngg-album-desc\" title=\"Guz\u00f3w - Zielony D\u0105b\" href=\"https:\/\/oronsko.org\/?page_id=17&amp;album=3&amp;gallery=10\" >Guz\u00f3w - Zielony D\u0105b<\/a><\/h4>\r\n\t\t\t\t<p><strong>62<\/strong> Photos<\/p>\r\n\t\t\t<\/div>\r\n\r\n \t\r\n\t<div class=\"ngg-album-compact\">\r\n\t\t<div class=\"ngg-album-compactbox\">\r\n\t\t\t<div class=\"ngg-album-link\">\r\n\t\t\t\t<a class=\"Link\" href=\"https:\/\/oronsko.org\/?page_id=17&amp;album=3&amp;gallery=9\">\r\n\t\t\t\t\t<img decoding=\"async\" class=\"Thumb\" alt=\"50 - lecie Oro\u0144ki\" src=\"https:\/\/oronsko.org\/wp-content\/gallery\/50-lecie-oronki\/thumbs\/thumbs_dsc_8546.jpg\"\/>\r\n\t\t\t\t<\/a>\r\n\t\t\t<\/div>\r\n\t\t<\/div>\r\n\t\t<h4><a class=\"ngg-album-desc\" title=\"50 - lecie Oro\u0144ki\" href=\"https:\/\/oronsko.org\/?page_id=17&amp;album=3&amp;gallery=9\" >50 - lecie Oro\u0144ki<\/a><\/h4>\r\n\t\t\t\t<p><strong>148<\/strong> Photos<\/p>\r\n\t\t\t<\/div>\r\n\r\n \t\r\n\t<div class=\"ngg-album-compact\">\r\n\t\t<div class=\"ngg-album-compactbox\">\r\n\t\t\t<div class=\"ngg-album-link\">\r\n\t\t\t\t<a class=\"Link\" href=\"https:\/\/oronsko.org\/?page_id=17&amp;album=3&amp;gallery=8\">\r\n\t\t\t\t\t<img decoding=\"async\" class=\"Thumb\" alt=\"CRP jesie\u0144\" src=\"https:\/\/oronsko.org\/wp-content\/gallery\/crp-jesien\/thumbs\/thumbs_dsc_8304.jpg\"\/>\r\n\t\t\t\t<\/a>\r\n\t\t\t<\/div>\r\n\t\t<\/div>\r\n\t\t<h4><a class=\"ngg-album-desc\" title=\"CRP jesie\u0144\" href=\"https:\/\/oronsko.org\/?page_id=17&amp;album=3&amp;gallery=8\" >CRP jesie\u0144<\/a><\/h4>\r\n\t\t\t\t<p><strong>15<\/strong> Photos<\/p>\r\n\t\t\t<\/div>\r\n\r\n \t\r\n\t<div class=\"ngg-album-compact\">\r\n\t\t<div class=\"ngg-album-compactbox\">\r\n\t\t\t<div class=\"ngg-album-link\">\r\n\t\t\t\t<a class=\"Link\" href=\"https:\/\/oronsko.org\/?page_id=17&amp;album=3&amp;gallery=7\">\r\n\t\t\t\t\t<img decoding=\"async\" class=\"Thumb\" alt=\"Archeologia\" src=\"https:\/\/oronsko.org\/wp-content\/gallery\/archeologia\/thumbs\/thumbs_dsc_8831.jpg\"\/>\r\n\t\t\t\t<\/a>\r\n\t\t\t<\/div>\r\n\t\t<\/div>\r\n\t\t<h4><a class=\"ngg-album-desc\" title=\"Archeologia\" href=\"https:\/\/oronsko.org\/?page_id=17&amp;album=3&amp;gallery=7\" >Archeologia<\/a><\/h4>\r\n\t\t\t\t<p><strong>14<\/strong> Photos<\/p>\r\n\t\t\t<\/div>\r\n\r\n \t\r\n\t<div class=\"ngg-album-compact\">\r\n\t\t<div class=\"ngg-album-compactbox\">\r\n\t\t\t<div class=\"ngg-album-link\">\r\n\t\t\t\t<a class=\"Link\" href=\"https:\/\/oronsko.org\/?page_id=17&amp;album=3&amp;gallery=6\">\r\n\t\t\t\t\t<img decoding=\"async\" class=\"Thumb\" alt=\"Wy\u015bcig rowerowy 2016\" src=\"https:\/\/oronsko.org\/wp-content\/gallery\/wyscig-rowerowy-2016\/thumbs\/thumbs_dsc_6437.jpg\"\/>\r\n\t\t\t\t<\/a>\r\n\t\t\t<\/div>\r\n\t\t<\/div>\r\n\t\t<h4><a class=\"ngg-album-desc\" title=\"Wy\u015bcig rowerowy 2016\" href=\"https:\/\/oronsko.org\/?page_id=17&amp;album=3&amp;gallery=6\" >Wy\u015bcig rowerowy 2016<\/a><\/h4>\r\n\t\t\t\t<p><strong>14<\/strong> Photos<\/p>\r\n\t\t\t<\/div>\r\n\r\n \t\r\n\t<div class=\"ngg-album-compact\">\r\n\t\t<div class=\"ngg-album-compactbox\">\r\n\t\t\t<div class=\"ngg-album-link\">\r\n\t\t\t\t<a class=\"Link\" href=\"https:\/\/oronsko.org\/?page_id=17&amp;album=3&amp;gallery=5\">\r\n\t\t\t\t\t<img decoding=\"async\" class=\"Thumb\" alt=\"Spotkanie z Kowalikiem\" src=\"https:\/\/oronsko.org\/wp-content\/gallery\/spotkanie-z-kowalikiem\/thumbs\/thumbs_dsc_8647.jpg\"\/>\r\n\t\t\t\t<\/a>\r\n\t\t\t<\/div>\r\n\t\t<\/div>\r\n\t\t<h4><a class=\"ngg-album-desc\" title=\"Spotkanie z Kowalikiem\" href=\"https:\/\/oronsko.org\/?page_id=17&amp;album=3&amp;gallery=5\" >Spotkanie z Kowalikiem<\/a><\/h4>\r\n\t\t\t\t<p><strong>11<\/strong> Photos<\/p>\r\n\t\t\t<\/div>\r\n\r\n \t\r\n\t<div class=\"ngg-album-compact\">\r\n\t\t<div class=\"ngg-album-compactbox\">\r\n\t\t\t<div class=\"ngg-album-link\">\r\n\t\t\t\t<a class=\"Link\" href=\"https:\/\/oronsko.org\/?page_id=17&amp;album=3&amp;gallery=4\">\r\n\t\t\t\t\t<img decoding=\"async\" class=\"Thumb\" alt=\"Spotkanie z Kaw\u0119ckim\" src=\"https:\/\/oronsko.org\/wp-content\/gallery\/spotkanie-z-kaweckim\/thumbs\/thumbs_dsc_6589.jpg\"\/>\r\n\t\t\t\t<\/a>\r\n\t\t\t<\/div>\r\n\t\t<\/div>\r\n\t\t<h4><a class=\"ngg-album-desc\" title=\"Spotkanie z Kaw\u0119ckim\" href=\"https:\/\/oronsko.org\/?page_id=17&amp;album=3&amp;gallery=4\" >Spotkanie z Kaw\u0119ckim<\/a><\/h4>\r\n\t\t\t\t<p><strong>12<\/strong> Photos<\/p>\r\n\t\t\t<\/div>\r\n\r\n \t\r\n\t<div class=\"ngg-album-compact\">\r\n\t\t<div class=\"ngg-album-compactbox\">\r\n\t\t\t<div class=\"ngg-album-link\">\r\n\t\t\t\t<a class=\"Link\" href=\"https:\/\/oronsko.org\/?page_id=17&amp;album=3&amp;gallery=3\">\r\n\t\t\t\t\t<img decoding=\"async\" class=\"Thumb\" alt=\"Lato folkowe 2016\" src=\"https:\/\/oronsko.org\/wp-content\/gallery\/lato-folkowe-2016\/thumbs\/thumbs_dsc_7161.jpg\"\/>\r\n\t\t\t\t<\/a>\r\n\t\t\t<\/div>\r\n\t\t<\/div>\r\n\t\t<h4><a class=\"ngg-album-desc\" title=\"Lato folkowe 2016\" href=\"https:\/\/oronsko.org\/?page_id=17&amp;album=3&amp;gallery=3\" >Lato folkowe 2016<\/a><\/h4>\r\n\t\t\t\t<p><strong>16<\/strong> Photos<\/p>\r\n\t\t\t<\/div>\r\n\r\n \t\r\n\t<div class=\"ngg-album-compact\">\r\n\t\t<div class=\"ngg-album-compactbox\">\r\n\t\t\t<div class=\"ngg-album-link\">\r\n\t\t\t\t<a class=\"Link\" href=\"https:\/\/oronsko.org\/?page_id=17&amp;album=3&amp;gallery=2\">\r\n\t\t\t\t\t<img decoding=\"async\" class=\"Thumb\" alt=\"Koncert 2016\" src=\"https:\/\/oronsko.org\/wp-content\/gallery\/koncert-2016\/thumbs\/thumbs_dsc_7264.jpg\"\/>\r\n\t\t\t\t<\/a>\r\n\t\t\t<\/div>\r\n\t\t<\/div>\r\n\t\t<h4><a class=\"ngg-album-desc\" title=\"Koncert 2016\" href=\"https:\/\/oronsko.org\/?page_id=17&amp;album=3&amp;gallery=2\" >Koncert 2016<\/a><\/h4>\r\n\t\t\t\t<p><strong>21<\/strong> Photos<\/p>\r\n\t\t\t<\/div>\r\n\r\n \t\r\n\t<div class=\"ngg-album-compact\">\r\n\t\t<div class=\"ngg-album-compactbox\">\r\n\t\t\t<div class=\"ngg-album-link\">\r\n\t\t\t\t<a class=\"Link\" href=\"https:\/\/oronsko.org\/?page_id=17&amp;album=3&amp;gallery=1\">\r\n\t\t\t\t\t<img decoding=\"async\" class=\"Thumb\" alt=\"II Rajd Rowerowy 2016\" src=\"https:\/\/oronsko.org\/wp-content\/gallery\/ii-rajd-rowerowy-2016\/thumbs\/thumbs_dsc_6887.jpg\"\/>\r\n\t\t\t\t<\/a>\r\n\t\t\t<\/div>\r\n\t\t<\/div>\r\n\t\t<h4><a class=\"ngg-album-desc\" title=\"II Rajd Rowerowy 2016\" href=\"https:\/\/oronsko.org\/?page_id=17&amp;album=3&amp;gallery=1\" >II Rajd Rowerowy 2016<\/a><\/h4>\r\n\t\t\t\t<p><strong>24<\/strong> Photos<\/p>\r\n\t\t\t<\/div>\r\n\r\n \t\r\n\t<!-- Pagination -->\r\n \t<div class=\"ngg-clear\"><\/div><\/div>\r\n\r\n\n","protected":false},"excerpt":{"rendered":"","protected":false},"author":1,"featured_media":0,"parent":0,"menu_order":15,"comment_status":"closed","ping_status":"closed","template":"","meta":{"footnotes":""},"class_list":["post-17","page","type-page","status-publish","hentry"],"yoast_head":"<!-- This site is optimized with the Yoast SEO plugin v26.8 - https:\/\/yoast.com\/product\/yoast-seo-wordpress\/ -->\n<title>Galeria - Stowarzyszenie Odnowy i Rozwoju Gminy Oro\u0144sko<\/title>\n<meta name=\"robots\" content=\"index, follow, max-snippet:-1, max-image-preview:large, max-video-preview:-1\" \/>\n<link rel=\"canonical\" href=\"https:\/\/oronsko.org\/?page_id=17\" \/>\n<meta property=\"og:locale\" content=\"pl_PL\" \/>\n<meta property=\"og:type\" content=\"article\" \/>\n<meta property=\"og:title\" content=\"Galeria - Stowarzyszenie Odnowy i Rozwoju Gminy Oro\u0144sko\" \/>\n<meta property=\"og:url\" content=\"https:\/\/oronsko.org\/?page_id=17\" \/>\n<meta property=\"og:site_name\" content=\"Stowarzyszenie Odnowy i Rozwoju Gminy Oro\u0144sko\" \/>\n<meta property=\"article:modified_time\" content=\"2022-05-24T17:55:56+00:00\" \/>\n<meta name=\"twitter:card\" content=\"summary_large_image\" \/>\n<script type=\"application\/ld+json\" class=\"yoast-schema-graph\">{\"@context\":\"https:\/\/schema.org\",\"@graph\":[{\"@type\":\"WebPage\",\"@id\":\"https:\/\/oronsko.org\/?page_id=17\",\"url\":\"https:\/\/oronsko.org\/?page_id=17\",\"name\":\"Galeria - Stowarzyszenie Odnowy i Rozwoju Gminy Oro\u0144sko\",\"isPartOf\":{\"@id\":\"https:\/\/oronsko.org\/#website\"},\"datePublished\":\"2016-08-30T18:50:18+00:00\",\"dateModified\":\"2022-05-24T17:55:56+00:00\",\"breadcrumb\":{\"@id\":\"https:\/\/oronsko.org\/?page_id=17#breadcrumb\"},\"inLanguage\":\"pl-PL\",\"potentialAction\":[{\"@type\":\"ReadAction\",\"target\":[\"https:\/\/oronsko.org\/?page_id=17\"]}]},{\"@type\":\"BreadcrumbList\",\"@id\":\"https:\/\/oronsko.org\/?page_id=17#breadcrumb\",\"itemListElement\":[{\"@type\":\"ListItem\",\"position\":1,\"name\":\"Strona g\u0142\u00f3wna\",\"item\":\"https:\/\/oronsko.org\/\"},{\"@type\":\"ListItem\",\"position\":2,\"name\":\"Galeria\"}]},{\"@type\":\"WebSite\",\"@id\":\"https:\/\/oronsko.org\/#website\",\"url\":\"https:\/\/oronsko.org\/\",\"name\":\"Stowarzyszenie Odnowy i Rozwoju Gminy Oro\u0144sko\",\"description\":\"\",\"potentialAction\":[{\"@type\":\"SearchAction\",\"target\":{\"@type\":\"EntryPoint\",\"urlTemplate\":\"https:\/\/oronsko.org\/?s={search_term_string}\"},\"query-input\":{\"@type\":\"PropertyValueSpecification\",\"valueRequired\":true,\"valueName\":\"search_term_string\"}}],\"inLanguage\":\"pl-PL\"}]}<\/script>\n<!-- \/ Yoast SEO plugin. -->","yoast_head_json":{"title":"Galeria - Stowarzyszenie Odnowy i Rozwoju Gminy Oro\u0144sko","robots":{"index":"index","follow":"follow","max-snippet":"max-snippet:-1","max-image-preview":"max-image-preview:large","max-video-preview":"max-video-preview:-1"},"canonical":"https:\/\/oronsko.org\/?page_id=17","og_locale":"pl_PL","og_type":"article","og_title":"Galeria - Stowarzyszenie Odnowy i Rozwoju Gminy Oro\u0144sko","og_url":"https:\/\/oronsko.org\/?page_id=17","og_site_name":"Stowarzyszenie Odnowy i Rozwoju Gminy Oro\u0144sko","article_modified_time":"2022-05-24T17:55:56+00:00","twitter_card":"summary_large_image","schema":{"@context":"https:\/\/schema.org","@graph":[{"@type":"WebPage","@id":"https:\/\/oronsko.org\/?page_id=17","url":"https:\/\/oronsko.org\/?page_id=17","name":"Galeria - Stowarzyszenie Odnowy i Rozwoju Gminy Oro\u0144sko","isPartOf":{"@id":"https:\/\/oronsko.org\/#website"},"datePublished":"2016-08-30T18:50:18+00:00","dateModified":"2022-05-24T17:55:56+00:00","breadcrumb":{"@id":"https:\/\/oronsko.org\/?page_id=17#breadcrumb"},"inLanguage":"pl-PL","potentialAction":[{"@type":"ReadAction","target":["https:\/\/oronsko.org\/?page_id=17"]}]},{"@type":"BreadcrumbList","@id":"https:\/\/oronsko.org\/?page_id=17#breadcrumb","itemListElement":[{"@type":"ListItem","position":1,"name":"Strona g\u0142\u00f3wna","item":"https:\/\/oronsko.org\/"},{"@type":"ListItem","position":2,"name":"Galeria"}]},{"@type":"WebSite","@id":"https:\/\/oronsko.org\/#website","url":"https:\/\/oronsko.org\/","name":"Stowarzyszenie Odnowy i Rozwoju Gminy Oro\u0144sko","description":"","potentialAction":[{"@type":"SearchAction","target":{"@type":"EntryPoint","urlTemplate":"https:\/\/oronsko.org\/?s={search_term_string}"},"query-input":{"@type":"PropertyValueSpecification","valueRequired":true,"valueName":"search_term_string"}}],"inLanguage":"pl-PL"}]}},"_links":{"self":[{"href":"https:\/\/oronsko.org\/index.php?rest_route=\/wp\/v2\/pages\/17","targetHints":{"allow":["GET"]}}],"collection":[{"href":"https:\/\/oronsko.org\/index.php?rest_route=\/wp\/v2\/pages"}],"about":[{"href":"https:\/\/oronsko.org\/index.php?rest_route=\/wp\/v2\/types\/page"}],"author":[{"embeddable":true,"href":"https:\/\/oronsko.org\/index.php?rest_route=\/wp\/v2\/users\/1"}],"replies":[{"embeddable":true,"href":"https:\/\/oronsko.org\/index.php?rest_route=%2Fwp%2Fv2%2Fcomments&post=17"}],"version-history":[{"count":3,"href":"https:\/\/oronsko.org\/index.php?rest_route=\/wp\/v2\/pages\/17\/revisions"}],"predecessor-version":[{"id":298,"href":"https:\/\/oronsko.org\/index.php?rest_route=\/wp\/v2\/pages\/17\/revisions\/298"}],"wp:attachment":[{"href":"https:\/\/oronsko.org\/index.php?rest_route=%2Fwp%2Fv2%2Fmedia&parent=17"}],"curies":[{"name":"wp","href":"https:\/\/api.w.org\/{rel}","templated":true}]}}